{"id":1577,"date":"2025-06-11T17:06:44","date_gmt":"2025-06-11T16:06:44","guid":{"rendered":"https:\/\/maissilva.com\/?page_id=1577"},"modified":"2025-11-22T16:06:08","modified_gmt":"2025-11-22T16:06:08","slug":"virginia-mota","status":"publish","type":"page","link":"https:\/\/maissilva.com\/en\/virginia-mota\/","title":{"rendered":"VIRG\u00cdNIA MOTA"},"content":{"rendered":"<div style=\"height:10px\" aria-hidden=\"true\" class=\"wp-block-spacer\"><\/div>\n\n\n\n<div class=\"wp-block-columns is-layout-flex wp-container-core-columns-is-layout-7387b849 wp-block-columns-is-layout-flex\">\n<div class=\"wp-block-column is-layout-flow wp-block-column-is-layout-flow\" style=\"flex-basis:15%\">\n<div style=\"height:40px\" aria-hidden=\"true\" class=\"wp-block-spacer\"><\/div>\n<\/div>\n\n\n\n<div class=\"wp-block-column is-layout-flow wp-block-column-is-layout-flow\" style=\"flex-basis:66.66%\">\n<figure class=\"wp-block-gallery has-nested-images columns-default is-cropped wp-block-gallery-1 is-layout-flex wp-block-gallery-is-layout-flex\">\n<figure class=\"wp-block-image size-full\"><img data-recalc-dims=\"1\" loading=\"lazy\" decoding=\"async\" width=\"2048\" height=\"1536\" data-attachment-id=\"1916\" data-permalink=\"https:\/\/maissilva.com\/en\/cf115304-2\/\" data-orig-file=\"https:\/\/i0.wp.com\/maissilva.com\/wp-content\/uploads\/2025\/06\/CF115304-1.jpg?fit=2048%2C1536&amp;ssl=1\" data-orig-size=\"2048,1536\" data-comments-opened=\"0\" data-image-meta=\"{&quot;aperture&quot;:&quot;0&quot;,&quot;credit&quot;:&quot;&quot;,&quot;camera&quot;:&quot;&quot;,&quot;caption&quot;:&quot;&quot;,&quot;created_timestamp&quot;:&quot;0&quot;,&quot;copyright&quot;:&quot;&quot;,&quot;focal_length&quot;:&quot;0&quot;,&quot;iso&quot;:&quot;0&quot;,&quot;shutter_speed&quot;:&quot;0&quot;,&quot;title&quot;:&quot;&quot;,&quot;orientation&quot;:&quot;0&quot;}\" data-image-title=\"&amp;#8220;Ambar&amp;#8221;, Exposi\u00e7\u00e3o Coletiva\" data-image-description=\"&lt;p&gt;Rudi Brito, Henrique Loja, Martinha Maia, Virg\u00ednia Mota, Francisco Pedro Oliveira, Fernando Travassos, Andreia Santana, Ye Xe&lt;\/p&gt;&lt;p&gt;Curadoria: Hugo Canoilas&lt;\/p&gt;&lt;p&gt;MAIS SILVA GALLERY, Porto (PT), 2025.&lt;\/p&gt;&lt;p&gt;\u00a9 Filipe Braga&lt;\/p&gt;\" data-image-caption=\"\" data-large-file=\"https:\/\/i0.wp.com\/maissilva.com\/wp-content\/uploads\/2025\/06\/CF115304-1.jpg?fit=1024%2C768&amp;ssl=1\" data-id=\"1916\" src=\"https:\/\/i0.wp.com\/maissilva.com\/wp-content\/uploads\/2025\/06\/CF115304-1.jpg?resize=2048%2C1536&#038;ssl=1\" alt=\"\" class=\"wp-image-1916\" srcset=\"https:\/\/i0.wp.com\/maissilva.com\/wp-content\/uploads\/2025\/06\/CF115304-1.jpg?w=2048&amp;ssl=1 2048w, https:\/\/i0.wp.com\/maissilva.com\/wp-content\/uploads\/2025\/06\/CF115304-1.jpg?resize=300%2C225&amp;ssl=1 300w, https:\/\/i0.wp.com\/maissilva.com\/wp-content\/uploads\/2025\/06\/CF115304-1.jpg?resize=1024%2C768&amp;ssl=1 1024w, https:\/\/i0.wp.com\/maissilva.com\/wp-content\/uploads\/2025\/06\/CF115304-1.jpg?resize=768%2C576&amp;ssl=1 768w, https:\/\/i0.wp.com\/maissilva.com\/wp-content\/uploads\/2025\/06\/CF115304-1.jpg?resize=1536%2C1152&amp;ssl=1 1536w, https:\/\/i0.wp.com\/maissilva.com\/wp-content\/uploads\/2025\/06\/CF115304-1.jpg?resize=16%2C12&amp;ssl=1 16w\" sizes=\"auto, (max-width: 1000px) 100vw, 1000px\" \/><\/figure>\n\n\n\n<figure class=\"wp-block-image size-full\"><img data-recalc-dims=\"1\" loading=\"lazy\" decoding=\"async\" width=\"4032\" height=\"3024\" data-attachment-id=\"1582\" data-permalink=\"https:\/\/maissilva.com\/en\/virginia-mota\/img_8686\/\" data-orig-file=\"https:\/\/i0.wp.com\/maissilva.com\/wp-content\/uploads\/2025\/04\/IMG_8686.jpg?fit=4032%2C3024&amp;ssl=1\" data-orig-size=\"4032,3024\" data-comments-opened=\"0\" data-image-meta=\"{&quot;aperture&quot;:&quot;1.8&quot;,&quot;credit&quot;:&quot;&quot;,&quot;camera&quot;:&quot;iPhone 8&quot;,&quot;caption&quot;:&quot;&quot;,&quot;created_timestamp&quot;:&quot;1649496759&quot;,&quot;copyright&quot;:&quot;&quot;,&quot;focal_length&quot;:&quot;3.99&quot;,&quot;iso&quot;:&quot;40&quot;,&quot;shutter_speed&quot;:&quot;0.05&quot;,&quot;title&quot;:&quot;&quot;,&quot;orientation&quot;:&quot;1&quot;}\" data-image-title=\"&amp;#8220;Tisanas, infus\u00f5es para tempos pr\u00f3ximos&amp;#8221;, Virg\u00ednia Mota\" data-image-description=\"&lt;p&gt;Curadoria: Maria do Mar Fazenda. Funda\u00e7\u00e3o Eug\u00e9nio de Almeida, \u00c9vora (PT), 2022.&lt;\/p&gt;&lt;p&gt;\u00a9 Funda\u00e7\u00e3o Eug\u00e9nio de Almeida&lt;\/p&gt;\" data-image-caption=\"\" data-large-file=\"https:\/\/i0.wp.com\/maissilva.com\/wp-content\/uploads\/2025\/04\/IMG_8686.jpg?fit=1024%2C768&amp;ssl=1\" data-id=\"1582\" src=\"https:\/\/i0.wp.com\/maissilva.com\/wp-content\/uploads\/2025\/04\/IMG_8686.jpg?resize=4032%2C3024&#038;ssl=1\" alt=\"\" class=\"wp-image-1582\" srcset=\"https:\/\/i0.wp.com\/maissilva.com\/wp-content\/uploads\/2025\/04\/IMG_8686.jpg?w=4032&amp;ssl=1 4032w, https:\/\/i0.wp.com\/maissilva.com\/wp-content\/uploads\/2025\/04\/IMG_8686.jpg?resize=300%2C225&amp;ssl=1 300w, https:\/\/i0.wp.com\/maissilva.com\/wp-content\/uploads\/2025\/04\/IMG_8686.jpg?resize=1024%2C768&amp;ssl=1 1024w, https:\/\/i0.wp.com\/maissilva.com\/wp-content\/uploads\/2025\/04\/IMG_8686.jpg?resize=768%2C576&amp;ssl=1 768w, https:\/\/i0.wp.com\/maissilva.com\/wp-content\/uploads\/2025\/04\/IMG_8686.jpg?resize=1536%2C1152&amp;ssl=1 1536w, https:\/\/i0.wp.com\/maissilva.com\/wp-content\/uploads\/2025\/04\/IMG_8686.jpg?resize=2048%2C1536&amp;ssl=1 2048w, https:\/\/i0.wp.com\/maissilva.com\/wp-content\/uploads\/2025\/04\/IMG_8686.jpg?resize=16%2C12&amp;ssl=1 16w, https:\/\/i0.wp.com\/maissilva.com\/wp-content\/uploads\/2025\/04\/IMG_8686.jpg?resize=1200%2C900&amp;ssl=1 1200w, https:\/\/i0.wp.com\/maissilva.com\/wp-content\/uploads\/2025\/04\/IMG_8686.jpg?resize=800%2C600&amp;ssl=1 800w, https:\/\/i0.wp.com\/maissilva.com\/wp-content\/uploads\/2025\/04\/IMG_8686.jpg?resize=600%2C450&amp;ssl=1 600w, https:\/\/i0.wp.com\/maissilva.com\/wp-content\/uploads\/2025\/04\/IMG_8686.jpg?resize=400%2C300&amp;ssl=1 400w, https:\/\/i0.wp.com\/maissilva.com\/wp-content\/uploads\/2025\/04\/IMG_8686.jpg?resize=200%2C150&amp;ssl=1 200w, https:\/\/i0.wp.com\/maissilva.com\/wp-content\/uploads\/2025\/04\/IMG_8686.jpg?w=3000&amp;ssl=1 3000w\" sizes=\"auto, (max-width: 1000px) 100vw, 1000px\" \/><\/figure>\n\n\n\n<figure class=\"wp-block-image size-full\"><img data-recalc-dims=\"1\" loading=\"lazy\" decoding=\"async\" width=\"6496\" height=\"4330\" data-attachment-id=\"2847\" data-permalink=\"https:\/\/maissilva.com\/en\/virginia-mota\/virginia-mota-8\/\" data-orig-file=\"https:\/\/i0.wp.com\/maissilva.com\/wp-content\/uploads\/2025\/07\/Virginia-Mota-8.jpg?fit=6496%2C4330&amp;ssl=1\" data-orig-size=\"6496,4330\" data-comments-opened=\"0\" data-image-meta=\"{&quot;aperture&quot;:&quot;0&quot;,&quot;credit&quot;:&quot;&quot;,&quot;camera&quot;:&quot;&quot;,&quot;caption&quot;:&quot;&quot;,&quot;created_timestamp&quot;:&quot;0&quot;,&quot;copyright&quot;:&quot;&quot;,&quot;focal_length&quot;:&quot;0&quot;,&quot;iso&quot;:&quot;0&quot;,&quot;shutter_speed&quot;:&quot;0&quot;,&quot;title&quot;:&quot;&quot;,&quot;orientation&quot;:&quot;0&quot;}\" data-image-title=\"&amp;#8220;Tisanas, infus\u00f5es para tempos pr\u00f3ximos&amp;#8221;, Virg\u00ednia Mota\" data-image-description=\"&lt;p&gt;Curadoria: Maria do Mar Fazenda. Funda\u00e7\u00e3o Eug\u00e9nio de Almeida, \u00c9vora (PT), 2022.&lt;\/p&gt;&lt;p&gt;\u00a9 Funda\u00e7\u00e3o Eug\u00e9nio de Almeida&lt;\/p&gt;\" data-image-caption=\"\" data-large-file=\"https:\/\/i0.wp.com\/maissilva.com\/wp-content\/uploads\/2025\/07\/Virginia-Mota-8.jpg?fit=1024%2C683&amp;ssl=1\" data-id=\"2847\" src=\"https:\/\/i0.wp.com\/maissilva.com\/wp-content\/uploads\/2025\/07\/Virginia-Mota-8.jpg?resize=6496%2C4330&#038;ssl=1\" alt=\"\" class=\"wp-image-2847\" srcset=\"https:\/\/i0.wp.com\/maissilva.com\/wp-content\/uploads\/2025\/07\/Virginia-Mota-8.jpg?w=6496&amp;ssl=1 6496w, https:\/\/i0.wp.com\/maissilva.com\/wp-content\/uploads\/2025\/07\/Virginia-Mota-8.jpg?resize=300%2C200&amp;ssl=1 300w, https:\/\/i0.wp.com\/maissilva.com\/wp-content\/uploads\/2025\/07\/Virginia-Mota-8.jpg?resize=1024%2C683&amp;ssl=1 1024w, https:\/\/i0.wp.com\/maissilva.com\/wp-content\/uploads\/2025\/07\/Virginia-Mota-8.jpg?resize=768%2C512&amp;ssl=1 768w, https:\/\/i0.wp.com\/maissilva.com\/wp-content\/uploads\/2025\/07\/Virginia-Mota-8.jpg?resize=1536%2C1024&amp;ssl=1 1536w, https:\/\/i0.wp.com\/maissilva.com\/wp-content\/uploads\/2025\/07\/Virginia-Mota-8.jpg?resize=2048%2C1365&amp;ssl=1 2048w, https:\/\/i0.wp.com\/maissilva.com\/wp-content\/uploads\/2025\/07\/Virginia-Mota-8.jpg?resize=18%2C12&amp;ssl=1 18w, https:\/\/i0.wp.com\/maissilva.com\/wp-content\/uploads\/2025\/07\/Virginia-Mota-8.jpg?resize=1200%2C800&amp;ssl=1 1200w, https:\/\/i0.wp.com\/maissilva.com\/wp-content\/uploads\/2025\/07\/Virginia-Mota-8.jpg?w=3000&amp;ssl=1 3000w\" sizes=\"auto, (max-width: 1000px) 100vw, 1000px\" \/><\/figure>\n\n\n\n<figure class=\"wp-block-image size-full\"><img data-recalc-dims=\"1\" loading=\"lazy\" decoding=\"async\" width=\"6496\" height=\"4331\" data-attachment-id=\"2848\" data-permalink=\"https:\/\/maissilva.com\/en\/virginia-mota\/virginia-mota-7\/\" data-orig-file=\"https:\/\/i0.wp.com\/maissilva.com\/wp-content\/uploads\/2025\/07\/Virginia-Mota-7.jpg?fit=6496%2C4331&amp;ssl=1\" data-orig-size=\"6496,4331\" data-comments-opened=\"0\" data-image-meta=\"{&quot;aperture&quot;:&quot;0&quot;,&quot;credit&quot;:&quot;&quot;,&quot;camera&quot;:&quot;&quot;,&quot;caption&quot;:&quot;&quot;,&quot;created_timestamp&quot;:&quot;0&quot;,&quot;copyright&quot;:&quot;&quot;,&quot;focal_length&quot;:&quot;0&quot;,&quot;iso&quot;:&quot;0&quot;,&quot;shutter_speed&quot;:&quot;0&quot;,&quot;title&quot;:&quot;&quot;,&quot;orientation&quot;:&quot;0&quot;}\" data-image-title=\"&amp;#8220;Tisanas, infus\u00f5es para tempos pr\u00f3ximos&amp;#8221;, Virg\u00ednia Mota\" data-image-description=\"&lt;p&gt;Curadoria: Maria do Mar Fazenda. Funda\u00e7\u00e3o Eug\u00e9nio de Almeida, \u00c9vora (PT), 2022.&lt;\/p&gt;&lt;p&gt;\u00a9 Funda\u00e7\u00e3o Eug\u00e9nio de Almeida&lt;\/p&gt;\" data-image-caption=\"\" data-large-file=\"https:\/\/i0.wp.com\/maissilva.com\/wp-content\/uploads\/2025\/07\/Virginia-Mota-7.jpg?fit=1024%2C683&amp;ssl=1\" data-id=\"2848\" src=\"https:\/\/i0.wp.com\/maissilva.com\/wp-content\/uploads\/2025\/07\/Virginia-Mota-7.jpg?resize=6496%2C4331&#038;ssl=1\" alt=\"\" class=\"wp-image-2848\" srcset=\"https:\/\/i0.wp.com\/maissilva.com\/wp-content\/uploads\/2025\/07\/Virginia-Mota-7.jpg?w=6496&amp;ssl=1 6496w, https:\/\/i0.wp.com\/maissilva.com\/wp-content\/uploads\/2025\/07\/Virginia-Mota-7.jpg?resize=300%2C200&amp;ssl=1 300w, https:\/\/i0.wp.com\/maissilva.com\/wp-content\/uploads\/2025\/07\/Virginia-Mota-7.jpg?resize=1024%2C683&amp;ssl=1 1024w, https:\/\/i0.wp.com\/maissilva.com\/wp-content\/uploads\/2025\/07\/Virginia-Mota-7.jpg?resize=768%2C512&amp;ssl=1 768w, https:\/\/i0.wp.com\/maissilva.com\/wp-content\/uploads\/2025\/07\/Virginia-Mota-7.jpg?resize=1536%2C1024&amp;ssl=1 1536w, https:\/\/i0.wp.com\/maissilva.com\/wp-content\/uploads\/2025\/07\/Virginia-Mota-7.jpg?resize=2048%2C1365&amp;ssl=1 2048w, https:\/\/i0.wp.com\/maissilva.com\/wp-content\/uploads\/2025\/07\/Virginia-Mota-7.jpg?resize=18%2C12&amp;ssl=1 18w, https:\/\/i0.wp.com\/maissilva.com\/wp-content\/uploads\/2025\/07\/Virginia-Mota-7.jpg?resize=1200%2C800&amp;ssl=1 1200w, https:\/\/i0.wp.com\/maissilva.com\/wp-content\/uploads\/2025\/07\/Virginia-Mota-7.jpg?w=3000&amp;ssl=1 3000w\" sizes=\"auto, (max-width: 1000px) 100vw, 1000px\" \/><\/figure>\n\n\n\n<figure class=\"wp-block-image size-full\"><img data-recalc-dims=\"1\" loading=\"lazy\" decoding=\"async\" width=\"6496\" height=\"4330\" data-attachment-id=\"2849\" data-permalink=\"https:\/\/maissilva.com\/en\/virginia-mota\/virginia-mota-4-3\/\" data-orig-file=\"https:\/\/i0.wp.com\/maissilva.com\/wp-content\/uploads\/2025\/07\/Virginia-Mota-4.jpg?fit=6496%2C4330&amp;ssl=1\" data-orig-size=\"6496,4330\" data-comments-opened=\"0\" data-image-meta=\"{&quot;aperture&quot;:&quot;0&quot;,&quot;credit&quot;:&quot;&quot;,&quot;camera&quot;:&quot;&quot;,&quot;caption&quot;:&quot;&quot;,&quot;created_timestamp&quot;:&quot;0&quot;,&quot;copyright&quot;:&quot;&quot;,&quot;focal_length&quot;:&quot;0&quot;,&quot;iso&quot;:&quot;0&quot;,&quot;shutter_speed&quot;:&quot;0&quot;,&quot;title&quot;:&quot;&quot;,&quot;orientation&quot;:&quot;0&quot;}\" data-image-title=\"&amp;#8220;Tisanas, infus\u00f5es para tempos pr\u00f3ximos&amp;#8221;, Virg\u00ednia Mota\" data-image-description=\"&lt;p&gt;Curadoria: Maria do Mar Fazenda. Funda\u00e7\u00e3o Eug\u00e9nio de Almeida, \u00c9vora (PT), 2022.&lt;\/p&gt;&lt;p&gt;\u00a9 Funda\u00e7\u00e3o Eug\u00e9nio de Almeida&lt;\/p&gt;\" data-image-caption=\"\" data-large-file=\"https:\/\/i0.wp.com\/maissilva.com\/wp-content\/uploads\/2025\/07\/Virginia-Mota-4.jpg?fit=1024%2C683&amp;ssl=1\" data-id=\"2849\" src=\"https:\/\/i0.wp.com\/maissilva.com\/wp-content\/uploads\/2025\/07\/Virginia-Mota-4.jpg?resize=6496%2C4330&#038;ssl=1\" alt=\"\" class=\"wp-image-2849\" srcset=\"https:\/\/i0.wp.com\/maissilva.com\/wp-content\/uploads\/2025\/07\/Virginia-Mota-4.jpg?w=6496&amp;ssl=1 6496w, https:\/\/i0.wp.com\/maissilva.com\/wp-content\/uploads\/2025\/07\/Virginia-Mota-4.jpg?resize=300%2C200&amp;ssl=1 300w, https:\/\/i0.wp.com\/maissilva.com\/wp-content\/uploads\/2025\/07\/Virginia-Mota-4.jpg?resize=1024%2C683&amp;ssl=1 1024w, https:\/\/i0.wp.com\/maissilva.com\/wp-content\/uploads\/2025\/07\/Virginia-Mota-4.jpg?resize=768%2C512&amp;ssl=1 768w, https:\/\/i0.wp.com\/maissilva.com\/wp-content\/uploads\/2025\/07\/Virginia-Mota-4.jpg?resize=1536%2C1024&amp;ssl=1 1536w, https:\/\/i0.wp.com\/maissilva.com\/wp-content\/uploads\/2025\/07\/Virginia-Mota-4.jpg?resize=2048%2C1365&amp;ssl=1 2048w, https:\/\/i0.wp.com\/maissilva.com\/wp-content\/uploads\/2025\/07\/Virginia-Mota-4.jpg?resize=18%2C12&amp;ssl=1 18w, https:\/\/i0.wp.com\/maissilva.com\/wp-content\/uploads\/2025\/07\/Virginia-Mota-4.jpg?resize=1200%2C800&amp;ssl=1 1200w, https:\/\/i0.wp.com\/maissilva.com\/wp-content\/uploads\/2025\/07\/Virginia-Mota-4.jpg?w=3000&amp;ssl=1 3000w\" sizes=\"auto, (max-width: 1000px) 100vw, 1000px\" \/><\/figure>\n\n\n\n<figure class=\"wp-block-image size-full\"><img data-recalc-dims=\"1\" loading=\"lazy\" decoding=\"async\" width=\"6496\" height=\"4331\" data-attachment-id=\"2850\" data-permalink=\"https:\/\/maissilva.com\/en\/virginia-mota\/virginia-mota-5-3\/\" data-orig-file=\"https:\/\/i0.wp.com\/maissilva.com\/wp-content\/uploads\/2025\/07\/Virginia-Mota-5.jpg?fit=6496%2C4331&amp;ssl=1\" data-orig-size=\"6496,4331\" data-comments-opened=\"0\" data-image-meta=\"{&quot;aperture&quot;:&quot;0&quot;,&quot;credit&quot;:&quot;&quot;,&quot;camera&quot;:&quot;&quot;,&quot;caption&quot;:&quot;&quot;,&quot;created_timestamp&quot;:&quot;0&quot;,&quot;copyright&quot;:&quot;&quot;,&quot;focal_length&quot;:&quot;0&quot;,&quot;iso&quot;:&quot;0&quot;,&quot;shutter_speed&quot;:&quot;0&quot;,&quot;title&quot;:&quot;&quot;,&quot;orientation&quot;:&quot;0&quot;}\" data-image-title=\"&amp;#8220;Tisanas, infus\u00f5es para tempos pr\u00f3ximos&amp;#8221;, Virg\u00ednia Mota\" data-image-description=\"&lt;p&gt;Curadoria: Maria do Mar Fazenda. Funda\u00e7\u00e3o Eug\u00e9nio de Almeida, \u00c9vora (PT), 2022.&lt;\/p&gt;&lt;p&gt;\u00a9 Funda\u00e7\u00e3o Eug\u00e9nio de Almeida&lt;\/p&gt;\" data-image-caption=\"\" data-large-file=\"https:\/\/i0.wp.com\/maissilva.com\/wp-content\/uploads\/2025\/07\/Virginia-Mota-5.jpg?fit=1024%2C683&amp;ssl=1\" data-id=\"2850\" src=\"https:\/\/i0.wp.com\/maissilva.com\/wp-content\/uploads\/2025\/07\/Virginia-Mota-5.jpg?resize=6496%2C4331&#038;ssl=1\" alt=\"\" class=\"wp-image-2850\" srcset=\"https:\/\/i0.wp.com\/maissilva.com\/wp-content\/uploads\/2025\/07\/Virginia-Mota-5.jpg?w=6496&amp;ssl=1 6496w, https:\/\/i0.wp.com\/maissilva.com\/wp-content\/uploads\/2025\/07\/Virginia-Mota-5.jpg?resize=300%2C200&amp;ssl=1 300w, https:\/\/i0.wp.com\/maissilva.com\/wp-content\/uploads\/2025\/07\/Virginia-Mota-5.jpg?resize=1024%2C683&amp;ssl=1 1024w, https:\/\/i0.wp.com\/maissilva.com\/wp-content\/uploads\/2025\/07\/Virginia-Mota-5.jpg?resize=768%2C512&amp;ssl=1 768w, https:\/\/i0.wp.com\/maissilva.com\/wp-content\/uploads\/2025\/07\/Virginia-Mota-5.jpg?resize=1536%2C1024&amp;ssl=1 1536w, https:\/\/i0.wp.com\/maissilva.com\/wp-content\/uploads\/2025\/07\/Virginia-Mota-5.jpg?resize=2048%2C1365&amp;ssl=1 2048w, https:\/\/i0.wp.com\/maissilva.com\/wp-content\/uploads\/2025\/07\/Virginia-Mota-5.jpg?resize=18%2C12&amp;ssl=1 18w, https:\/\/i0.wp.com\/maissilva.com\/wp-content\/uploads\/2025\/07\/Virginia-Mota-5.jpg?resize=1200%2C800&amp;ssl=1 1200w, https:\/\/i0.wp.com\/maissilva.com\/wp-content\/uploads\/2025\/07\/Virginia-Mota-5.jpg?w=3000&amp;ssl=1 3000w\" sizes=\"auto, (max-width: 1000px) 100vw, 1000px\" \/><\/figure>\n\n\n\n<figure class=\"wp-block-image size-full\"><img data-recalc-dims=\"1\" loading=\"lazy\" decoding=\"async\" width=\"5472\" height=\"3648\" data-attachment-id=\"3198\" data-permalink=\"https:\/\/maissilva.com\/en\/virginia-mota\/ad2021_10-_mg_0036-copia\/\" data-orig-file=\"https:\/\/i0.wp.com\/maissilva.com\/wp-content\/uploads\/2025\/08\/AD2021_10-_MG_0036-copia.jpg?fit=5472%2C3648&amp;ssl=1\" data-orig-size=\"5472,3648\" data-comments-opened=\"0\" data-image-meta=\"{&quot;aperture&quot;:&quot;9&quot;,&quot;credit&quot;:&quot;alexandre_delmar&quot;,&quot;camera&quot;:&quot;Canon EOS 6D&quot;,&quot;caption&quot;:&quot;&quot;,&quot;created_timestamp&quot;:&quot;1634052166&quot;,&quot;copyright&quot;:&quot;&quot;,&quot;focal_length&quot;:&quot;27&quot;,&quot;iso&quot;:&quot;500&quot;,&quot;shutter_speed&quot;:&quot;1.6&quot;,&quot;title&quot;:&quot;&quot;,&quot;orientation&quot;:&quot;0&quot;}\" data-image-title=\"&amp;#8220;Di\u00e1rio Atmosf\u00e9rico&amp;#8221;, Virg\u00ednia Mota\" data-image-description=\"&lt;p&gt;Centro Internacional das Artes Jos\u00e9 de Guimar\u00e3es, Guimar\u00e3es\u00a0(PT), 2022.&lt;\/p&gt;&lt;p&gt;\u00a9CIAJG&lt;\/p&gt;\" data-image-caption=\"\" data-large-file=\"https:\/\/i0.wp.com\/maissilva.com\/wp-content\/uploads\/2025\/08\/AD2021_10-_MG_0036-copia.jpg?fit=1024%2C683&amp;ssl=1\" data-id=\"3198\" src=\"https:\/\/i0.wp.com\/maissilva.com\/wp-content\/uploads\/2025\/08\/AD2021_10-_MG_0036-copia.jpg?resize=5472%2C3648&#038;ssl=1\" alt=\"\" class=\"wp-image-3198\" srcset=\"https:\/\/i0.wp.com\/maissilva.com\/wp-content\/uploads\/2025\/08\/AD2021_10-_MG_0036-copia.jpg?w=5472&amp;ssl=1 5472w, https:\/\/i0.wp.com\/maissilva.com\/wp-content\/uploads\/2025\/08\/AD2021_10-_MG_0036-copia.jpg?resize=300%2C200&amp;ssl=1 300w, https:\/\/i0.wp.com\/maissilva.com\/wp-content\/uploads\/2025\/08\/AD2021_10-_MG_0036-copia.jpg?resize=1024%2C683&amp;ssl=1 1024w, https:\/\/i0.wp.com\/maissilva.com\/wp-content\/uploads\/2025\/08\/AD2021_10-_MG_0036-copia.jpg?resize=768%2C512&amp;ssl=1 768w, https:\/\/i0.wp.com\/maissilva.com\/wp-content\/uploads\/2025\/08\/AD2021_10-_MG_0036-copia.jpg?resize=1536%2C1024&amp;ssl=1 1536w, https:\/\/i0.wp.com\/maissilva.com\/wp-content\/uploads\/2025\/08\/AD2021_10-_MG_0036-copia.jpg?resize=2048%2C1365&amp;ssl=1 2048w, https:\/\/i0.wp.com\/maissilva.com\/wp-content\/uploads\/2025\/08\/AD2021_10-_MG_0036-copia.jpg?resize=18%2C12&amp;ssl=1 18w, https:\/\/i0.wp.com\/maissilva.com\/wp-content\/uploads\/2025\/08\/AD2021_10-_MG_0036-copia.jpg?resize=1200%2C800&amp;ssl=1 1200w, https:\/\/i0.wp.com\/maissilva.com\/wp-content\/uploads\/2025\/08\/AD2021_10-_MG_0036-copia.jpg?w=3000&amp;ssl=1 3000w\" sizes=\"auto, (max-width: 1000px) 100vw, 1000px\" \/><\/figure>\n\n\n\n<figure class=\"wp-block-image size-full\"><img data-recalc-dims=\"1\" loading=\"lazy\" decoding=\"async\" width=\"5397\" height=\"3598\" data-attachment-id=\"3195\" data-permalink=\"https:\/\/maissilva.com\/en\/virginia-mota\/ad2021_10-_mg_0043\/\" data-orig-file=\"https:\/\/i0.wp.com\/maissilva.com\/wp-content\/uploads\/2025\/08\/AD2021_10-_MG_0043.jpg?fit=5397%2C3598&amp;ssl=1\" data-orig-size=\"5397,3598\" data-comments-opened=\"0\" data-image-meta=\"{&quot;aperture&quot;:&quot;9&quot;,&quot;credit&quot;:&quot;alexandre_delmar&quot;,&quot;camera&quot;:&quot;Canon EOS 6D&quot;,&quot;caption&quot;:&quot;&quot;,&quot;created_timestamp&quot;:&quot;1634052526&quot;,&quot;copyright&quot;:&quot;&quot;,&quot;focal_length&quot;:&quot;70&quot;,&quot;iso&quot;:&quot;500&quot;,&quot;shutter_speed&quot;:&quot;1.6&quot;,&quot;title&quot;:&quot;&quot;,&quot;orientation&quot;:&quot;0&quot;}\" data-image-title=\"&amp;#8220;Di\u00e1rio Atmosf\u00e9rico&amp;#8221;, Virg\u00ednia Mota\" data-image-description=\"&lt;p&gt;Centro Internacional das Artes Jos\u00e9 de Guimar\u00e3es, Guimar\u00e3es\u00a0(PT), 2022.&lt;\/p&gt;\" data-image-caption=\"\" data-large-file=\"https:\/\/i0.wp.com\/maissilva.com\/wp-content\/uploads\/2025\/08\/AD2021_10-_MG_0043.jpg?fit=1024%2C683&amp;ssl=1\" data-id=\"3195\" src=\"https:\/\/i0.wp.com\/maissilva.com\/wp-content\/uploads\/2025\/08\/AD2021_10-_MG_0043.jpg?resize=5397%2C3598&#038;ssl=1\" alt=\"\" class=\"wp-image-3195\" srcset=\"https:\/\/i0.wp.com\/maissilva.com\/wp-content\/uploads\/2025\/08\/AD2021_10-_MG_0043.jpg?w=5397&amp;ssl=1 5397w, https:\/\/i0.wp.com\/maissilva.com\/wp-content\/uploads\/2025\/08\/AD2021_10-_MG_0043.jpg?resize=300%2C200&amp;ssl=1 300w, https:\/\/i0.wp.com\/maissilva.com\/wp-content\/uploads\/2025\/08\/AD2021_10-_MG_0043.jpg?resize=1024%2C683&amp;ssl=1 1024w, https:\/\/i0.wp.com\/maissilva.com\/wp-content\/uploads\/2025\/08\/AD2021_10-_MG_0043.jpg?resize=768%2C512&amp;ssl=1 768w, https:\/\/i0.wp.com\/maissilva.com\/wp-content\/uploads\/2025\/08\/AD2021_10-_MG_0043.jpg?resize=1536%2C1024&amp;ssl=1 1536w, https:\/\/i0.wp.com\/maissilva.com\/wp-content\/uploads\/2025\/08\/AD2021_10-_MG_0043.jpg?resize=2048%2C1365&amp;ssl=1 2048w, https:\/\/i0.wp.com\/maissilva.com\/wp-content\/uploads\/2025\/08\/AD2021_10-_MG_0043.jpg?resize=18%2C12&amp;ssl=1 18w, https:\/\/i0.wp.com\/maissilva.com\/wp-content\/uploads\/2025\/08\/AD2021_10-_MG_0043.jpg?resize=1200%2C800&amp;ssl=1 1200w, https:\/\/i0.wp.com\/maissilva.com\/wp-content\/uploads\/2025\/08\/AD2021_10-_MG_0043.jpg?w=3000&amp;ssl=1 3000w\" sizes=\"auto, (max-width: 1000px) 100vw, 1000px\" \/><\/figure>\n\n\n\n<figure class=\"wp-block-image size-full\"><img data-recalc-dims=\"1\" loading=\"lazy\" decoding=\"async\" width=\"5113\" height=\"3409\" data-attachment-id=\"3193\" data-permalink=\"https:\/\/maissilva.com\/en\/virginia-mota\/ad2021_10-_mg_0061\/\" data-orig-file=\"https:\/\/i0.wp.com\/maissilva.com\/wp-content\/uploads\/2025\/08\/AD2021_10-_MG_0061.jpg?fit=5113%2C3409&amp;ssl=1\" data-orig-size=\"5113,3409\" data-comments-opened=\"0\" data-image-meta=\"{&quot;aperture&quot;:&quot;9&quot;,&quot;credit&quot;:&quot;alexandre_delmar&quot;,&quot;camera&quot;:&quot;Canon EOS 6D&quot;,&quot;caption&quot;:&quot;&quot;,&quot;created_timestamp&quot;:&quot;1634053058&quot;,&quot;copyright&quot;:&quot;&quot;,&quot;focal_length&quot;:&quot;70&quot;,&quot;iso&quot;:&quot;500&quot;,&quot;shutter_speed&quot;:&quot;1.6&quot;,&quot;title&quot;:&quot;&quot;,&quot;orientation&quot;:&quot;0&quot;}\" data-image-title=\"&amp;#8220;Di\u00e1rio Atmosf\u00e9rico&amp;#8221;, Virg\u00ednia Mota\" data-image-description=\"&lt;p&gt;Centro Internacional das Artes Jos\u00e9 de Guimar\u00e3es, Guimar\u00e3es\u00a0(PT), 2022.&lt;\/p&gt;&lt;p&gt;\u00a9CIAJG&lt;\/p&gt;\" data-image-caption=\"\" data-large-file=\"https:\/\/i0.wp.com\/maissilva.com\/wp-content\/uploads\/2025\/08\/AD2021_10-_MG_0061.jpg?fit=1024%2C683&amp;ssl=1\" data-id=\"3193\" src=\"https:\/\/i0.wp.com\/maissilva.com\/wp-content\/uploads\/2025\/08\/AD2021_10-_MG_0061.jpg?resize=5113%2C3409&#038;ssl=1\" alt=\"\" class=\"wp-image-3193\" srcset=\"https:\/\/i0.wp.com\/maissilva.com\/wp-content\/uploads\/2025\/08\/AD2021_10-_MG_0061.jpg?w=5113&amp;ssl=1 5113w, https:\/\/i0.wp.com\/maissilva.com\/wp-content\/uploads\/2025\/08\/AD2021_10-_MG_0061.jpg?resize=300%2C200&amp;ssl=1 300w, https:\/\/i0.wp.com\/maissilva.com\/wp-content\/uploads\/2025\/08\/AD2021_10-_MG_0061.jpg?resize=1024%2C683&amp;ssl=1 1024w, https:\/\/i0.wp.com\/maissilva.com\/wp-content\/uploads\/2025\/08\/AD2021_10-_MG_0061.jpg?resize=768%2C512&amp;ssl=1 768w, https:\/\/i0.wp.com\/maissilva.com\/wp-content\/uploads\/2025\/08\/AD2021_10-_MG_0061.jpg?resize=1536%2C1024&amp;ssl=1 1536w, https:\/\/i0.wp.com\/maissilva.com\/wp-content\/uploads\/2025\/08\/AD2021_10-_MG_0061.jpg?resize=2048%2C1365&amp;ssl=1 2048w, https:\/\/i0.wp.com\/maissilva.com\/wp-content\/uploads\/2025\/08\/AD2021_10-_MG_0061.jpg?resize=18%2C12&amp;ssl=1 18w, https:\/\/i0.wp.com\/maissilva.com\/wp-content\/uploads\/2025\/08\/AD2021_10-_MG_0061.jpg?resize=1200%2C800&amp;ssl=1 1200w, https:\/\/i0.wp.com\/maissilva.com\/wp-content\/uploads\/2025\/08\/AD2021_10-_MG_0061.jpg?w=3000&amp;ssl=1 3000w\" sizes=\"auto, (max-width: 1000px) 100vw, 1000px\" \/><\/figure>\n\n\n\n<figure class=\"wp-block-image size-full\"><img data-recalc-dims=\"1\" loading=\"lazy\" decoding=\"async\" width=\"4500\" height=\"3000\" data-attachment-id=\"3201\" data-permalink=\"https:\/\/maissilva.com\/en\/virginia-mota\/_pc35443\/\" data-orig-file=\"https:\/\/i0.wp.com\/maissilva.com\/wp-content\/uploads\/2025\/08\/PC35443.jpg?fit=4500%2C3000&amp;ssl=1\" data-orig-size=\"4500,3000\" data-comments-opened=\"0\" data-image-meta=\"{&quot;aperture&quot;:&quot;2.8&quot;,&quot;credit&quot;:&quot;PEDRO COSTA&quot;,&quot;camera&quot;:&quot;NIKON Z 8&quot;,&quot;caption&quot;:&quot;&quot;,&quot;created_timestamp&quot;:&quot;1700482274&quot;,&quot;copyright&quot;:&quot;MARANUS.NET_&quot;,&quot;focal_length&quot;:&quot;24&quot;,&quot;iso&quot;:&quot;800&quot;,&quot;shutter_speed&quot;:&quot;0.025&quot;,&quot;title&quot;:&quot;&quot;,&quot;orientation&quot;:&quot;1&quot;}\" data-image-title=\"&amp;#8220;Mostra da 13\u00ba Edi\u00e7\u00e3o do Pr\u00e9mio Amadeo de Souza-Cardoso&amp;#8221;, Virg\u00ednia Mota\" data-image-description=\"&lt;p&gt;Museu Municipal Amadeo de Souza-Cardoso, Amarante (PT), 2023.&lt;\/p&gt;&lt;p&gt;\u00a9Museu Municipal Amadeo de Souza-Cardoso, Amarante &lt;\/p&gt;\" data-image-caption=\"\" data-large-file=\"https:\/\/i0.wp.com\/maissilva.com\/wp-content\/uploads\/2025\/08\/PC35443.jpg?fit=1024%2C683&amp;ssl=1\" data-id=\"3201\" src=\"https:\/\/i0.wp.com\/maissilva.com\/wp-content\/uploads\/2025\/08\/PC35443.jpg?resize=4500%2C3000&#038;ssl=1\" alt=\"\" class=\"wp-image-3201\" srcset=\"https:\/\/i0.wp.com\/maissilva.com\/wp-content\/uploads\/2025\/08\/PC35443.jpg?w=4500&amp;ssl=1 4500w, https:\/\/i0.wp.com\/maissilva.com\/wp-content\/uploads\/2025\/08\/PC35443.jpg?resize=300%2C200&amp;ssl=1 300w, https:\/\/i0.wp.com\/maissilva.com\/wp-content\/uploads\/2025\/08\/PC35443.jpg?resize=1024%2C683&amp;ssl=1 1024w, https:\/\/i0.wp.com\/maissilva.com\/wp-content\/uploads\/2025\/08\/PC35443.jpg?resize=768%2C512&amp;ssl=1 768w, https:\/\/i0.wp.com\/maissilva.com\/wp-content\/uploads\/2025\/08\/PC35443.jpg?resize=1536%2C1024&amp;ssl=1 1536w, https:\/\/i0.wp.com\/maissilva.com\/wp-content\/uploads\/2025\/08\/PC35443.jpg?resize=2048%2C1365&amp;ssl=1 2048w, https:\/\/i0.wp.com\/maissilva.com\/wp-content\/uploads\/2025\/08\/PC35443.jpg?resize=18%2C12&amp;ssl=1 18w, https:\/\/i0.wp.com\/maissilva.com\/wp-content\/uploads\/2025\/08\/PC35443.jpg?resize=1200%2C800&amp;ssl=1 1200w, https:\/\/i0.wp.com\/maissilva.com\/wp-content\/uploads\/2025\/08\/PC35443.jpg?w=3000&amp;ssl=1 3000w\" sizes=\"auto, (max-width: 1000px) 100vw, 1000px\" \/><\/figure>\n\n\n\n<figure class=\"wp-block-image size-full\"><img data-recalc-dims=\"1\" loading=\"lazy\" decoding=\"async\" width=\"4500\" height=\"3000\" data-attachment-id=\"3199\" data-permalink=\"https:\/\/maissilva.com\/en\/virginia-mota\/_pc35444\/\" data-orig-file=\"https:\/\/i0.wp.com\/maissilva.com\/wp-content\/uploads\/2025\/08\/PC35444.jpg?fit=4500%2C3000&amp;ssl=1\" data-orig-size=\"4500,3000\" data-comments-opened=\"0\" data-image-meta=\"{&quot;aperture&quot;:&quot;2.8&quot;,&quot;credit&quot;:&quot;PEDRO COSTA&quot;,&quot;camera&quot;:&quot;NIKON Z 8&quot;,&quot;caption&quot;:&quot;&quot;,&quot;created_timestamp&quot;:&quot;1700482291&quot;,&quot;copyright&quot;:&quot;MARANUS.NET_&quot;,&quot;focal_length&quot;:&quot;24&quot;,&quot;iso&quot;:&quot;800&quot;,&quot;shutter_speed&quot;:&quot;0.025&quot;,&quot;title&quot;:&quot;&quot;,&quot;orientation&quot;:&quot;1&quot;}\" data-image-title=\"&amp;#8220;Mostra da 13\u00ba Edi\u00e7\u00e3o do Pr\u00e9mio Amadeo de Souza-Cardoso&amp;#8221;, Virg\u00ednia Mota\" data-image-description=\"&lt;p&gt;Mostra da 13\u00ba Edi\u00e7\u00e3o do Pr\u00e9mio Amadeo de Souza-Cardoso. Museu Municipal Amadeo de Souza-Cardoso, Amarante (PT), 2023.&lt;\/p&gt;&lt;p&gt;\u00a9Museu Municipal Amadeo de Souza-Cardoso, Amarante &lt;\/p&gt;\" data-image-caption=\"\" data-large-file=\"https:\/\/i0.wp.com\/maissilva.com\/wp-content\/uploads\/2025\/08\/PC35444.jpg?fit=1024%2C683&amp;ssl=1\" data-id=\"3199\" src=\"https:\/\/i0.wp.com\/maissilva.com\/wp-content\/uploads\/2025\/08\/PC35444.jpg?resize=4500%2C3000&#038;ssl=1\" alt=\"\" class=\"wp-image-3199\" srcset=\"https:\/\/i0.wp.com\/maissilva.com\/wp-content\/uploads\/2025\/08\/PC35444.jpg?w=4500&amp;ssl=1 4500w, https:\/\/i0.wp.com\/maissilva.com\/wp-content\/uploads\/2025\/08\/PC35444.jpg?resize=300%2C200&amp;ssl=1 300w, https:\/\/i0.wp.com\/maissilva.com\/wp-content\/uploads\/2025\/08\/PC35444.jpg?resize=1024%2C683&amp;ssl=1 1024w, https:\/\/i0.wp.com\/maissilva.com\/wp-content\/uploads\/2025\/08\/PC35444.jpg?resize=768%2C512&amp;ssl=1 768w, https:\/\/i0.wp.com\/maissilva.com\/wp-content\/uploads\/2025\/08\/PC35444.jpg?resize=1536%2C1024&amp;ssl=1 1536w, https:\/\/i0.wp.com\/maissilva.com\/wp-content\/uploads\/2025\/08\/PC35444.jpg?resize=2048%2C1365&amp;ssl=1 2048w, https:\/\/i0.wp.com\/maissilva.com\/wp-content\/uploads\/2025\/08\/PC35444.jpg?resize=18%2C12&amp;ssl=1 18w, https:\/\/i0.wp.com\/maissilva.com\/wp-content\/uploads\/2025\/08\/PC35444.jpg?resize=1200%2C800&amp;ssl=1 1200w, https:\/\/i0.wp.com\/maissilva.com\/wp-content\/uploads\/2025\/08\/PC35444.jpg?w=3000&amp;ssl=1 3000w\" sizes=\"auto, (max-width: 1000px) 100vw, 1000px\" \/><\/figure>\n\n\n\n<figure class=\"wp-block-image size-full\"><img data-recalc-dims=\"1\" loading=\"lazy\" decoding=\"async\" width=\"4500\" height=\"3000\" data-attachment-id=\"3200\" data-permalink=\"https:\/\/maissilva.com\/en\/virginia-mota\/_pc35447\/\" data-orig-file=\"https:\/\/i0.wp.com\/maissilva.com\/wp-content\/uploads\/2025\/08\/PC35447.jpg?fit=4500%2C3000&amp;ssl=1\" data-orig-size=\"4500,3000\" data-comments-opened=\"0\" data-image-meta=\"{&quot;aperture&quot;:&quot;2.8&quot;,&quot;credit&quot;:&quot;PEDRO COSTA&quot;,&quot;camera&quot;:&quot;NIKON Z 8&quot;,&quot;caption&quot;:&quot;&quot;,&quot;created_timestamp&quot;:&quot;1700482305&quot;,&quot;copyright&quot;:&quot;MARANUS.NET_&quot;,&quot;focal_length&quot;:&quot;24&quot;,&quot;iso&quot;:&quot;800&quot;,&quot;shutter_speed&quot;:&quot;0.025&quot;,&quot;title&quot;:&quot;&quot;,&quot;orientation&quot;:&quot;1&quot;}\" data-image-title=\"&amp;#8220;Mostra da 13\u00ba Edi\u00e7\u00e3o do Pr\u00e9mio Amadeo de Souza-Cardoso&amp;#8221;, Virg\u00ednia Mota\" data-image-description=\"&lt;p&gt;Mostra da 13\u00ba Edi\u00e7\u00e3o do Pr\u00e9mio Amadeo de Souza-Cardoso. Museu Municipal Amadeo de Souza-Cardoso, Amarante (PT), 2023.&lt;\/p&gt;&lt;p&gt;\u00a9Museu Municipal Amadeo de Souza-Cardoso, Amarante &lt;\/p&gt;\" data-image-caption=\"\" data-large-file=\"https:\/\/i0.wp.com\/maissilva.com\/wp-content\/uploads\/2025\/08\/PC35447.jpg?fit=1024%2C683&amp;ssl=1\" data-id=\"3200\" src=\"https:\/\/i0.wp.com\/maissilva.com\/wp-content\/uploads\/2025\/08\/PC35447.jpg?resize=4500%2C3000&#038;ssl=1\" alt=\"\" class=\"wp-image-3200\" srcset=\"https:\/\/i0.wp.com\/maissilva.com\/wp-content\/uploads\/2025\/08\/PC35447.jpg?w=4500&amp;ssl=1 4500w, https:\/\/i0.wp.com\/maissilva.com\/wp-content\/uploads\/2025\/08\/PC35447.jpg?resize=300%2C200&amp;ssl=1 300w, https:\/\/i0.wp.com\/maissilva.com\/wp-content\/uploads\/2025\/08\/PC35447.jpg?resize=1024%2C683&amp;ssl=1 1024w, https:\/\/i0.wp.com\/maissilva.com\/wp-content\/uploads\/2025\/08\/PC35447.jpg?resize=768%2C512&amp;ssl=1 768w, https:\/\/i0.wp.com\/maissilva.com\/wp-content\/uploads\/2025\/08\/PC35447.jpg?resize=1536%2C1024&amp;ssl=1 1536w, https:\/\/i0.wp.com\/maissilva.com\/wp-content\/uploads\/2025\/08\/PC35447.jpg?resize=2048%2C1365&amp;ssl=1 2048w, https:\/\/i0.wp.com\/maissilva.com\/wp-content\/uploads\/2025\/08\/PC35447.jpg?resize=18%2C12&amp;ssl=1 18w, https:\/\/i0.wp.com\/maissilva.com\/wp-content\/uploads\/2025\/08\/PC35447.jpg?resize=1200%2C800&amp;ssl=1 1200w, https:\/\/i0.wp.com\/maissilva.com\/wp-content\/uploads\/2025\/08\/PC35447.jpg?w=3000&amp;ssl=1 3000w\" sizes=\"auto, (max-width: 1000px) 100vw, 1000px\" \/><\/figure>\n<\/figure>\n<\/div>\n<\/div>\n\n\n\n<div style=\"height:40px\" aria-hidden=\"true\" class=\"wp-block-spacer\"><\/div>\n\n\n\n<div class=\"wp-block-columns is-layout-flex wp-container-core-columns-is-layout-7387b849 wp-block-columns-is-layout-flex\">\n<div class=\"wp-block-column is-layout-flow wp-block-column-is-layout-flow\" style=\"flex-basis:15%\">\n<h1 class=\"wp-block-heading\" style=\"font-size:20px\">BIO<\/h1>\n<\/div>\n\n\n\n<div class=\"wp-block-column is-layout-flow wp-block-column-is-layout-flow\" style=\"flex-basis:66.66%\">\n<p class=\"wp-block-paragraph\" style=\"font-size:12px\">Virg\u00ednia Mota&nbsp;(Matosinhos, 1976). \u00c9 doutorada em Arte e Cultura Contempor\u00e2nea pela Universidade do Estado do Rio de Janeiro e em Filosofia pela Pontif\u00edcia Universidade Cat\u00f3lica do Rio de Janeiro, mestre em Est\u00e9tica e Filosofia da Arte pela Universidade Federal Fluminense, licenciada e bacharel em Artes Pl\u00e1sticas pela Escola Superior de Artes e Design das Caldas da Rainha \u2013 Polit\u00e9cnico de Leiria. Artista e investigadora de arte, desenvolve e coordena processos art\u00edsticos coletivos em universidades, escolas e museus em Portugal e no Brasil. Atualmente \u00e9 professora convidada na licenciatura de Artes Visuais na Escola de Arquitetura, Arte e Design da Universidade do Minho. \u00c9 coordenadora do grupo de estudos de Arte Ambiental que visa os di\u00e1logos experimentais sustent\u00e1veis entre diferentes institui\u00e7\u00f5es e as comunidades locais, com vista ao aprofundamento de quest\u00f5es ambientais. Escreveu diversos artigos sobre arte e publicou um livro de poesia (<em>Alguns mundos<\/em>, Editora Urutau, S\u00e3o Paulo, 2019). She has held solo and group exhibitions, among which are the most recent:&nbsp;<em>Di\u00e1rio Atmosf\u00e9rico&nbsp;<\/em>(CIAJG, Guimar\u00e3es, 2021-2022),&nbsp;<em>Tisanas&nbsp;<\/em>(Funda\u00e7\u00e3o Eug\u00e9nio de Almeida, \u00c9vora, 2022).&nbsp;<\/p>\n<\/div>\n<\/div>\n\n\n\n<div style=\"height:40px\" aria-hidden=\"true\" class=\"wp-block-spacer\"><\/div>\n\n\n\n<div class=\"wp-block-columns is-layout-flex wp-container-core-columns-is-layout-7387b849 wp-block-columns-is-layout-flex\">\n<div class=\"wp-block-column is-layout-flow wp-block-column-is-layout-flow\" style=\"flex-basis:15%\">\n<h1 class=\"wp-block-heading\" style=\"font-size:20px\">CV<\/h1>\n<\/div>\n\n\n\n<div class=\"wp-block-column is-layout-flow wp-block-column-is-layout-flow\" style=\"flex-basis:66.66%\">\n<p class=\"wp-block-paragraph\" style=\"font-size:12px;text-decoration:underline\">EDUCATION<\/p>\n\n\n\n<div class=\"wp-block-group is-layout-flex wp-block-group-is-layout-flex\" style=\"font-size:12px\">\n<p class=\"wp-container-content-82ea18c2 wp-block-paragraph\">2019<\/p>\n\n\n\n<p class=\"wp-container-content-6511ad4a wp-block-paragraph\">PhD in Philosophy from Pontif\u00edcia Universidade Cat\u00f3lica do Rio de Janeiro, PUC-Rio, Rio De Janeiro (BR). <br>Thesis title: The art of nostalgia \u2013 experience and childhood according to Walter Benjamin.<\/p>\n<\/div>\n\n\n\n<div class=\"wp-block-group is-layout-flex wp-block-group-is-layout-flex\" style=\"font-size:12px\">\n<p class=\"wp-container-content-82ea18c2 wp-block-paragraph\">2018<\/p>\n\n\n\n<p class=\"wp-container-content-6511ad4a wp-block-paragraph\">PhD in Contemporary Art and Culture from Universidade do Estado do Rio de Janeiro, UERJ, Rio de Janeiro (BR). <br>Thesis title: Public Limited Company: from anonymity to sensitive communities.<\/p>\n<\/div>\n\n\n\n<div class=\"wp-block-group is-layout-flex wp-block-group-is-layout-flex\" style=\"font-size:12px\">\n<p class=\"wp-container-content-82ea18c2 wp-block-paragraph\">2011-2014<\/p>\n\n\n\n<p class=\"wp-container-content-6511ad4a wp-block-paragraph\">Master's degree in Aesthetics and Philosophy of Art from Universidade Federal Fluminense, UFF, Niter\u00f3i, Brasil. <br>Dissertation title: Aura, trace and experience of art in Walter Benjamin.<\/p>\n<\/div>\n\n\n\n<div class=\"wp-block-group is-layout-flex wp-block-group-is-layout-flex\" style=\"font-size:12px\">\n<p class=\"wp-container-content-82ea18c2 wp-block-paragraph\">2002-2003<\/p>\n\n\n\n<p class=\"wp-container-content-6511ad4a wp-block-paragraph\">Individual Project Course at Ar.co, Lisbon (PT).<\/p>\n<\/div>\n\n\n\n<div class=\"wp-block-group is-layout-flex wp-block-group-is-layout-flex\" style=\"font-size:12px\">\n<p class=\"wp-container-content-82ea18c2 wp-block-paragraph\">1996-2001<\/p>\n\n\n\n<p class=\"wp-container-content-6511ad4a wp-block-paragraph\">Degree in Fine Arts and Bachelor's Degree in Painting from Escola Superior de Arte e Design, ESAD.CR, Caldas da Rainha (PT).&nbsp;<\/p>\n<\/div>\n\n\n\n<div class=\"wp-block-group is-layout-flex wp-block-group-is-layout-flex\" style=\"font-size:12px\">\n<p class=\"wp-container-content-82ea18c2 wp-block-paragraph\">1990-1996<\/p>\n\n\n\n<p class=\"wp-container-content-6511ad4a wp-block-paragraph\">9th to 12th grade at the Escola de Artes Decorativas Soares dos Reis, Porto (PT).<\/p>\n<\/div>\n\n\n\n<p class=\"wp-block-paragraph\" style=\"font-size:12px;text-decoration:underline\"><br>SOLO EXHIBITIONS<\/p>\n\n\n\n<div class=\"wp-block-group is-layout-flex wp-block-group-is-layout-flex\" style=\"font-size:12px\">\n<p class=\"wp-container-content-82ea18c2 wp-block-paragraph\">2022<\/p>\n\n\n\n<p class=\"wp-container-content-6511ad4a wp-block-paragraph\"><em>Di\u00e1rio Atmosf\u00e9rico<\/em>. Centro Internacional das Artes Jos\u00e9 de Guimar\u00e3es, Guimar\u00e3es\u00a0(PT).<\/p>\n<\/div>\n\n\n\n<div class=\"wp-block-group is-layout-flex wp-block-group-is-layout-flex\" style=\"font-size:12px\">\n<p class=\"wp-container-content-82ea18c2 wp-block-paragraph\">2007<\/p>\n\n\n\n<p class=\"wp-container-content-6511ad4a wp-block-paragraph\"><em>Pano<\/em>. Edif\u00edcio Interpress \/ Casa os dias d\u2019\u00e1gua, Lisbon (PT).<\/p>\n<\/div>\n\n\n\n<div class=\"wp-block-group is-layout-flex wp-block-group-is-layout-flex\" style=\"font-size:12px\">\n<p class=\"wp-container-content-82ea18c2 wp-block-paragraph\">2004<\/p>\n\n\n\n<p class=\"wp-container-content-6511ad4a wp-block-paragraph\"><em>Banhos de Paragem<\/em>. Polit\u00e9cnica 38 \/ Vera Cort\u00eas, Lisboa (PT).<br><em>Painting<\/em>. Ass\u00edrio &amp; Alvim \/ Vera Corte\u0302s, Lisboa (PT).<br><em>Untitled<\/em>. Luzboa \/ Museu de Arte Antiga, Liboa (PT).<\/p>\n<\/div>\n\n\n\n<div class=\"wp-block-group is-layout-flex wp-block-group-is-layout-flex\" style=\"font-size:12px\">\n<p class=\"wp-container-content-82ea18c2 wp-block-paragraph\">2003<\/p>\n\n\n\n<p class=\"wp-container-content-6511ad4a wp-block-paragraph\"><em>Installation<\/em>. Academia das Artes \/ Festival de M\u00fasica, Ponta Delgada (PT).<br><em>POLAROID<\/em>. Projeto Letras &amp; Artes da Escola Jose\u0301 Relvas \/ Alpiarca, Santar\u00e9m (PT).<br><em>Untitled<\/em> . Museu Ant\u00f3nio Duarte \/ Art Attack, Caldas da Ra\u00ednha (PT).<\/p>\n<\/div>\n\n\n\n<p class=\"wp-block-paragraph\" style=\"font-size:12px;text-decoration:underline\"><br>COLLECTIVE EXHIBITIONS<\/p>\n\n\n\n<div class=\"wp-block-group is-layout-flex wp-block-group-is-layout-flex\" style=\"font-size:12px\">\n<p class=\"wp-container-content-82ea18c2 wp-block-paragraph\">2025<\/p>\n\n\n\n<p class=\"wp-container-content-6511ad4a wp-block-paragraph\"><em>Ambar<\/em>. Curated by Hugo Canoilas. Mais Silva Gallery, Porto (PT).<\/p>\n<\/div>\n\n\n\n<div class=\"wp-block-group is-layout-flex wp-block-group-is-layout-flex\" style=\"font-size:12px\">\n<p class=\"wp-container-content-82ea18c2 wp-block-paragraph\">2023<\/p>\n\n\n\n<p class=\"wp-container-content-6511ad4a wp-block-paragraph\"><em>Exhibition of the 13th Edition of the Amadeo de Souza-Cardoso Award<\/em>. Amadeo de Souza-Cardoso Municipal Museum, Amarante (PT).<\/p>\n<\/div>\n\n\n\n<div class=\"wp-block-group is-layout-flex wp-block-group-is-layout-flex\" style=\"font-size:12px\">\n<p class=\"wp-container-content-82ea18c2 wp-block-paragraph\">2022<\/p>\n\n\n\n<p class=\"wp-container-content-6511ad4a wp-block-paragraph\"><em>Tisanas, infus\u00f5es para tempos pr\u00f3ximos<\/em>. Curated by Maria do Mar Fazenda. Eug\u00e9nio de Almeida Foundation, \u00c9vora (PT).<\/p>\n<\/div>\n\n\n\n<div class=\"wp-block-group is-layout-flex wp-block-group-is-layout-flex\" style=\"font-size:12px\">\n<p class=\"wp-container-content-82ea18c2 wp-block-paragraph\">2018<\/p>\n\n\n\n<p class=\"wp-container-content-6511ad4a wp-block-paragraph\"><em>Modos r\u00edtmicos:algo<\/em>. Art gallery at Fluminense Federal University, Niter\u00f3i (BR).<\/p>\n<\/div>\n\n\n\n<div class=\"wp-block-group is-layout-flex wp-block-group-is-layout-flex\" style=\"font-size:12px\">\n<p class=\"wp-container-content-82ea18c2 wp-block-paragraph\">2013<\/p>\n\n\n\n<p class=\"wp-container-content-6511ad4a wp-block-paragraph\"><em>Paisagens de del\u00edrio; MAC como obra de arte<\/em>. Museum of Contemporary Art, Niter\u00f3i (BR).<br><em>Urban\u00e1rio<\/em>. Espac\u0327o Cultural S\u00e9rgio Porto, Rio de Janeiro (PT).<\/p>\n<\/div>\n\n\n\n<div class=\"wp-block-group is-layout-flex wp-block-group-is-layout-flex\" style=\"font-size:12px\">\n<p class=\"wp-container-content-82ea18c2 wp-block-paragraph\">2008<\/p>\n\n\n\n<p class=\"wp-container-content-6511ad4a wp-block-paragraph\"><em>Experimentation: Art\/Science and Technology \u2014 Exhibition of the Residency Network programme<\/em>. Pavilh\u00e3o do Conhecimento, Lisbon (PT).<br><em>5 de c\u00e1 5 de l\u00e1<\/em>. Atelie\u0302 da Imagem, Rio de Janeiro (BR).<\/p>\n<\/div>\n\n\n\n<div class=\"wp-block-group is-layout-flex wp-block-group-is-layout-flex\" style=\"font-size:12px\">\n<p class=\"wp-container-content-82ea18c2 wp-block-paragraph\">2007<\/p>\n\n\n\n<p class=\"wp-container-content-6511ad4a wp-block-paragraph\"><em>Open to all<\/em>. Artery Arts Project &amp; Resonance FM with Area 10, London (UK).<\/p>\n<\/div>\n\n\n\n<div class=\"wp-block-group is-layout-flex wp-block-group-is-layout-flex\" style=\"font-size:12px\">\n<p class=\"wp-container-content-82ea18c2 wp-block-paragraph\">2005<\/p>\n\n\n\n<p class=\"wp-container-content-6511ad4a wp-block-paragraph\"><em>Accrochage<\/em>. Pal\u00e1cio de Santos \/ French Embassy, Lisbon (PT).<br><em>Offene Ateliers<\/em>. Kunstlerhaus Dortmund, Dortmund (DE).<\/p>\n<\/div>\n\n\n\n<div class=\"wp-block-group is-layout-flex wp-block-group-is-layout-flex\" style=\"font-size:12px\">\n<p class=\"wp-container-content-82ea18c2 wp-block-paragraph\">2004<\/p>\n\n\n\n<p class=\"wp-container-content-6511ad4a wp-block-paragraph\"><em>O um e os outros<\/em>. Curated by Pedro Cabrita Reis. Casa das Artes de Tavira, Tavira (PT).<\/p>\n<\/div>\n\n\n\n<div class=\"wp-block-group is-layout-flex wp-block-group-is-layout-flex\" style=\"font-size:12px\">\n<p class=\"wp-container-content-82ea18c2 wp-block-paragraph\">2003<\/p>\n\n\n\n<p class=\"wp-container-content-6511ad4a wp-block-paragraph\"><em>Lisboa photo_Espiritismo<\/em>. Pavilh\u00e3o Branco e Pavilh\u00e3o Preto \/ Museu da Cidade, Lisbon (PT).<br><em>Untitled<\/em>. Cordoaria Nacional \/ AR.CO, Lisbon (PT).<\/p>\n<\/div>\n\n\n\n<div class=\"wp-block-group is-layout-flex wp-block-group-is-layout-flex\" style=\"font-size:12px\">\n<p class=\"wp-container-content-82ea18c2 wp-block-paragraph\">2002<\/p>\n\n\n\n<p class=\"wp-container-content-6511ad4a wp-block-paragraph\"><em>Regras do Jogo da Gl\u00f3ria<\/em>. Curated by Paulo Mendes. Artemosferas, Porto (PT).<\/p>\n<\/div>\n\n\n\n<div class=\"wp-block-group is-layout-flex wp-block-group-is-layout-flex\" style=\"font-size:12px\">\n<p class=\"wp-container-content-82ea18c2 wp-block-paragraph\">2001<\/p>\n\n\n\n<p class=\"wp-container-content-6511ad4a wp-block-paragraph\"><em>Collective Exhibition of Fine Arts Finalists<\/em>. ESAD, Caldas da Ra\u00ednha (PT). Artemosferas, Porto (PT).<\/p>\n<\/div>\n\n\n\n<div class=\"wp-block-group is-layout-flex wp-block-group-is-layout-flex\" style=\"font-size:12px\">\n<p class=\"wp-container-content-82ea18c2 wp-block-paragraph\">2000<\/p>\n\n\n\n<p class=\"wp-container-content-6511ad4a wp-block-paragraph\"><em>Intervenc\u0327\u00e3o<\/em>. Galeria 30 dias, Caldas da Ra\u00ednha (PT).<br><em>Slingshot<\/em>. ATV  Acad\u00e9mico de Torres Vedras, Torres Vedras (PT).<\/p>\n<\/div>\n\n\n\n<p class=\"wp-block-paragraph\" style=\"font-size:12px;text-decoration:underline\"><br>PERFORMANCES AND PRESENTATIONS<\/p>\n\n\n\n<div class=\"wp-block-group is-layout-flex wp-block-group-is-layout-flex\" style=\"font-size:12px\">\n<p class=\"wp-container-content-82ea18c2 wp-block-paragraph\">2025<\/p>\n\n\n\n<p class=\"wp-container-content-6511ad4a wp-block-paragraph\"><em>Caminhadas Performativas.<\/em> Guarda Rios Collective \u2013 Festival Desejar, Braga 25, Braga (PT).<\/p>\n<\/div>\n\n\n\n<div class=\"wp-block-group is-layout-flex wp-block-group-is-layout-flex\" style=\"font-size:12px\">\n<p class=\"wp-container-content-82ea18c2 wp-block-paragraph\">2023<\/p>\n\n\n\n<p class=\"wp-container-content-6511ad4a wp-block-paragraph\">Collective reading-performance <em><em>Atmos, vapor envolvente<\/em><\/em>. Amadeo de Souza-Cardoso Municipal Museum, Amarante (PT).<\/p>\n<\/div>\n\n\n\n<div class=\"wp-block-group is-layout-flex wp-block-group-is-layout-flex\" style=\"font-size:12px\">\n<p class=\"wp-container-content-82ea18c2 wp-block-paragraph\">2017<\/p>\n\n\n\n<p class=\"wp-container-content-6511ad4a wp-block-paragraph\">Performance organised by the artist as part of the Triangular Project: Collective reading, a portrait of our time, with final-year students from the Visual Arts Course at Universidade do Minho, Centro Internacional Jos\u00e9 de Guimar\u00e3es, Guimar\u00e3es (PT).&nbsp;<\/p>\n<\/div>\n\n\n\n<div class=\"wp-block-group is-layout-flex wp-block-group-is-layout-flex\" style=\"font-size:12px\">\n<p class=\"wp-container-content-82ea18c2 wp-block-paragraph\">2001<\/p>\n\n\n\n<p class=\"wp-container-content-6511ad4a wp-block-paragraph\"><em>\u00d3pera Sr. Dr. Fausto<\/em>, by Jos\u00e9 Eduardo Rocha. Bienal da Maia, Maia (PT).<\/p>\n<\/div>\n\n\n\n<p class=\"wp-block-paragraph\" style=\"font-size:12px;text-decoration:underline\"><br>SELECTED PRIZES \/ GRANTS<\/p>\n\n\n\n<div class=\"wp-block-group is-layout-flex wp-block-group-is-layout-flex\" style=\"font-size:12px\">\n<p class=\"wp-container-content-82ea18c2 wp-block-paragraph\"><strong>2023<\/strong>&nbsp;<\/p>\n\n\n\n<p class=\"wp-container-content-6511ad4a wp-block-paragraph\">Artista seleccionada. 13\u00ba pr\u00e9mio Amadeo de Souza-Sardoso&nbsp;(PT).<\/p>\n<\/div>\n\n\n\n<div class=\"wp-block-group is-layout-flex wp-block-group-is-layout-flex\" style=\"font-size:12px\">\n<p class=\"wp-container-content-82ea18c2 wp-block-paragraph\">2021 &#8211; 2023<\/p>\n\n\n\n<p class=\"wp-container-content-6511ad4a wp-block-paragraph\">Support for artistic creation for book publishing. Funda\u00e7\u00e3o Calouste Gulbenkian (PT).<\/p>\n<\/div>\n\n\n\n<div class=\"wp-block-group is-layout-flex wp-block-group-is-layout-flex\" style=\"font-size:12px\">\n<p class=\"wp-container-content-82ea18c2 wp-block-paragraph\">2015 &#8211; 2019<\/p>\n\n\n\n<p class=\"wp-container-content-6511ad4a wp-block-paragraph\">Doctoral Scholarship. CAPES, Coordenac\u0327\u00e3o de Aperfeic\u0327oamento de Pessoal de N\u00edvel Superior (BR).<\/p>\n<\/div>\n\n\n\n<div class=\"wp-block-group is-layout-flex wp-block-group-is-layout-flex\" style=\"font-size:12px\">\n<p class=\"wp-container-content-82ea18c2 wp-block-paragraph\"><strong>2011 &#8211; 2014<\/strong>&nbsp;<\/p>\n\n\n\n<p class=\"wp-container-content-6511ad4a wp-block-paragraph\">Master's Degree Scholarship. CAPES, Coordenac\u0327\u00e3o de Aperfeic\u0327oamento de Pessoal de N\u00edvel Superior (BR).<\/p>\n<\/div>\n\n\n\n<div class=\"wp-block-group is-layout-flex wp-block-group-is-layout-flex\" style=\"font-size:12px\">\n<p class=\"wp-container-content-82ea18c2 wp-block-paragraph\">2009<\/p>\n\n\n\n<p class=\"wp-container-content-6511ad4a wp-block-paragraph\">INOV-art artistic production grant. Direc\u0327\u00e3o Geral das Artes e Minist\u00e9rio da Cultura Portugue\u0302s (BR).<\/p>\n<\/div>\n\n\n\n<div class=\"wp-block-group is-layout-flex wp-block-group-is-layout-flex\" style=\"font-size:12px\">\n<p class=\"wp-container-content-82ea18c2 wp-block-paragraph\">2007<\/p>\n\n\n\n<p class=\"wp-container-content-6511ad4a wp-block-paragraph\">Artistic production grant\/Residency programme. Instituto de Sistemas e Rob\u00f3tica do Instituto Superior T\u00e9cnico, DG Aartes e Cie\u0302ncia Viva, Arte e Cie\u0302ncia (PT).&nbsp;<\/p>\n<\/div>\n\n\n\n<div class=\"wp-block-group is-layout-flex wp-block-group-is-layout-flex\" style=\"font-size:12px\">\n<p class=\"wp-container-content-82ea18c2 wp-block-paragraph\">2006<\/p>\n\n\n\n<p class=\"wp-container-content-6511ad4a wp-block-paragraph\">Artistic production grant. Centro Nacional de Cultura (PT).<\/p>\n<\/div>\n\n\n\n<div class=\"wp-block-group is-layout-flex wp-block-group-is-layout-flex\" style=\"font-size:12px\">\n<p class=\"wp-container-content-82ea18c2 wp-block-paragraph\">2005<\/p>\n\n\n\n<p class=\"wp-container-content-6511ad4a wp-block-paragraph\">Grant for artistic creation. Funda\u00e7\u00e3o Calouste Gulbenkian (PT).<\/p>\n<\/div>\n\n\n\n<div class=\"wp-block-group is-layout-flex wp-block-group-is-layout-flex\" style=\"font-size:12px\">\n<p class=\"wp-container-content-82ea18c2 wp-block-paragraph\">2003<\/p>\n\n\n\n<p class=\"wp-container-content-6511ad4a wp-block-paragraph\">1st Prize, Audiovisual and multimedia installation. Festival de m\u00fasica dos A\u00e7ores, DRAC (PT).<\/p>\n<\/div>\n\n\n\n<div class=\"wp-block-group is-layout-flex wp-block-group-is-layout-flex\" style=\"font-size:12px\">\n<p class=\"wp-container-content-82ea18c2 wp-block-paragraph\">2001<\/p>\n\n\n\n<p class=\"wp-container-content-6511ad4a wp-block-paragraph\">&nbsp;Merit Scholarship. Ar. Co, Banco Esp\u00edrito Santo (PT).<\/p>\n<\/div>\n\n\n\n<p class=\"wp-block-paragraph\" style=\"font-size:12px;text-decoration:underline\"><br>RESIDENCIES<\/p>\n\n\n\n<div class=\"wp-block-group is-layout-flex wp-block-group-is-layout-flex\" style=\"font-size:12px\">\n<p class=\"wp-container-content-82ea18c2 wp-block-paragraph\">2025<\/p>\n\n\n\n<p class=\"wp-container-content-6511ad4a wp-block-paragraph\">Resid\u00eancia. Coletivo Guarda Rios &#8211; Festival Desejar, Braga 25, Braga (PT).<\/p>\n<\/div>\n\n\n\n<div class=\"wp-block-group is-layout-flex wp-block-group-is-layout-flex\" style=\"font-size:12px\">\n<p class=\"wp-container-content-82ea18c2 wp-block-paragraph\">2017<\/p>\n\n\n\n<p class=\"wp-container-content-6511ad4a wp-block-paragraph\">Art Residency. Ateli\u00ea No\u0302made, Museu de Arte do Rio, MAR, Rio de Janeiro (BR).<br>Writing residency. Teatro do sil\u00eancio, Lisboa Capital Ibero-americana de Cultura (PT).<\/p>\n<\/div>\n\n\n\n<div class=\"wp-block-group is-layout-flex wp-block-group-is-layout-flex\" style=\"font-size:12px\">\n<p class=\"wp-container-content-82ea18c2 wp-block-paragraph\">2007&nbsp;&nbsp;&nbsp;<\/p>\n\n\n\n<p class=\"wp-container-content-6511ad4a wp-block-paragraph\">Art Residency. Instituto de Sistemas e Rob\u00f3tica do Instituto Superior T\u00e9cnico, Lisbon (PT).<br>International Residency <em>O S\u00edtio das Artes<\/em>. F\u00f3rum Cultural O Estado do Mundo, comissioned by Ant\u00f3nio Pinto Ribeiro, Centro de Arte Moderna da Funda\u00e7\u00e3o Calouste Gulbenkian, Lisbon (PT).<\/p>\n<\/div>\n<\/div>\n<\/div>\n\n\n\n<div style=\"height:40px\" aria-hidden=\"true\" class=\"wp-block-spacer\"><\/div>\n\n\n\n<div class=\"wp-block-columns is-layout-flex wp-container-core-columns-is-layout-7387b849 wp-block-columns-is-layout-flex\">\n<div class=\"wp-block-column is-layout-flow wp-block-column-is-layout-flow\" style=\"flex-basis:15%\">\n<h1 class=\"wp-block-heading\" style=\"font-size:20px\">PUBLICATIONS<\/h1>\n<\/div>\n\n\n\n<div class=\"wp-block-column is-layout-flow wp-block-column-is-layout-flow\" style=\"flex-basis:66.66%\">\n<figure class=\"wp-block-gallery has-nested-images columns-6 wp-block-gallery-2 is-layout-flex wp-block-gallery-is-layout-flex\">\n<figure class=\"wp-block-image size-full\"><img data-recalc-dims=\"1\" loading=\"lazy\" decoding=\"async\" width=\"2250\" height=\"1568\" data-attachment-id=\"3204\" data-permalink=\"https:\/\/maissilva.com\/en\/virginia-mota\/dmf-virginia-mota-caderno-a-5209\/\" data-orig-file=\"https:\/\/i0.wp.com\/maissilva.com\/wp-content\/uploads\/2025\/08\/DMF.-Virginia-Mota.-Caderno-A.-5209.jpg?fit=2250%2C1568&amp;ssl=1\" data-orig-size=\"2250,1568\" data-comments-opened=\"0\" data-image-meta=\"{&quot;aperture&quot;:&quot;0&quot;,&quot;credit&quot;:&quot;&quot;,&quot;camera&quot;:&quot;&quot;,&quot;caption&quot;:&quot;&quot;,&quot;created_timestamp&quot;:&quot;0&quot;,&quot;copyright&quot;:&quot;\\u00a9 2021 Daniel Malh\\u00e3o Fotografia (All Rights Reserved)&quot;,&quot;focal_length&quot;:&quot;0&quot;,&quot;iso&quot;:&quot;0&quot;,&quot;shutter_speed&quot;:&quot;0&quot;,&quot;title&quot;:&quot;&quot;,&quot;orientation&quot;:&quot;1&quot;}\" data-image-title=\"&amp;#8220;Atmos-Vapor&amp;#8221; &amp;#8211; Caderno A, Virg\u00ednia Mota\" data-image-description=\"&lt;p&gt;Livro de Artista&lt;br \/&gt;Gouache sobre papel&lt;\/p&gt;\" data-image-caption=\"\" data-large-file=\"https:\/\/i0.wp.com\/maissilva.com\/wp-content\/uploads\/2025\/08\/DMF.-Virginia-Mota.-Caderno-A.-5209.jpg?fit=1024%2C714&amp;ssl=1\" data-id=\"3204\" src=\"https:\/\/i0.wp.com\/maissilva.com\/wp-content\/uploads\/2025\/08\/DMF.-Virginia-Mota.-Caderno-A.-5209.jpg?resize=2250%2C1568&#038;ssl=1\" alt=\"\" class=\"wp-image-3204\" srcset=\"https:\/\/i0.wp.com\/maissilva.com\/wp-content\/uploads\/2025\/08\/DMF.-Virginia-Mota.-Caderno-A.-5209.jpg?w=2250&amp;ssl=1 2250w, https:\/\/i0.wp.com\/maissilva.com\/wp-content\/uploads\/2025\/08\/DMF.-Virginia-Mota.-Caderno-A.-5209.jpg?resize=300%2C209&amp;ssl=1 300w, https:\/\/i0.wp.com\/maissilva.com\/wp-content\/uploads\/2025\/08\/DMF.-Virginia-Mota.-Caderno-A.-5209.jpg?resize=1024%2C714&amp;ssl=1 1024w, https:\/\/i0.wp.com\/maissilva.com\/wp-content\/uploads\/2025\/08\/DMF.-Virginia-Mota.-Caderno-A.-5209.jpg?resize=768%2C535&amp;ssl=1 768w, https:\/\/i0.wp.com\/maissilva.com\/wp-content\/uploads\/2025\/08\/DMF.-Virginia-Mota.-Caderno-A.-5209.jpg?resize=1536%2C1070&amp;ssl=1 1536w, https:\/\/i0.wp.com\/maissilva.com\/wp-content\/uploads\/2025\/08\/DMF.-Virginia-Mota.-Caderno-A.-5209.jpg?resize=2048%2C1427&amp;ssl=1 2048w, https:\/\/i0.wp.com\/maissilva.com\/wp-content\/uploads\/2025\/08\/DMF.-Virginia-Mota.-Caderno-A.-5209.jpg?resize=18%2C12&amp;ssl=1 18w, https:\/\/i0.wp.com\/maissilva.com\/wp-content\/uploads\/2025\/08\/DMF.-Virginia-Mota.-Caderno-A.-5209.jpg?resize=1200%2C836&amp;ssl=1 1200w\" sizes=\"auto, (max-width: 1000px) 100vw, 1000px\" \/><\/figure>\n\n\n\n<figure class=\"wp-block-image size-full\"><img data-recalc-dims=\"1\" loading=\"lazy\" decoding=\"async\" width=\"2250\" height=\"1568\" data-attachment-id=\"3205\" data-permalink=\"https:\/\/maissilva.com\/en\/virginia-mota\/dmf-virginia-mota-caderno-a-5211\/\" data-orig-file=\"https:\/\/i0.wp.com\/maissilva.com\/wp-content\/uploads\/2025\/08\/DMF.-Virginia-Mota.-Caderno-A.-5211.jpg?fit=2250%2C1568&amp;ssl=1\" data-orig-size=\"2250,1568\" data-comments-opened=\"0\" data-image-meta=\"{&quot;aperture&quot;:&quot;0&quot;,&quot;credit&quot;:&quot;&quot;,&quot;camera&quot;:&quot;&quot;,&quot;caption&quot;:&quot;&quot;,&quot;created_timestamp&quot;:&quot;0&quot;,&quot;copyright&quot;:&quot;\\u00a9 2021 Daniel Malh\\u00e3o Fotografia (All Rights Reserved)&quot;,&quot;focal_length&quot;:&quot;0&quot;,&quot;iso&quot;:&quot;0&quot;,&quot;shutter_speed&quot;:&quot;0&quot;,&quot;title&quot;:&quot;&quot;,&quot;orientation&quot;:&quot;1&quot;}\" data-image-title=\"&amp;#8220;Atmos-Vapor&amp;#8221; &amp;#8211; Caderno A, Virg\u00ednia Mota\" data-image-description=\"&lt;p&gt;Livro de Artista&lt;br \/&gt;Gouache sobre papel&lt;\/p&gt;\" data-image-caption=\"\" data-large-file=\"https:\/\/i0.wp.com\/maissilva.com\/wp-content\/uploads\/2025\/08\/DMF.-Virginia-Mota.-Caderno-A.-5211.jpg?fit=1024%2C714&amp;ssl=1\" data-id=\"3205\" src=\"https:\/\/i0.wp.com\/maissilva.com\/wp-content\/uploads\/2025\/08\/DMF.-Virginia-Mota.-Caderno-A.-5211.jpg?resize=2250%2C1568&#038;ssl=1\" alt=\"\" class=\"wp-image-3205\" srcset=\"https:\/\/i0.wp.com\/maissilva.com\/wp-content\/uploads\/2025\/08\/DMF.-Virginia-Mota.-Caderno-A.-5211.jpg?w=2250&amp;ssl=1 2250w, https:\/\/i0.wp.com\/maissilva.com\/wp-content\/uploads\/2025\/08\/DMF.-Virginia-Mota.-Caderno-A.-5211.jpg?resize=300%2C209&amp;ssl=1 300w, https:\/\/i0.wp.com\/maissilva.com\/wp-content\/uploads\/2025\/08\/DMF.-Virginia-Mota.-Caderno-A.-5211.jpg?resize=1024%2C714&amp;ssl=1 1024w, https:\/\/i0.wp.com\/maissilva.com\/wp-content\/uploads\/2025\/08\/DMF.-Virginia-Mota.-Caderno-A.-5211.jpg?resize=768%2C535&amp;ssl=1 768w, https:\/\/i0.wp.com\/maissilva.com\/wp-content\/uploads\/2025\/08\/DMF.-Virginia-Mota.-Caderno-A.-5211.jpg?resize=1536%2C1070&amp;ssl=1 1536w, https:\/\/i0.wp.com\/maissilva.com\/wp-content\/uploads\/2025\/08\/DMF.-Virginia-Mota.-Caderno-A.-5211.jpg?resize=2048%2C1427&amp;ssl=1 2048w, https:\/\/i0.wp.com\/maissilva.com\/wp-content\/uploads\/2025\/08\/DMF.-Virginia-Mota.-Caderno-A.-5211.jpg?resize=18%2C12&amp;ssl=1 18w, https:\/\/i0.wp.com\/maissilva.com\/wp-content\/uploads\/2025\/08\/DMF.-Virginia-Mota.-Caderno-A.-5211.jpg?resize=1200%2C836&amp;ssl=1 1200w\" sizes=\"auto, (max-width: 1000px) 100vw, 1000px\" \/><\/figure>\n\n\n\n<figure class=\"wp-block-image size-full\"><img data-recalc-dims=\"1\" loading=\"lazy\" decoding=\"async\" width=\"2250\" height=\"1568\" data-attachment-id=\"3206\" data-permalink=\"https:\/\/maissilva.com\/en\/virginia-mota\/dmf-virginia-mota-caderno-a-5212\/\" data-orig-file=\"https:\/\/i0.wp.com\/maissilva.com\/wp-content\/uploads\/2025\/08\/DMF.-Virginia-Mota.-Caderno-A.-5212.jpg?fit=2250%2C1568&amp;ssl=1\" data-orig-size=\"2250,1568\" data-comments-opened=\"0\" data-image-meta=\"{&quot;aperture&quot;:&quot;0&quot;,&quot;credit&quot;:&quot;&quot;,&quot;camera&quot;:&quot;&quot;,&quot;caption&quot;:&quot;&quot;,&quot;created_timestamp&quot;:&quot;0&quot;,&quot;copyright&quot;:&quot;\\u00a9 2021 Daniel Malh\\u00e3o Fotografia (All Rights Reserved)&quot;,&quot;focal_length&quot;:&quot;0&quot;,&quot;iso&quot;:&quot;0&quot;,&quot;shutter_speed&quot;:&quot;0&quot;,&quot;title&quot;:&quot;&quot;,&quot;orientation&quot;:&quot;1&quot;}\" data-image-title=\"&amp;#8220;Atmos-Vapor&amp;#8221; &amp;#8211; Caderno A, Virg\u00ednia Mota\" data-image-description=\"&lt;p&gt;Livro de Artista&lt;br \/&gt;Gouache sobre papel&lt;\/p&gt;\" data-image-caption=\"\" data-large-file=\"https:\/\/i0.wp.com\/maissilva.com\/wp-content\/uploads\/2025\/08\/DMF.-Virginia-Mota.-Caderno-A.-5212.jpg?fit=1024%2C714&amp;ssl=1\" data-id=\"3206\" src=\"https:\/\/i0.wp.com\/maissilva.com\/wp-content\/uploads\/2025\/08\/DMF.-Virginia-Mota.-Caderno-A.-5212.jpg?resize=2250%2C1568&#038;ssl=1\" alt=\"\" class=\"wp-image-3206\" srcset=\"https:\/\/i0.wp.com\/maissilva.com\/wp-content\/uploads\/2025\/08\/DMF.-Virginia-Mota.-Caderno-A.-5212.jpg?w=2250&amp;ssl=1 2250w, https:\/\/i0.wp.com\/maissilva.com\/wp-content\/uploads\/2025\/08\/DMF.-Virginia-Mota.-Caderno-A.-5212.jpg?resize=300%2C209&amp;ssl=1 300w, https:\/\/i0.wp.com\/maissilva.com\/wp-content\/uploads\/2025\/08\/DMF.-Virginia-Mota.-Caderno-A.-5212.jpg?resize=1024%2C714&amp;ssl=1 1024w, https:\/\/i0.wp.com\/maissilva.com\/wp-content\/uploads\/2025\/08\/DMF.-Virginia-Mota.-Caderno-A.-5212.jpg?resize=768%2C535&amp;ssl=1 768w, https:\/\/i0.wp.com\/maissilva.com\/wp-content\/uploads\/2025\/08\/DMF.-Virginia-Mota.-Caderno-A.-5212.jpg?resize=1536%2C1070&amp;ssl=1 1536w, https:\/\/i0.wp.com\/maissilva.com\/wp-content\/uploads\/2025\/08\/DMF.-Virginia-Mota.-Caderno-A.-5212.jpg?resize=2048%2C1427&amp;ssl=1 2048w, https:\/\/i0.wp.com\/maissilva.com\/wp-content\/uploads\/2025\/08\/DMF.-Virginia-Mota.-Caderno-A.-5212.jpg?resize=18%2C12&amp;ssl=1 18w, https:\/\/i0.wp.com\/maissilva.com\/wp-content\/uploads\/2025\/08\/DMF.-Virginia-Mota.-Caderno-A.-5212.jpg?resize=1200%2C836&amp;ssl=1 1200w\" sizes=\"auto, (max-width: 1000px) 100vw, 1000px\" \/><\/figure>\n\n\n\n<figure class=\"wp-block-image size-full\"><img data-recalc-dims=\"1\" loading=\"lazy\" decoding=\"async\" width=\"2250\" height=\"1568\" data-attachment-id=\"3207\" data-permalink=\"https:\/\/maissilva.com\/en\/virginia-mota\/dmf-virginia-mota-caderno-b-5213\/\" data-orig-file=\"https:\/\/i0.wp.com\/maissilva.com\/wp-content\/uploads\/2025\/08\/DMF.-Virginia-Mota.-Caderno-B.-5213.jpg?fit=2250%2C1568&amp;ssl=1\" data-orig-size=\"2250,1568\" data-comments-opened=\"0\" data-image-meta=\"{&quot;aperture&quot;:&quot;0&quot;,&quot;credit&quot;:&quot;&quot;,&quot;camera&quot;:&quot;&quot;,&quot;caption&quot;:&quot;&quot;,&quot;created_timestamp&quot;:&quot;0&quot;,&quot;copyright&quot;:&quot;\\u00a9 2021 Daniel Malh\\u00e3o Fotografia (All Rights Reserved)&quot;,&quot;focal_length&quot;:&quot;0&quot;,&quot;iso&quot;:&quot;0&quot;,&quot;shutter_speed&quot;:&quot;0&quot;,&quot;title&quot;:&quot;&quot;,&quot;orientation&quot;:&quot;1&quot;}\" data-image-title=\"&amp;#8220;Atmos-Vapor&amp;#8221; &amp;#8211; Caderno B, Virg\u00ednia Mota\" data-image-description=\"&lt;p&gt;Livro de Artista&lt;br \/&gt;Gouache sobre papel&lt;\/p&gt;\" data-image-caption=\"\" data-large-file=\"https:\/\/i0.wp.com\/maissilva.com\/wp-content\/uploads\/2025\/08\/DMF.-Virginia-Mota.-Caderno-B.-5213.jpg?fit=1024%2C714&amp;ssl=1\" data-id=\"3207\" src=\"https:\/\/i0.wp.com\/maissilva.com\/wp-content\/uploads\/2025\/08\/DMF.-Virginia-Mota.-Caderno-B.-5213.jpg?resize=2250%2C1568&#038;ssl=1\" alt=\"\" class=\"wp-image-3207\" srcset=\"https:\/\/i0.wp.com\/maissilva.com\/wp-content\/uploads\/2025\/08\/DMF.-Virginia-Mota.-Caderno-B.-5213.jpg?w=2250&amp;ssl=1 2250w, https:\/\/i0.wp.com\/maissilva.com\/wp-content\/uploads\/2025\/08\/DMF.-Virginia-Mota.-Caderno-B.-5213.jpg?resize=300%2C209&amp;ssl=1 300w, https:\/\/i0.wp.com\/maissilva.com\/wp-content\/uploads\/2025\/08\/DMF.-Virginia-Mota.-Caderno-B.-5213.jpg?resize=1024%2C714&amp;ssl=1 1024w, https:\/\/i0.wp.com\/maissilva.com\/wp-content\/uploads\/2025\/08\/DMF.-Virginia-Mota.-Caderno-B.-5213.jpg?resize=768%2C535&amp;ssl=1 768w, https:\/\/i0.wp.com\/maissilva.com\/wp-content\/uploads\/2025\/08\/DMF.-Virginia-Mota.-Caderno-B.-5213.jpg?resize=1536%2C1070&amp;ssl=1 1536w, https:\/\/i0.wp.com\/maissilva.com\/wp-content\/uploads\/2025\/08\/DMF.-Virginia-Mota.-Caderno-B.-5213.jpg?resize=2048%2C1427&amp;ssl=1 2048w, https:\/\/i0.wp.com\/maissilva.com\/wp-content\/uploads\/2025\/08\/DMF.-Virginia-Mota.-Caderno-B.-5213.jpg?resize=18%2C12&amp;ssl=1 18w, https:\/\/i0.wp.com\/maissilva.com\/wp-content\/uploads\/2025\/08\/DMF.-Virginia-Mota.-Caderno-B.-5213.jpg?resize=1200%2C836&amp;ssl=1 1200w\" sizes=\"auto, (max-width: 1000px) 100vw, 1000px\" \/><\/figure>\n\n\n\n<figure class=\"wp-block-image size-full\"><img data-recalc-dims=\"1\" loading=\"lazy\" decoding=\"async\" width=\"2250\" height=\"1568\" data-attachment-id=\"3208\" data-permalink=\"https:\/\/maissilva.com\/en\/virginia-mota\/dmf-virginia-mota-caderno-b-5214\/\" data-orig-file=\"https:\/\/i0.wp.com\/maissilva.com\/wp-content\/uploads\/2025\/08\/DMF.-Virginia-Mota.-Caderno-B.-5214.jpg?fit=2250%2C1568&amp;ssl=1\" data-orig-size=\"2250,1568\" data-comments-opened=\"0\" data-image-meta=\"{&quot;aperture&quot;:&quot;0&quot;,&quot;credit&quot;:&quot;&quot;,&quot;camera&quot;:&quot;&quot;,&quot;caption&quot;:&quot;&quot;,&quot;created_timestamp&quot;:&quot;0&quot;,&quot;copyright&quot;:&quot;\\u00a9 2021 Daniel Malh\\u00e3o Fotografia (All Rights Reserved)&quot;,&quot;focal_length&quot;:&quot;0&quot;,&quot;iso&quot;:&quot;0&quot;,&quot;shutter_speed&quot;:&quot;0&quot;,&quot;title&quot;:&quot;&quot;,&quot;orientation&quot;:&quot;1&quot;}\" data-image-title=\"&amp;#8220;Atmos-Vapor&amp;#8221; &amp;#8211; Caderno B, Virg\u00ednia Mota\" data-image-description=\"&lt;p&gt;Livro de Artista&lt;br \/&gt;Gouache sobre papel&lt;\/p&gt;\" data-image-caption=\"\" data-large-file=\"https:\/\/i0.wp.com\/maissilva.com\/wp-content\/uploads\/2025\/08\/DMF.-Virginia-Mota.-Caderno-B.-5214.jpg?fit=1024%2C714&amp;ssl=1\" data-id=\"3208\" src=\"https:\/\/i0.wp.com\/maissilva.com\/wp-content\/uploads\/2025\/08\/DMF.-Virginia-Mota.-Caderno-B.-5214.jpg?resize=2250%2C1568&#038;ssl=1\" alt=\"\" class=\"wp-image-3208\" srcset=\"https:\/\/i0.wp.com\/maissilva.com\/wp-content\/uploads\/2025\/08\/DMF.-Virginia-Mota.-Caderno-B.-5214.jpg?w=2250&amp;ssl=1 2250w, https:\/\/i0.wp.com\/maissilva.com\/wp-content\/uploads\/2025\/08\/DMF.-Virginia-Mota.-Caderno-B.-5214.jpg?resize=300%2C209&amp;ssl=1 300w, https:\/\/i0.wp.com\/maissilva.com\/wp-content\/uploads\/2025\/08\/DMF.-Virginia-Mota.-Caderno-B.-5214.jpg?resize=1024%2C714&amp;ssl=1 1024w, https:\/\/i0.wp.com\/maissilva.com\/wp-content\/uploads\/2025\/08\/DMF.-Virginia-Mota.-Caderno-B.-5214.jpg?resize=768%2C535&amp;ssl=1 768w, https:\/\/i0.wp.com\/maissilva.com\/wp-content\/uploads\/2025\/08\/DMF.-Virginia-Mota.-Caderno-B.-5214.jpg?resize=1536%2C1070&amp;ssl=1 1536w, https:\/\/i0.wp.com\/maissilva.com\/wp-content\/uploads\/2025\/08\/DMF.-Virginia-Mota.-Caderno-B.-5214.jpg?resize=2048%2C1427&amp;ssl=1 2048w, https:\/\/i0.wp.com\/maissilva.com\/wp-content\/uploads\/2025\/08\/DMF.-Virginia-Mota.-Caderno-B.-5214.jpg?resize=18%2C12&amp;ssl=1 18w, https:\/\/i0.wp.com\/maissilva.com\/wp-content\/uploads\/2025\/08\/DMF.-Virginia-Mota.-Caderno-B.-5214.jpg?resize=1200%2C836&amp;ssl=1 1200w\" sizes=\"auto, (max-width: 1000px) 100vw, 1000px\" \/><\/figure>\n\n\n\n<figure class=\"wp-block-image size-full\"><img data-recalc-dims=\"1\" loading=\"lazy\" decoding=\"async\" width=\"2250\" height=\"1568\" data-attachment-id=\"3211\" data-permalink=\"https:\/\/maissilva.com\/en\/virginia-mota\/dmf-virginia-mota-caderno-b-5215\/\" data-orig-file=\"https:\/\/i0.wp.com\/maissilva.com\/wp-content\/uploads\/2025\/08\/DMF.-Virginia-Mota.-Caderno-B.-5215.jpg?fit=2250%2C1568&amp;ssl=1\" data-orig-size=\"2250,1568\" data-comments-opened=\"0\" data-image-meta=\"{&quot;aperture&quot;:&quot;0&quot;,&quot;credit&quot;:&quot;&quot;,&quot;camera&quot;:&quot;&quot;,&quot;caption&quot;:&quot;&quot;,&quot;created_timestamp&quot;:&quot;0&quot;,&quot;copyright&quot;:&quot;\\u00a9 2021 Daniel Malh\\u00e3o Fotografia (All Rights Reserved)&quot;,&quot;focal_length&quot;:&quot;0&quot;,&quot;iso&quot;:&quot;0&quot;,&quot;shutter_speed&quot;:&quot;0&quot;,&quot;title&quot;:&quot;&quot;,&quot;orientation&quot;:&quot;1&quot;}\" data-image-title=\"&amp;#8220;Atmos-Vapor&amp;#8221; &amp;#8211; Caderno B, Virg\u00ednia Mota\" data-image-description=\"&lt;p&gt;Livro de Artista&lt;br \/&gt;Gouache sobre papel&lt;\/p&gt;\" data-image-caption=\"\" data-large-file=\"https:\/\/i0.wp.com\/maissilva.com\/wp-content\/uploads\/2025\/08\/DMF.-Virginia-Mota.-Caderno-B.-5215.jpg?fit=1024%2C714&amp;ssl=1\" data-id=\"3211\" src=\"https:\/\/i0.wp.com\/maissilva.com\/wp-content\/uploads\/2025\/08\/DMF.-Virginia-Mota.-Caderno-B.-5215.jpg?resize=2250%2C1568&#038;ssl=1\" alt=\"\" class=\"wp-image-3211\" srcset=\"https:\/\/i0.wp.com\/maissilva.com\/wp-content\/uploads\/2025\/08\/DMF.-Virginia-Mota.-Caderno-B.-5215.jpg?w=2250&amp;ssl=1 2250w, https:\/\/i0.wp.com\/maissilva.com\/wp-content\/uploads\/2025\/08\/DMF.-Virginia-Mota.-Caderno-B.-5215.jpg?resize=300%2C209&amp;ssl=1 300w, https:\/\/i0.wp.com\/maissilva.com\/wp-content\/uploads\/2025\/08\/DMF.-Virginia-Mota.-Caderno-B.-5215.jpg?resize=1024%2C714&amp;ssl=1 1024w, https:\/\/i0.wp.com\/maissilva.com\/wp-content\/uploads\/2025\/08\/DMF.-Virginia-Mota.-Caderno-B.-5215.jpg?resize=768%2C535&amp;ssl=1 768w, https:\/\/i0.wp.com\/maissilva.com\/wp-content\/uploads\/2025\/08\/DMF.-Virginia-Mota.-Caderno-B.-5215.jpg?resize=1536%2C1070&amp;ssl=1 1536w, https:\/\/i0.wp.com\/maissilva.com\/wp-content\/uploads\/2025\/08\/DMF.-Virginia-Mota.-Caderno-B.-5215.jpg?resize=2048%2C1427&amp;ssl=1 2048w, https:\/\/i0.wp.com\/maissilva.com\/wp-content\/uploads\/2025\/08\/DMF.-Virginia-Mota.-Caderno-B.-5215.jpg?resize=18%2C12&amp;ssl=1 18w, https:\/\/i0.wp.com\/maissilva.com\/wp-content\/uploads\/2025\/08\/DMF.-Virginia-Mota.-Caderno-B.-5215.jpg?resize=1200%2C836&amp;ssl=1 1200w\" sizes=\"auto, (max-width: 1000px) 100vw, 1000px\" \/><\/figure>\n\n\n\n<figure class=\"wp-block-image size-full\"><img data-recalc-dims=\"1\" loading=\"lazy\" decoding=\"async\" width=\"2250\" height=\"1568\" data-attachment-id=\"3210\" data-permalink=\"https:\/\/maissilva.com\/en\/virginia-mota\/dmf-virginia-mota-caderno-b-5216-2\/\" data-orig-file=\"https:\/\/i0.wp.com\/maissilva.com\/wp-content\/uploads\/2025\/08\/DMF.-Virginia-Mota.-Caderno-B.-5216-1.jpg?fit=2250%2C1568&amp;ssl=1\" data-orig-size=\"2250,1568\" data-comments-opened=\"0\" data-image-meta=\"{&quot;aperture&quot;:&quot;0&quot;,&quot;credit&quot;:&quot;&quot;,&quot;camera&quot;:&quot;&quot;,&quot;caption&quot;:&quot;&quot;,&quot;created_timestamp&quot;:&quot;0&quot;,&quot;copyright&quot;:&quot;\\u00a9 2021 Daniel Malh\\u00e3o Fotografia (All Rights Reserved)&quot;,&quot;focal_length&quot;:&quot;0&quot;,&quot;iso&quot;:&quot;0&quot;,&quot;shutter_speed&quot;:&quot;0&quot;,&quot;title&quot;:&quot;&quot;,&quot;orientation&quot;:&quot;1&quot;}\" data-image-title=\"&amp;#8220;Atmos-Vapor&amp;#8221; &amp;#8211; Caderno B, Virg\u00ednia Mota\" data-image-description=\"&lt;p&gt;Livro de Artista&lt;br \/&gt;Gouache sobre papel&lt;\/p&gt;\" data-image-caption=\"\" data-large-file=\"https:\/\/i0.wp.com\/maissilva.com\/wp-content\/uploads\/2025\/08\/DMF.-Virginia-Mota.-Caderno-B.-5216-1.jpg?fit=1024%2C714&amp;ssl=1\" data-id=\"3210\" src=\"https:\/\/i0.wp.com\/maissilva.com\/wp-content\/uploads\/2025\/08\/DMF.-Virginia-Mota.-Caderno-B.-5216-1.jpg?resize=2250%2C1568&#038;ssl=1\" alt=\"\" class=\"wp-image-3210\" srcset=\"https:\/\/i0.wp.com\/maissilva.com\/wp-content\/uploads\/2025\/08\/DMF.-Virginia-Mota.-Caderno-B.-5216-1.jpg?w=2250&amp;ssl=1 2250w, https:\/\/i0.wp.com\/maissilva.com\/wp-content\/uploads\/2025\/08\/DMF.-Virginia-Mota.-Caderno-B.-5216-1.jpg?resize=300%2C209&amp;ssl=1 300w, https:\/\/i0.wp.com\/maissilva.com\/wp-content\/uploads\/2025\/08\/DMF.-Virginia-Mota.-Caderno-B.-5216-1.jpg?resize=1024%2C714&amp;ssl=1 1024w, https:\/\/i0.wp.com\/maissilva.com\/wp-content\/uploads\/2025\/08\/DMF.-Virginia-Mota.-Caderno-B.-5216-1.jpg?resize=768%2C535&amp;ssl=1 768w, https:\/\/i0.wp.com\/maissilva.com\/wp-content\/uploads\/2025\/08\/DMF.-Virginia-Mota.-Caderno-B.-5216-1.jpg?resize=1536%2C1070&amp;ssl=1 1536w, https:\/\/i0.wp.com\/maissilva.com\/wp-content\/uploads\/2025\/08\/DMF.-Virginia-Mota.-Caderno-B.-5216-1.jpg?resize=2048%2C1427&amp;ssl=1 2048w, https:\/\/i0.wp.com\/maissilva.com\/wp-content\/uploads\/2025\/08\/DMF.-Virginia-Mota.-Caderno-B.-5216-1.jpg?resize=18%2C12&amp;ssl=1 18w, https:\/\/i0.wp.com\/maissilva.com\/wp-content\/uploads\/2025\/08\/DMF.-Virginia-Mota.-Caderno-B.-5216-1.jpg?resize=1200%2C836&amp;ssl=1 1200w\" sizes=\"auto, (max-width: 1000px) 100vw, 1000px\" \/><\/figure>\n\n\n\n<figure class=\"wp-block-image size-full\"><img data-recalc-dims=\"1\" loading=\"lazy\" decoding=\"async\" width=\"2250\" height=\"1568\" data-attachment-id=\"3213\" data-permalink=\"https:\/\/maissilva.com\/en\/virginia-mota\/dmf-virginia-mota-caderno-b-5218\/\" data-orig-file=\"https:\/\/i0.wp.com\/maissilva.com\/wp-content\/uploads\/2025\/08\/DMF.-Virginia-Mota.-Caderno-B.-5218.jpg?fit=2250%2C1568&amp;ssl=1\" data-orig-size=\"2250,1568\" data-comments-opened=\"0\" data-image-meta=\"{&quot;aperture&quot;:&quot;0&quot;,&quot;credit&quot;:&quot;&quot;,&quot;camera&quot;:&quot;&quot;,&quot;caption&quot;:&quot;&quot;,&quot;created_timestamp&quot;:&quot;0&quot;,&quot;copyright&quot;:&quot;\\u00a9 2021 Daniel Malh\\u00e3o Fotografia (All Rights Reserved)&quot;,&quot;focal_length&quot;:&quot;0&quot;,&quot;iso&quot;:&quot;0&quot;,&quot;shutter_speed&quot;:&quot;0&quot;,&quot;title&quot;:&quot;&quot;,&quot;orientation&quot;:&quot;1&quot;}\" data-image-title=\"&amp;#8220;Atmos-Vapor&amp;#8221; &amp;#8211; Caderno B, Virg\u00ednia Mota\" data-image-description=\"&lt;p&gt;Livro de Artista&lt;br \/&gt;Gouache sobre papel&lt;\/p&gt;\" data-image-caption=\"\" data-large-file=\"https:\/\/i0.wp.com\/maissilva.com\/wp-content\/uploads\/2025\/08\/DMF.-Virginia-Mota.-Caderno-B.-5218.jpg?fit=1024%2C714&amp;ssl=1\" data-id=\"3213\" src=\"https:\/\/i0.wp.com\/maissilva.com\/wp-content\/uploads\/2025\/08\/DMF.-Virginia-Mota.-Caderno-B.-5218.jpg?resize=2250%2C1568&#038;ssl=1\" alt=\"\" class=\"wp-image-3213\" srcset=\"https:\/\/i0.wp.com\/maissilva.com\/wp-content\/uploads\/2025\/08\/DMF.-Virginia-Mota.-Caderno-B.-5218.jpg?w=2250&amp;ssl=1 2250w, https:\/\/i0.wp.com\/maissilva.com\/wp-content\/uploads\/2025\/08\/DMF.-Virginia-Mota.-Caderno-B.-5218.jpg?resize=300%2C209&amp;ssl=1 300w, https:\/\/i0.wp.com\/maissilva.com\/wp-content\/uploads\/2025\/08\/DMF.-Virginia-Mota.-Caderno-B.-5218.jpg?resize=1024%2C714&amp;ssl=1 1024w, https:\/\/i0.wp.com\/maissilva.com\/wp-content\/uploads\/2025\/08\/DMF.-Virginia-Mota.-Caderno-B.-5218.jpg?resize=768%2C535&amp;ssl=1 768w, https:\/\/i0.wp.com\/maissilva.com\/wp-content\/uploads\/2025\/08\/DMF.-Virginia-Mota.-Caderno-B.-5218.jpg?resize=1536%2C1070&amp;ssl=1 1536w, https:\/\/i0.wp.com\/maissilva.com\/wp-content\/uploads\/2025\/08\/DMF.-Virginia-Mota.-Caderno-B.-5218.jpg?resize=2048%2C1427&amp;ssl=1 2048w, https:\/\/i0.wp.com\/maissilva.com\/wp-content\/uploads\/2025\/08\/DMF.-Virginia-Mota.-Caderno-B.-5218.jpg?resize=18%2C12&amp;ssl=1 18w, https:\/\/i0.wp.com\/maissilva.com\/wp-content\/uploads\/2025\/08\/DMF.-Virginia-Mota.-Caderno-B.-5218.jpg?resize=1200%2C836&amp;ssl=1 1200w\" sizes=\"auto, (max-width: 1000px) 100vw, 1000px\" \/><\/figure>\n\n\n\n<figure class=\"wp-block-image size-full\"><img data-recalc-dims=\"1\" loading=\"lazy\" decoding=\"async\" width=\"2250\" height=\"1568\" data-attachment-id=\"3214\" data-permalink=\"https:\/\/maissilva.com\/en\/virginia-mota\/dmf-virginia-mota-caderno-b-5219\/\" data-orig-file=\"https:\/\/i0.wp.com\/maissilva.com\/wp-content\/uploads\/2025\/08\/DMF.-Virginia-Mota.-Caderno-B.-5219.jpg?fit=2250%2C1568&amp;ssl=1\" data-orig-size=\"2250,1568\" data-comments-opened=\"0\" data-image-meta=\"{&quot;aperture&quot;:&quot;0&quot;,&quot;credit&quot;:&quot;&quot;,&quot;camera&quot;:&quot;&quot;,&quot;caption&quot;:&quot;&quot;,&quot;created_timestamp&quot;:&quot;0&quot;,&quot;copyright&quot;:&quot;\\u00a9 2021 Daniel Malh\\u00e3o Fotografia (All Rights Reserved)&quot;,&quot;focal_length&quot;:&quot;0&quot;,&quot;iso&quot;:&quot;0&quot;,&quot;shutter_speed&quot;:&quot;0&quot;,&quot;title&quot;:&quot;&quot;,&quot;orientation&quot;:&quot;1&quot;}\" data-image-title=\"&amp;#8220;Atmos-Vapor&amp;#8221; &amp;#8211; Caderno B, Virg\u00ednia Mota\" data-image-description=\"&lt;p&gt;Livro de Artista&lt;br \/&gt;Gouache sobre papel&lt;\/p&gt;\" data-image-caption=\"\" data-large-file=\"https:\/\/i0.wp.com\/maissilva.com\/wp-content\/uploads\/2025\/08\/DMF.-Virginia-Mota.-Caderno-B.-5219.jpg?fit=1024%2C714&amp;ssl=1\" data-id=\"3214\" src=\"https:\/\/i0.wp.com\/maissilva.com\/wp-content\/uploads\/2025\/08\/DMF.-Virginia-Mota.-Caderno-B.-5219.jpg?resize=2250%2C1568&#038;ssl=1\" alt=\"\" class=\"wp-image-3214\" srcset=\"https:\/\/i0.wp.com\/maissilva.com\/wp-content\/uploads\/2025\/08\/DMF.-Virginia-Mota.-Caderno-B.-5219.jpg?w=2250&amp;ssl=1 2250w, https:\/\/i0.wp.com\/maissilva.com\/wp-content\/uploads\/2025\/08\/DMF.-Virginia-Mota.-Caderno-B.-5219.jpg?resize=300%2C209&amp;ssl=1 300w, https:\/\/i0.wp.com\/maissilva.com\/wp-content\/uploads\/2025\/08\/DMF.-Virginia-Mota.-Caderno-B.-5219.jpg?resize=1024%2C714&amp;ssl=1 1024w, https:\/\/i0.wp.com\/maissilva.com\/wp-content\/uploads\/2025\/08\/DMF.-Virginia-Mota.-Caderno-B.-5219.jpg?resize=768%2C535&amp;ssl=1 768w, https:\/\/i0.wp.com\/maissilva.com\/wp-content\/uploads\/2025\/08\/DMF.-Virginia-Mota.-Caderno-B.-5219.jpg?resize=1536%2C1070&amp;ssl=1 1536w, https:\/\/i0.wp.com\/maissilva.com\/wp-content\/uploads\/2025\/08\/DMF.-Virginia-Mota.-Caderno-B.-5219.jpg?resize=2048%2C1427&amp;ssl=1 2048w, https:\/\/i0.wp.com\/maissilva.com\/wp-content\/uploads\/2025\/08\/DMF.-Virginia-Mota.-Caderno-B.-5219.jpg?resize=18%2C12&amp;ssl=1 18w, https:\/\/i0.wp.com\/maissilva.com\/wp-content\/uploads\/2025\/08\/DMF.-Virginia-Mota.-Caderno-B.-5219.jpg?resize=1200%2C836&amp;ssl=1 1200w\" sizes=\"auto, (max-width: 1000px) 100vw, 1000px\" \/><\/figure>\n\n\n\n<figure class=\"wp-block-image size-full\"><img data-recalc-dims=\"1\" loading=\"lazy\" decoding=\"async\" width=\"2250\" height=\"1568\" data-attachment-id=\"3215\" data-permalink=\"https:\/\/maissilva.com\/en\/virginia-mota\/dmf-virginia-mota-caderno-b-5220\/\" data-orig-file=\"https:\/\/i0.wp.com\/maissilva.com\/wp-content\/uploads\/2025\/08\/DMF.-Virginia-Mota.-Caderno-B.-5220.jpg?fit=2250%2C1568&amp;ssl=1\" data-orig-size=\"2250,1568\" data-comments-opened=\"0\" data-image-meta=\"{&quot;aperture&quot;:&quot;0&quot;,&quot;credit&quot;:&quot;&quot;,&quot;camera&quot;:&quot;&quot;,&quot;caption&quot;:&quot;&quot;,&quot;created_timestamp&quot;:&quot;0&quot;,&quot;copyright&quot;:&quot;\\u00a9 2021 Daniel Malh\\u00e3o Fotografia (All Rights Reserved)&quot;,&quot;focal_length&quot;:&quot;0&quot;,&quot;iso&quot;:&quot;0&quot;,&quot;shutter_speed&quot;:&quot;0&quot;,&quot;title&quot;:&quot;&quot;,&quot;orientation&quot;:&quot;1&quot;}\" data-image-title=\"&amp;#8220;Atmos-Vapor&amp;#8221; &amp;#8211; Caderno B, Virg\u00ednia Mota\" data-image-description=\"&lt;p&gt;Livro de Artista&lt;br \/&gt;Gouache sobre papel&lt;\/p&gt;\" data-image-caption=\"\" data-large-file=\"https:\/\/i0.wp.com\/maissilva.com\/wp-content\/uploads\/2025\/08\/DMF.-Virginia-Mota.-Caderno-B.-5220.jpg?fit=1024%2C714&amp;ssl=1\" data-id=\"3215\" src=\"https:\/\/i0.wp.com\/maissilva.com\/wp-content\/uploads\/2025\/08\/DMF.-Virginia-Mota.-Caderno-B.-5220.jpg?resize=2250%2C1568&#038;ssl=1\" alt=\"\" class=\"wp-image-3215\" srcset=\"https:\/\/i0.wp.com\/maissilva.com\/wp-content\/uploads\/2025\/08\/DMF.-Virginia-Mota.-Caderno-B.-5220.jpg?w=2250&amp;ssl=1 2250w, https:\/\/i0.wp.com\/maissilva.com\/wp-content\/uploads\/2025\/08\/DMF.-Virginia-Mota.-Caderno-B.-5220.jpg?resize=300%2C209&amp;ssl=1 300w, https:\/\/i0.wp.com\/maissilva.com\/wp-content\/uploads\/2025\/08\/DMF.-Virginia-Mota.-Caderno-B.-5220.jpg?resize=1024%2C714&amp;ssl=1 1024w, https:\/\/i0.wp.com\/maissilva.com\/wp-content\/uploads\/2025\/08\/DMF.-Virginia-Mota.-Caderno-B.-5220.jpg?resize=768%2C535&amp;ssl=1 768w, https:\/\/i0.wp.com\/maissilva.com\/wp-content\/uploads\/2025\/08\/DMF.-Virginia-Mota.-Caderno-B.-5220.jpg?resize=1536%2C1070&amp;ssl=1 1536w, https:\/\/i0.wp.com\/maissilva.com\/wp-content\/uploads\/2025\/08\/DMF.-Virginia-Mota.-Caderno-B.-5220.jpg?resize=2048%2C1427&amp;ssl=1 2048w, https:\/\/i0.wp.com\/maissilva.com\/wp-content\/uploads\/2025\/08\/DMF.-Virginia-Mota.-Caderno-B.-5220.jpg?resize=18%2C12&amp;ssl=1 18w, https:\/\/i0.wp.com\/maissilva.com\/wp-content\/uploads\/2025\/08\/DMF.-Virginia-Mota.-Caderno-B.-5220.jpg?resize=1200%2C836&amp;ssl=1 1200w\" sizes=\"auto, (max-width: 1000px) 100vw, 1000px\" \/><\/figure>\n\n\n\n<figure class=\"wp-block-image size-full\"><img data-recalc-dims=\"1\" loading=\"lazy\" decoding=\"async\" width=\"2250\" height=\"1568\" data-attachment-id=\"3217\" data-permalink=\"https:\/\/maissilva.com\/en\/virginia-mota\/dmf-virginia-mota-caderno-c-5221\/\" data-orig-file=\"https:\/\/i0.wp.com\/maissilva.com\/wp-content\/uploads\/2025\/08\/DMF.-Virginia-Mota.-Caderno-C.-5221.jpg?fit=2250%2C1568&amp;ssl=1\" data-orig-size=\"2250,1568\" data-comments-opened=\"0\" data-image-meta=\"{&quot;aperture&quot;:&quot;0&quot;,&quot;credit&quot;:&quot;&quot;,&quot;camera&quot;:&quot;&quot;,&quot;caption&quot;:&quot;&quot;,&quot;created_timestamp&quot;:&quot;0&quot;,&quot;copyright&quot;:&quot;\\u00a9 2021 Daniel Malh\\u00e3o Fotografia (All Rights Reserved)&quot;,&quot;focal_length&quot;:&quot;0&quot;,&quot;iso&quot;:&quot;0&quot;,&quot;shutter_speed&quot;:&quot;0&quot;,&quot;title&quot;:&quot;&quot;,&quot;orientation&quot;:&quot;1&quot;}\" data-image-title=\"&amp;#8220;Atmos-Vapor&amp;#8221; &amp;#8211; Caderno C, Virg\u00ednia Mota\" data-image-description=\"&lt;p&gt;Livro de Artista&lt;br \/&gt;Gouache sobre papel&lt;\/p&gt;\" data-image-caption=\"\" data-large-file=\"https:\/\/i0.wp.com\/maissilva.com\/wp-content\/uploads\/2025\/08\/DMF.-Virginia-Mota.-Caderno-C.-5221.jpg?fit=1024%2C714&amp;ssl=1\" data-id=\"3217\" src=\"https:\/\/i0.wp.com\/maissilva.com\/wp-content\/uploads\/2025\/08\/DMF.-Virginia-Mota.-Caderno-C.-5221.jpg?resize=2250%2C1568&#038;ssl=1\" alt=\"\" class=\"wp-image-3217\" srcset=\"https:\/\/i0.wp.com\/maissilva.com\/wp-content\/uploads\/2025\/08\/DMF.-Virginia-Mota.-Caderno-C.-5221.jpg?w=2250&amp;ssl=1 2250w, https:\/\/i0.wp.com\/maissilva.com\/wp-content\/uploads\/2025\/08\/DMF.-Virginia-Mota.-Caderno-C.-5221.jpg?resize=300%2C209&amp;ssl=1 300w, https:\/\/i0.wp.com\/maissilva.com\/wp-content\/uploads\/2025\/08\/DMF.-Virginia-Mota.-Caderno-C.-5221.jpg?resize=1024%2C714&amp;ssl=1 1024w, https:\/\/i0.wp.com\/maissilva.com\/wp-content\/uploads\/2025\/08\/DMF.-Virginia-Mota.-Caderno-C.-5221.jpg?resize=768%2C535&amp;ssl=1 768w, https:\/\/i0.wp.com\/maissilva.com\/wp-content\/uploads\/2025\/08\/DMF.-Virginia-Mota.-Caderno-C.-5221.jpg?resize=1536%2C1070&amp;ssl=1 1536w, https:\/\/i0.wp.com\/maissilva.com\/wp-content\/uploads\/2025\/08\/DMF.-Virginia-Mota.-Caderno-C.-5221.jpg?resize=2048%2C1427&amp;ssl=1 2048w, https:\/\/i0.wp.com\/maissilva.com\/wp-content\/uploads\/2025\/08\/DMF.-Virginia-Mota.-Caderno-C.-5221.jpg?resize=18%2C12&amp;ssl=1 18w, https:\/\/i0.wp.com\/maissilva.com\/wp-content\/uploads\/2025\/08\/DMF.-Virginia-Mota.-Caderno-C.-5221.jpg?resize=1200%2C836&amp;ssl=1 1200w\" sizes=\"auto, (max-width: 1000px) 100vw, 1000px\" \/><\/figure>\n\n\n\n<figure class=\"wp-block-image size-full\"><img data-recalc-dims=\"1\" loading=\"lazy\" decoding=\"async\" width=\"2250\" height=\"1568\" data-attachment-id=\"3218\" data-permalink=\"https:\/\/maissilva.com\/en\/virginia-mota\/dmf-virginia-mota-caderno-c-5222\/\" data-orig-file=\"https:\/\/i0.wp.com\/maissilva.com\/wp-content\/uploads\/2025\/08\/DMF.-Virginia-Mota.-Caderno-C.-5222.jpg?fit=2250%2C1568&amp;ssl=1\" data-orig-size=\"2250,1568\" data-comments-opened=\"0\" data-image-meta=\"{&quot;aperture&quot;:&quot;0&quot;,&quot;credit&quot;:&quot;&quot;,&quot;camera&quot;:&quot;&quot;,&quot;caption&quot;:&quot;&quot;,&quot;created_timestamp&quot;:&quot;0&quot;,&quot;copyright&quot;:&quot;\\u00a9 2021 Daniel Malh\\u00e3o Fotografia (All Rights Reserved)&quot;,&quot;focal_length&quot;:&quot;0&quot;,&quot;iso&quot;:&quot;0&quot;,&quot;shutter_speed&quot;:&quot;0&quot;,&quot;title&quot;:&quot;&quot;,&quot;orientation&quot;:&quot;1&quot;}\" data-image-title=\"&amp;#8220;Atmos-Vapor&amp;#8221; &amp;#8211; Caderno C, Virg\u00ednia Mota\" data-image-description=\"&lt;p&gt;Livro de Artista&lt;br \/&gt;Gouache sobre papel&lt;\/p&gt;\" data-image-caption=\"\" data-large-file=\"https:\/\/i0.wp.com\/maissilva.com\/wp-content\/uploads\/2025\/08\/DMF.-Virginia-Mota.-Caderno-C.-5222.jpg?fit=1024%2C714&amp;ssl=1\" data-id=\"3218\" src=\"https:\/\/i0.wp.com\/maissilva.com\/wp-content\/uploads\/2025\/08\/DMF.-Virginia-Mota.-Caderno-C.-5222.jpg?resize=2250%2C1568&#038;ssl=1\" alt=\"\" class=\"wp-image-3218\" srcset=\"https:\/\/i0.wp.com\/maissilva.com\/wp-content\/uploads\/2025\/08\/DMF.-Virginia-Mota.-Caderno-C.-5222.jpg?w=2250&amp;ssl=1 2250w, https:\/\/i0.wp.com\/maissilva.com\/wp-content\/uploads\/2025\/08\/DMF.-Virginia-Mota.-Caderno-C.-5222.jpg?resize=300%2C209&amp;ssl=1 300w, https:\/\/i0.wp.com\/maissilva.com\/wp-content\/uploads\/2025\/08\/DMF.-Virginia-Mota.-Caderno-C.-5222.jpg?resize=1024%2C714&amp;ssl=1 1024w, https:\/\/i0.wp.com\/maissilva.com\/wp-content\/uploads\/2025\/08\/DMF.-Virginia-Mota.-Caderno-C.-5222.jpg?resize=768%2C535&amp;ssl=1 768w, https:\/\/i0.wp.com\/maissilva.com\/wp-content\/uploads\/2025\/08\/DMF.-Virginia-Mota.-Caderno-C.-5222.jpg?resize=1536%2C1070&amp;ssl=1 1536w, https:\/\/i0.wp.com\/maissilva.com\/wp-content\/uploads\/2025\/08\/DMF.-Virginia-Mota.-Caderno-C.-5222.jpg?resize=2048%2C1427&amp;ssl=1 2048w, https:\/\/i0.wp.com\/maissilva.com\/wp-content\/uploads\/2025\/08\/DMF.-Virginia-Mota.-Caderno-C.-5222.jpg?resize=18%2C12&amp;ssl=1 18w, https:\/\/i0.wp.com\/maissilva.com\/wp-content\/uploads\/2025\/08\/DMF.-Virginia-Mota.-Caderno-C.-5222.jpg?resize=1200%2C836&amp;ssl=1 1200w\" sizes=\"auto, (max-width: 1000px) 100vw, 1000px\" \/><\/figure>\n\n\n\n<figure class=\"wp-block-image size-full\"><img data-recalc-dims=\"1\" loading=\"lazy\" decoding=\"async\" width=\"2250\" height=\"1568\" data-attachment-id=\"3226\" data-permalink=\"https:\/\/maissilva.com\/en\/virginia-mota\/dmf-virginia-mota-caderno-c-5223\/\" data-orig-file=\"https:\/\/i0.wp.com\/maissilva.com\/wp-content\/uploads\/2025\/08\/DMF.-Virginia-Mota.-Caderno-C.-5223.jpg?fit=2250%2C1568&amp;ssl=1\" data-orig-size=\"2250,1568\" data-comments-opened=\"0\" data-image-meta=\"{&quot;aperture&quot;:&quot;0&quot;,&quot;credit&quot;:&quot;&quot;,&quot;camera&quot;:&quot;&quot;,&quot;caption&quot;:&quot;&quot;,&quot;created_timestamp&quot;:&quot;0&quot;,&quot;copyright&quot;:&quot;\\u00a9 2021 Daniel Malh\\u00e3o Fotografia (All Rights Reserved)&quot;,&quot;focal_length&quot;:&quot;0&quot;,&quot;iso&quot;:&quot;0&quot;,&quot;shutter_speed&quot;:&quot;0&quot;,&quot;title&quot;:&quot;&quot;,&quot;orientation&quot;:&quot;1&quot;}\" data-image-title=\"&amp;#8220;Atmos-Vapor&amp;#8221; &amp;#8211; Caderno C, Virg\u00ednia Mota\" data-image-description=\"&lt;p&gt;Livro de Artista&lt;br \/&gt;Gouache sobre papel&lt;\/p&gt;\" data-image-caption=\"\" data-large-file=\"https:\/\/i0.wp.com\/maissilva.com\/wp-content\/uploads\/2025\/08\/DMF.-Virginia-Mota.-Caderno-C.-5223.jpg?fit=1024%2C714&amp;ssl=1\" data-id=\"3226\" src=\"https:\/\/i0.wp.com\/maissilva.com\/wp-content\/uploads\/2025\/08\/DMF.-Virginia-Mota.-Caderno-C.-5223.jpg?resize=2250%2C1568&#038;ssl=1\" alt=\"\" class=\"wp-image-3226\" srcset=\"https:\/\/i0.wp.com\/maissilva.com\/wp-content\/uploads\/2025\/08\/DMF.-Virginia-Mota.-Caderno-C.-5223.jpg?w=2250&amp;ssl=1 2250w, https:\/\/i0.wp.com\/maissilva.com\/wp-content\/uploads\/2025\/08\/DMF.-Virginia-Mota.-Caderno-C.-5223.jpg?resize=300%2C209&amp;ssl=1 300w, https:\/\/i0.wp.com\/maissilva.com\/wp-content\/uploads\/2025\/08\/DMF.-Virginia-Mota.-Caderno-C.-5223.jpg?resize=1024%2C714&amp;ssl=1 1024w, https:\/\/i0.wp.com\/maissilva.com\/wp-content\/uploads\/2025\/08\/DMF.-Virginia-Mota.-Caderno-C.-5223.jpg?resize=768%2C535&amp;ssl=1 768w, https:\/\/i0.wp.com\/maissilva.com\/wp-content\/uploads\/2025\/08\/DMF.-Virginia-Mota.-Caderno-C.-5223.jpg?resize=1536%2C1070&amp;ssl=1 1536w, https:\/\/i0.wp.com\/maissilva.com\/wp-content\/uploads\/2025\/08\/DMF.-Virginia-Mota.-Caderno-C.-5223.jpg?resize=2048%2C1427&amp;ssl=1 2048w, https:\/\/i0.wp.com\/maissilva.com\/wp-content\/uploads\/2025\/08\/DMF.-Virginia-Mota.-Caderno-C.-5223.jpg?resize=18%2C12&amp;ssl=1 18w, https:\/\/i0.wp.com\/maissilva.com\/wp-content\/uploads\/2025\/08\/DMF.-Virginia-Mota.-Caderno-C.-5223.jpg?resize=1200%2C836&amp;ssl=1 1200w\" sizes=\"auto, (max-width: 1000px) 100vw, 1000px\" \/><\/figure>\n\n\n\n<figure class=\"wp-block-image size-full\"><img data-recalc-dims=\"1\" loading=\"lazy\" decoding=\"async\" width=\"2250\" height=\"1568\" data-attachment-id=\"3245\" data-permalink=\"https:\/\/maissilva.com\/en\/virginia-mota\/dmf-virginia-mota-caderno-c-5224\/\" data-orig-file=\"https:\/\/i0.wp.com\/maissilva.com\/wp-content\/uploads\/2025\/08\/DMF.-Virginia-Mota.-Caderno-C.-5224.jpg?fit=2250%2C1568&amp;ssl=1\" data-orig-size=\"2250,1568\" data-comments-opened=\"0\" data-image-meta=\"{&quot;aperture&quot;:&quot;0&quot;,&quot;credit&quot;:&quot;&quot;,&quot;camera&quot;:&quot;&quot;,&quot;caption&quot;:&quot;&quot;,&quot;created_timestamp&quot;:&quot;0&quot;,&quot;copyright&quot;:&quot;\\u00a9 2021 Daniel Malh\\u00e3o Fotografia (All Rights Reserved)&quot;,&quot;focal_length&quot;:&quot;0&quot;,&quot;iso&quot;:&quot;0&quot;,&quot;shutter_speed&quot;:&quot;0&quot;,&quot;title&quot;:&quot;&quot;,&quot;orientation&quot;:&quot;1&quot;}\" data-image-title=\"&amp;#8220;Atmos-Vapor&amp;#8221; &amp;#8211; Caderno C, Virg\u00ednia Mota\" data-image-description=\"&lt;p&gt;Livro de Artista&lt;br \/&gt;Gouache sobre papel&lt;\/p&gt;\" data-image-caption=\"\" data-large-file=\"https:\/\/i0.wp.com\/maissilva.com\/wp-content\/uploads\/2025\/08\/DMF.-Virginia-Mota.-Caderno-C.-5224.jpg?fit=1024%2C714&amp;ssl=1\" data-id=\"3245\" src=\"https:\/\/i0.wp.com\/maissilva.com\/wp-content\/uploads\/2025\/08\/DMF.-Virginia-Mota.-Caderno-C.-5224.jpg?resize=2250%2C1568&#038;ssl=1\" alt=\"\" class=\"wp-image-3245\" srcset=\"https:\/\/i0.wp.com\/maissilva.com\/wp-content\/uploads\/2025\/08\/DMF.-Virginia-Mota.-Caderno-C.-5224.jpg?w=2250&amp;ssl=1 2250w, https:\/\/i0.wp.com\/maissilva.com\/wp-content\/uploads\/2025\/08\/DMF.-Virginia-Mota.-Caderno-C.-5224.jpg?resize=300%2C209&amp;ssl=1 300w, https:\/\/i0.wp.com\/maissilva.com\/wp-content\/uploads\/2025\/08\/DMF.-Virginia-Mota.-Caderno-C.-5224.jpg?resize=1024%2C714&amp;ssl=1 1024w, https:\/\/i0.wp.com\/maissilva.com\/wp-content\/uploads\/2025\/08\/DMF.-Virginia-Mota.-Caderno-C.-5224.jpg?resize=768%2C535&amp;ssl=1 768w, https:\/\/i0.wp.com\/maissilva.com\/wp-content\/uploads\/2025\/08\/DMF.-Virginia-Mota.-Caderno-C.-5224.jpg?resize=1536%2C1070&amp;ssl=1 1536w, https:\/\/i0.wp.com\/maissilva.com\/wp-content\/uploads\/2025\/08\/DMF.-Virginia-Mota.-Caderno-C.-5224.jpg?resize=2048%2C1427&amp;ssl=1 2048w, https:\/\/i0.wp.com\/maissilva.com\/wp-content\/uploads\/2025\/08\/DMF.-Virginia-Mota.-Caderno-C.-5224.jpg?resize=18%2C12&amp;ssl=1 18w, https:\/\/i0.wp.com\/maissilva.com\/wp-content\/uploads\/2025\/08\/DMF.-Virginia-Mota.-Caderno-C.-5224.jpg?resize=1200%2C836&amp;ssl=1 1200w\" sizes=\"auto, (max-width: 1000px) 100vw, 1000px\" \/><\/figure>\n\n\n\n<figure class=\"wp-block-image size-full\"><img data-recalc-dims=\"1\" loading=\"lazy\" decoding=\"async\" width=\"2250\" height=\"1568\" data-attachment-id=\"3238\" data-permalink=\"https:\/\/maissilva.com\/en\/virginia-mota\/dmf-virginia-mota-caderno-c-5225\/\" data-orig-file=\"https:\/\/i0.wp.com\/maissilva.com\/wp-content\/uploads\/2025\/08\/DMF.-Virginia-Mota.-Caderno-C.-5225.jpg?fit=2250%2C1568&amp;ssl=1\" data-orig-size=\"2250,1568\" data-comments-opened=\"0\" data-image-meta=\"{&quot;aperture&quot;:&quot;0&quot;,&quot;credit&quot;:&quot;&quot;,&quot;camera&quot;:&quot;&quot;,&quot;caption&quot;:&quot;&quot;,&quot;created_timestamp&quot;:&quot;0&quot;,&quot;copyright&quot;:&quot;\\u00a9 2021 Daniel Malh\\u00e3o Fotografia (All Rights Reserved)&quot;,&quot;focal_length&quot;:&quot;0&quot;,&quot;iso&quot;:&quot;0&quot;,&quot;shutter_speed&quot;:&quot;0&quot;,&quot;title&quot;:&quot;&quot;,&quot;orientation&quot;:&quot;1&quot;}\" data-image-title=\"&amp;#8220;Atmos-Vapor&amp;#8221; &amp;#8211; Caderno C, Virg\u00ednia Mota\" data-image-description=\"&lt;p&gt;Livro de Artista&lt;br \/&gt;Gouache sobre papel&lt;\/p&gt;\" data-image-caption=\"\" data-large-file=\"https:\/\/i0.wp.com\/maissilva.com\/wp-content\/uploads\/2025\/08\/DMF.-Virginia-Mota.-Caderno-C.-5225.jpg?fit=1024%2C714&amp;ssl=1\" data-id=\"3238\" src=\"https:\/\/i0.wp.com\/maissilva.com\/wp-content\/uploads\/2025\/08\/DMF.-Virginia-Mota.-Caderno-C.-5225.jpg?resize=2250%2C1568&#038;ssl=1\" alt=\"\" class=\"wp-image-3238\" srcset=\"https:\/\/i0.wp.com\/maissilva.com\/wp-content\/uploads\/2025\/08\/DMF.-Virginia-Mota.-Caderno-C.-5225.jpg?w=2250&amp;ssl=1 2250w, https:\/\/i0.wp.com\/maissilva.com\/wp-content\/uploads\/2025\/08\/DMF.-Virginia-Mota.-Caderno-C.-5225.jpg?resize=300%2C209&amp;ssl=1 300w, https:\/\/i0.wp.com\/maissilva.com\/wp-content\/uploads\/2025\/08\/DMF.-Virginia-Mota.-Caderno-C.-5225.jpg?resize=1024%2C714&amp;ssl=1 1024w, https:\/\/i0.wp.com\/maissilva.com\/wp-content\/uploads\/2025\/08\/DMF.-Virginia-Mota.-Caderno-C.-5225.jpg?resize=768%2C535&amp;ssl=1 768w, https:\/\/i0.wp.com\/maissilva.com\/wp-content\/uploads\/2025\/08\/DMF.-Virginia-Mota.-Caderno-C.-5225.jpg?resize=1536%2C1070&amp;ssl=1 1536w, https:\/\/i0.wp.com\/maissilva.com\/wp-content\/uploads\/2025\/08\/DMF.-Virginia-Mota.-Caderno-C.-5225.jpg?resize=2048%2C1427&amp;ssl=1 2048w, https:\/\/i0.wp.com\/maissilva.com\/wp-content\/uploads\/2025\/08\/DMF.-Virginia-Mota.-Caderno-C.-5225.jpg?resize=18%2C12&amp;ssl=1 18w, https:\/\/i0.wp.com\/maissilva.com\/wp-content\/uploads\/2025\/08\/DMF.-Virginia-Mota.-Caderno-C.-5225.jpg?resize=1200%2C836&amp;ssl=1 1200w\" sizes=\"auto, (max-width: 1000px) 100vw, 1000px\" \/><\/figure>\n\n\n\n<figure class=\"wp-block-image size-full\"><img data-recalc-dims=\"1\" loading=\"lazy\" decoding=\"async\" width=\"2250\" height=\"1568\" data-attachment-id=\"3246\" data-permalink=\"https:\/\/maissilva.com\/en\/virginia-mota\/dmf-virginia-mota-caderno-c-5227\/\" data-orig-file=\"https:\/\/i0.wp.com\/maissilva.com\/wp-content\/uploads\/2025\/08\/DMF.-Virginia-Mota.-Caderno-C.-5227.jpg?fit=2250%2C1568&amp;ssl=1\" data-orig-size=\"2250,1568\" data-comments-opened=\"0\" data-image-meta=\"{&quot;aperture&quot;:&quot;0&quot;,&quot;credit&quot;:&quot;&quot;,&quot;camera&quot;:&quot;&quot;,&quot;caption&quot;:&quot;&quot;,&quot;created_timestamp&quot;:&quot;0&quot;,&quot;copyright&quot;:&quot;\\u00a9 2021 Daniel Malh\\u00e3o Fotografia (All Rights Reserved)&quot;,&quot;focal_length&quot;:&quot;0&quot;,&quot;iso&quot;:&quot;0&quot;,&quot;shutter_speed&quot;:&quot;0&quot;,&quot;title&quot;:&quot;&quot;,&quot;orientation&quot;:&quot;1&quot;}\" data-image-title=\"&amp;#8220;Atmos-Vapor&amp;#8221; &amp;#8211; Caderno C, Virg\u00ednia Mota\" data-image-description=\"&lt;p&gt;Livro de Artista&lt;br \/&gt;Gouache sobre papel&lt;\/p&gt;\" data-image-caption=\"\" data-large-file=\"https:\/\/i0.wp.com\/maissilva.com\/wp-content\/uploads\/2025\/08\/DMF.-Virginia-Mota.-Caderno-C.-5227.jpg?fit=1024%2C714&amp;ssl=1\" data-id=\"3246\" src=\"https:\/\/i0.wp.com\/maissilva.com\/wp-content\/uploads\/2025\/08\/DMF.-Virginia-Mota.-Caderno-C.-5227.jpg?resize=2250%2C1568&#038;ssl=1\" alt=\"\" class=\"wp-image-3246\" srcset=\"https:\/\/i0.wp.com\/maissilva.com\/wp-content\/uploads\/2025\/08\/DMF.-Virginia-Mota.-Caderno-C.-5227.jpg?w=2250&amp;ssl=1 2250w, https:\/\/i0.wp.com\/maissilva.com\/wp-content\/uploads\/2025\/08\/DMF.-Virginia-Mota.-Caderno-C.-5227.jpg?resize=300%2C209&amp;ssl=1 300w, https:\/\/i0.wp.com\/maissilva.com\/wp-content\/uploads\/2025\/08\/DMF.-Virginia-Mota.-Caderno-C.-5227.jpg?resize=1024%2C714&amp;ssl=1 1024w, https:\/\/i0.wp.com\/maissilva.com\/wp-content\/uploads\/2025\/08\/DMF.-Virginia-Mota.-Caderno-C.-5227.jpg?resize=768%2C535&amp;ssl=1 768w, https:\/\/i0.wp.com\/maissilva.com\/wp-content\/uploads\/2025\/08\/DMF.-Virginia-Mota.-Caderno-C.-5227.jpg?resize=1536%2C1070&amp;ssl=1 1536w, https:\/\/i0.wp.com\/maissilva.com\/wp-content\/uploads\/2025\/08\/DMF.-Virginia-Mota.-Caderno-C.-5227.jpg?resize=2048%2C1427&amp;ssl=1 2048w, https:\/\/i0.wp.com\/maissilva.com\/wp-content\/uploads\/2025\/08\/DMF.-Virginia-Mota.-Caderno-C.-5227.jpg?resize=18%2C12&amp;ssl=1 18w, https:\/\/i0.wp.com\/maissilva.com\/wp-content\/uploads\/2025\/08\/DMF.-Virginia-Mota.-Caderno-C.-5227.jpg?resize=1200%2C836&amp;ssl=1 1200w\" sizes=\"auto, (max-width: 1000px) 100vw, 1000px\" \/><\/figure>\n\n\n\n<figure class=\"wp-block-image size-full\"><img data-recalc-dims=\"1\" loading=\"lazy\" decoding=\"async\" width=\"2250\" height=\"1568\" data-attachment-id=\"3244\" data-permalink=\"https:\/\/maissilva.com\/en\/virginia-mota\/dmf-virginia-mota-caderno-c-5228\/\" data-orig-file=\"https:\/\/i0.wp.com\/maissilva.com\/wp-content\/uploads\/2025\/08\/DMF.-Virginia-Mota.-Caderno-C.-5228.jpg?fit=2250%2C1568&amp;ssl=1\" data-orig-size=\"2250,1568\" data-comments-opened=\"0\" data-image-meta=\"{&quot;aperture&quot;:&quot;0&quot;,&quot;credit&quot;:&quot;&quot;,&quot;camera&quot;:&quot;&quot;,&quot;caption&quot;:&quot;&quot;,&quot;created_timestamp&quot;:&quot;0&quot;,&quot;copyright&quot;:&quot;\\u00a9 2021 Daniel Malh\\u00e3o Fotografia (All Rights Reserved)&quot;,&quot;focal_length&quot;:&quot;0&quot;,&quot;iso&quot;:&quot;0&quot;,&quot;shutter_speed&quot;:&quot;0&quot;,&quot;title&quot;:&quot;&quot;,&quot;orientation&quot;:&quot;1&quot;}\" data-image-title=\"&amp;#8220;Atmos-Vapor&amp;#8221; &amp;#8211; Caderno C, Virg\u00ednia Mota\" data-image-description=\"&lt;p&gt;Livro de Artista&lt;br \/&gt;Gouache sobre papel&lt;\/p&gt;\" data-image-caption=\"\" data-large-file=\"https:\/\/i0.wp.com\/maissilva.com\/wp-content\/uploads\/2025\/08\/DMF.-Virginia-Mota.-Caderno-C.-5228.jpg?fit=1024%2C714&amp;ssl=1\" data-id=\"3244\" src=\"https:\/\/i0.wp.com\/maissilva.com\/wp-content\/uploads\/2025\/08\/DMF.-Virginia-Mota.-Caderno-C.-5228.jpg?resize=2250%2C1568&#038;ssl=1\" alt=\"\" class=\"wp-image-3244\" srcset=\"https:\/\/i0.wp.com\/maissilva.com\/wp-content\/uploads\/2025\/08\/DMF.-Virginia-Mota.-Caderno-C.-5228.jpg?w=2250&amp;ssl=1 2250w, https:\/\/i0.wp.com\/maissilva.com\/wp-content\/uploads\/2025\/08\/DMF.-Virginia-Mota.-Caderno-C.-5228.jpg?resize=300%2C209&amp;ssl=1 300w, https:\/\/i0.wp.com\/maissilva.com\/wp-content\/uploads\/2025\/08\/DMF.-Virginia-Mota.-Caderno-C.-5228.jpg?resize=1024%2C714&amp;ssl=1 1024w, https:\/\/i0.wp.com\/maissilva.com\/wp-content\/uploads\/2025\/08\/DMF.-Virginia-Mota.-Caderno-C.-5228.jpg?resize=768%2C535&amp;ssl=1 768w, https:\/\/i0.wp.com\/maissilva.com\/wp-content\/uploads\/2025\/08\/DMF.-Virginia-Mota.-Caderno-C.-5228.jpg?resize=1536%2C1070&amp;ssl=1 1536w, https:\/\/i0.wp.com\/maissilva.com\/wp-content\/uploads\/2025\/08\/DMF.-Virginia-Mota.-Caderno-C.-5228.jpg?resize=2048%2C1427&amp;ssl=1 2048w, https:\/\/i0.wp.com\/maissilva.com\/wp-content\/uploads\/2025\/08\/DMF.-Virginia-Mota.-Caderno-C.-5228.jpg?resize=18%2C12&amp;ssl=1 18w, https:\/\/i0.wp.com\/maissilva.com\/wp-content\/uploads\/2025\/08\/DMF.-Virginia-Mota.-Caderno-C.-5228.jpg?resize=1200%2C836&amp;ssl=1 1200w\" sizes=\"auto, (max-width: 1000px) 100vw, 1000px\" \/><\/figure>\n\n\n\n<figure class=\"wp-block-image size-full\"><img data-recalc-dims=\"1\" loading=\"lazy\" decoding=\"async\" width=\"2250\" height=\"1568\" data-attachment-id=\"3231\" data-permalink=\"https:\/\/maissilva.com\/en\/virginia-mota\/dmf-virginia-mota-caderno-c-5229\/\" data-orig-file=\"https:\/\/i0.wp.com\/maissilva.com\/wp-content\/uploads\/2025\/08\/DMF.-Virginia-Mota.-Caderno-C.-5229.jpg?fit=2250%2C1568&amp;ssl=1\" data-orig-size=\"2250,1568\" data-comments-opened=\"0\" data-image-meta=\"{&quot;aperture&quot;:&quot;0&quot;,&quot;credit&quot;:&quot;&quot;,&quot;camera&quot;:&quot;&quot;,&quot;caption&quot;:&quot;&quot;,&quot;created_timestamp&quot;:&quot;0&quot;,&quot;copyright&quot;:&quot;\\u00a9 2021 Daniel Malh\\u00e3o Fotografia (All Rights Reserved)&quot;,&quot;focal_length&quot;:&quot;0&quot;,&quot;iso&quot;:&quot;0&quot;,&quot;shutter_speed&quot;:&quot;0&quot;,&quot;title&quot;:&quot;&quot;,&quot;orientation&quot;:&quot;1&quot;}\" data-image-title=\"&amp;#8220;Atmos-Vapor&amp;#8221; &amp;#8211; Caderno C, Virg\u00ednia Mota\" data-image-description=\"&lt;p&gt;Livro de Artista&lt;br \/&gt;Gouache sobre papel&lt;\/p&gt;\" data-image-caption=\"\" data-large-file=\"https:\/\/i0.wp.com\/maissilva.com\/wp-content\/uploads\/2025\/08\/DMF.-Virginia-Mota.-Caderno-C.-5229.jpg?fit=1024%2C714&amp;ssl=1\" data-id=\"3231\" src=\"https:\/\/i0.wp.com\/maissilva.com\/wp-content\/uploads\/2025\/08\/DMF.-Virginia-Mota.-Caderno-C.-5229.jpg?resize=2250%2C1568&#038;ssl=1\" alt=\"\" class=\"wp-image-3231\" srcset=\"https:\/\/i0.wp.com\/maissilva.com\/wp-content\/uploads\/2025\/08\/DMF.-Virginia-Mota.-Caderno-C.-5229.jpg?w=2250&amp;ssl=1 2250w, https:\/\/i0.wp.com\/maissilva.com\/wp-content\/uploads\/2025\/08\/DMF.-Virginia-Mota.-Caderno-C.-5229.jpg?resize=300%2C209&amp;ssl=1 300w, https:\/\/i0.wp.com\/maissilva.com\/wp-content\/uploads\/2025\/08\/DMF.-Virginia-Mota.-Caderno-C.-5229.jpg?resize=1024%2C714&amp;ssl=1 1024w, https:\/\/i0.wp.com\/maissilva.com\/wp-content\/uploads\/2025\/08\/DMF.-Virginia-Mota.-Caderno-C.-5229.jpg?resize=768%2C535&amp;ssl=1 768w, https:\/\/i0.wp.com\/maissilva.com\/wp-content\/uploads\/2025\/08\/DMF.-Virginia-Mota.-Caderno-C.-5229.jpg?resize=1536%2C1070&amp;ssl=1 1536w, https:\/\/i0.wp.com\/maissilva.com\/wp-content\/uploads\/2025\/08\/DMF.-Virginia-Mota.-Caderno-C.-5229.jpg?resize=2048%2C1427&amp;ssl=1 2048w, https:\/\/i0.wp.com\/maissilva.com\/wp-content\/uploads\/2025\/08\/DMF.-Virginia-Mota.-Caderno-C.-5229.jpg?resize=18%2C12&amp;ssl=1 18w, https:\/\/i0.wp.com\/maissilva.com\/wp-content\/uploads\/2025\/08\/DMF.-Virginia-Mota.-Caderno-C.-5229.jpg?resize=1200%2C836&amp;ssl=1 1200w\" sizes=\"auto, (max-width: 1000px) 100vw, 1000px\" \/><\/figure>\n\n\n\n<figure class=\"wp-block-image size-full\"><img data-recalc-dims=\"1\" loading=\"lazy\" decoding=\"async\" width=\"2250\" height=\"1568\" data-attachment-id=\"3243\" data-permalink=\"https:\/\/maissilva.com\/en\/virginia-mota\/dmf-virginia-mota-caderno-d-5230\/\" data-orig-file=\"https:\/\/i0.wp.com\/maissilva.com\/wp-content\/uploads\/2025\/08\/DMF.-Virginia-Mota.-Caderno-D.-5230.jpg?fit=2250%2C1568&amp;ssl=1\" data-orig-size=\"2250,1568\" data-comments-opened=\"0\" data-image-meta=\"{&quot;aperture&quot;:&quot;0&quot;,&quot;credit&quot;:&quot;&quot;,&quot;camera&quot;:&quot;&quot;,&quot;caption&quot;:&quot;&quot;,&quot;created_timestamp&quot;:&quot;0&quot;,&quot;copyright&quot;:&quot;\\u00a9 2021 Daniel Malh\\u00e3o Fotografia (All Rights Reserved)&quot;,&quot;focal_length&quot;:&quot;0&quot;,&quot;iso&quot;:&quot;0&quot;,&quot;shutter_speed&quot;:&quot;0&quot;,&quot;title&quot;:&quot;&quot;,&quot;orientation&quot;:&quot;1&quot;}\" data-image-title=\"&amp;#8220;Atmos-Vapor&amp;#8221; &amp;#8211; Caderno D, Virg\u00ednia Mota\" data-image-description=\"&lt;p&gt;Livro de Artista&lt;br \/&gt;Gouache sobre papel&lt;\/p&gt;\" data-image-caption=\"\" data-large-file=\"https:\/\/i0.wp.com\/maissilva.com\/wp-content\/uploads\/2025\/08\/DMF.-Virginia-Mota.-Caderno-D.-5230.jpg?fit=1024%2C714&amp;ssl=1\" data-id=\"3243\" src=\"https:\/\/i0.wp.com\/maissilva.com\/wp-content\/uploads\/2025\/08\/DMF.-Virginia-Mota.-Caderno-D.-5230.jpg?resize=2250%2C1568&#038;ssl=1\" alt=\"\" class=\"wp-image-3243\" srcset=\"https:\/\/i0.wp.com\/maissilva.com\/wp-content\/uploads\/2025\/08\/DMF.-Virginia-Mota.-Caderno-D.-5230.jpg?w=2250&amp;ssl=1 2250w, https:\/\/i0.wp.com\/maissilva.com\/wp-content\/uploads\/2025\/08\/DMF.-Virginia-Mota.-Caderno-D.-5230.jpg?resize=300%2C209&amp;ssl=1 300w, https:\/\/i0.wp.com\/maissilva.com\/wp-content\/uploads\/2025\/08\/DMF.-Virginia-Mota.-Caderno-D.-5230.jpg?resize=1024%2C714&amp;ssl=1 1024w, https:\/\/i0.wp.com\/maissilva.com\/wp-content\/uploads\/2025\/08\/DMF.-Virginia-Mota.-Caderno-D.-5230.jpg?resize=768%2C535&amp;ssl=1 768w, https:\/\/i0.wp.com\/maissilva.com\/wp-content\/uploads\/2025\/08\/DMF.-Virginia-Mota.-Caderno-D.-5230.jpg?resize=1536%2C1070&amp;ssl=1 1536w, https:\/\/i0.wp.com\/maissilva.com\/wp-content\/uploads\/2025\/08\/DMF.-Virginia-Mota.-Caderno-D.-5230.jpg?resize=2048%2C1427&amp;ssl=1 2048w, https:\/\/i0.wp.com\/maissilva.com\/wp-content\/uploads\/2025\/08\/DMF.-Virginia-Mota.-Caderno-D.-5230.jpg?resize=18%2C12&amp;ssl=1 18w, https:\/\/i0.wp.com\/maissilva.com\/wp-content\/uploads\/2025\/08\/DMF.-Virginia-Mota.-Caderno-D.-5230.jpg?resize=1200%2C836&amp;ssl=1 1200w\" sizes=\"auto, (max-width: 1000px) 100vw, 1000px\" \/><\/figure>\n\n\n\n<figure class=\"wp-block-image size-full\"><img data-recalc-dims=\"1\" loading=\"lazy\" decoding=\"async\" width=\"2250\" height=\"1568\" data-attachment-id=\"3237\" data-permalink=\"https:\/\/maissilva.com\/en\/virginia-mota\/dmf-virginia-mota-caderno-d-5231\/\" data-orig-file=\"https:\/\/i0.wp.com\/maissilva.com\/wp-content\/uploads\/2025\/08\/DMF.-Virginia-Mota.-Caderno-D.-5231.jpg?fit=2250%2C1568&amp;ssl=1\" data-orig-size=\"2250,1568\" data-comments-opened=\"0\" data-image-meta=\"{&quot;aperture&quot;:&quot;0&quot;,&quot;credit&quot;:&quot;&quot;,&quot;camera&quot;:&quot;&quot;,&quot;caption&quot;:&quot;&quot;,&quot;created_timestamp&quot;:&quot;0&quot;,&quot;copyright&quot;:&quot;\\u00a9 2021 Daniel Malh\\u00e3o Fotografia (All Rights Reserved)&quot;,&quot;focal_length&quot;:&quot;0&quot;,&quot;iso&quot;:&quot;0&quot;,&quot;shutter_speed&quot;:&quot;0&quot;,&quot;title&quot;:&quot;&quot;,&quot;orientation&quot;:&quot;1&quot;}\" data-image-title=\"&amp;#8220;Atmos-Vapor&amp;#8221; &amp;#8211; Caderno D, Virg\u00ednia Mota\" data-image-description=\"&lt;p&gt;Livro de Artista&lt;br \/&gt;Gouache sobre papel&lt;\/p&gt;\" data-image-caption=\"\" data-large-file=\"https:\/\/i0.wp.com\/maissilva.com\/wp-content\/uploads\/2025\/08\/DMF.-Virginia-Mota.-Caderno-D.-5231.jpg?fit=1024%2C714&amp;ssl=1\" data-id=\"3237\" src=\"https:\/\/i0.wp.com\/maissilva.com\/wp-content\/uploads\/2025\/08\/DMF.-Virginia-Mota.-Caderno-D.-5231.jpg?resize=2250%2C1568&#038;ssl=1\" alt=\"\" class=\"wp-image-3237\" srcset=\"https:\/\/i0.wp.com\/maissilva.com\/wp-content\/uploads\/2025\/08\/DMF.-Virginia-Mota.-Caderno-D.-5231.jpg?w=2250&amp;ssl=1 2250w, https:\/\/i0.wp.com\/maissilva.com\/wp-content\/uploads\/2025\/08\/DMF.-Virginia-Mota.-Caderno-D.-5231.jpg?resize=300%2C209&amp;ssl=1 300w, https:\/\/i0.wp.com\/maissilva.com\/wp-content\/uploads\/2025\/08\/DMF.-Virginia-Mota.-Caderno-D.-5231.jpg?resize=1024%2C714&amp;ssl=1 1024w, https:\/\/i0.wp.com\/maissilva.com\/wp-content\/uploads\/2025\/08\/DMF.-Virginia-Mota.-Caderno-D.-5231.jpg?resize=768%2C535&amp;ssl=1 768w, https:\/\/i0.wp.com\/maissilva.com\/wp-content\/uploads\/2025\/08\/DMF.-Virginia-Mota.-Caderno-D.-5231.jpg?resize=1536%2C1070&amp;ssl=1 1536w, https:\/\/i0.wp.com\/maissilva.com\/wp-content\/uploads\/2025\/08\/DMF.-Virginia-Mota.-Caderno-D.-5231.jpg?resize=2048%2C1427&amp;ssl=1 2048w, https:\/\/i0.wp.com\/maissilva.com\/wp-content\/uploads\/2025\/08\/DMF.-Virginia-Mota.-Caderno-D.-5231.jpg?resize=18%2C12&amp;ssl=1 18w, https:\/\/i0.wp.com\/maissilva.com\/wp-content\/uploads\/2025\/08\/DMF.-Virginia-Mota.-Caderno-D.-5231.jpg?resize=1200%2C836&amp;ssl=1 1200w\" sizes=\"auto, (max-width: 1000px) 100vw, 1000px\" \/><\/figure>\n\n\n\n<figure class=\"wp-block-image size-full\"><img data-recalc-dims=\"1\" loading=\"lazy\" decoding=\"async\" width=\"2250\" height=\"1568\" data-attachment-id=\"3219\" data-permalink=\"https:\/\/maissilva.com\/en\/virginia-mota\/dmf-virginia-mota-caderno-d-5232\/\" data-orig-file=\"https:\/\/i0.wp.com\/maissilva.com\/wp-content\/uploads\/2025\/08\/DMF.-Virginia-Mota.-Caderno-D.-5232.jpg?fit=2250%2C1568&amp;ssl=1\" data-orig-size=\"2250,1568\" data-comments-opened=\"0\" data-image-meta=\"{&quot;aperture&quot;:&quot;0&quot;,&quot;credit&quot;:&quot;&quot;,&quot;camera&quot;:&quot;&quot;,&quot;caption&quot;:&quot;&quot;,&quot;created_timestamp&quot;:&quot;0&quot;,&quot;copyright&quot;:&quot;\\u00a9 2021 Daniel Malh\\u00e3o Fotografia (All Rights Reserved)&quot;,&quot;focal_length&quot;:&quot;0&quot;,&quot;iso&quot;:&quot;0&quot;,&quot;shutter_speed&quot;:&quot;0&quot;,&quot;title&quot;:&quot;&quot;,&quot;orientation&quot;:&quot;1&quot;}\" data-image-title=\"&amp;#8220;Atmos-Vapor&amp;#8221; &amp;#8211; Caderno D, Virg\u00ednia Mota\" data-image-description=\"&lt;p&gt;Livro de Artista&lt;br \/&gt;Gouache sobre papel&lt;\/p&gt;\" data-image-caption=\"\" data-large-file=\"https:\/\/i0.wp.com\/maissilva.com\/wp-content\/uploads\/2025\/08\/DMF.-Virginia-Mota.-Caderno-D.-5232.jpg?fit=1024%2C714&amp;ssl=1\" data-id=\"3219\" src=\"https:\/\/i0.wp.com\/maissilva.com\/wp-content\/uploads\/2025\/08\/DMF.-Virginia-Mota.-Caderno-D.-5232.jpg?resize=2250%2C1568&#038;ssl=1\" alt=\"\" class=\"wp-image-3219\" srcset=\"https:\/\/i0.wp.com\/maissilva.com\/wp-content\/uploads\/2025\/08\/DMF.-Virginia-Mota.-Caderno-D.-5232.jpg?w=2250&amp;ssl=1 2250w, https:\/\/i0.wp.com\/maissilva.com\/wp-content\/uploads\/2025\/08\/DMF.-Virginia-Mota.-Caderno-D.-5232.jpg?resize=300%2C209&amp;ssl=1 300w, https:\/\/i0.wp.com\/maissilva.com\/wp-content\/uploads\/2025\/08\/DMF.-Virginia-Mota.-Caderno-D.-5232.jpg?resize=1024%2C714&amp;ssl=1 1024w, https:\/\/i0.wp.com\/maissilva.com\/wp-content\/uploads\/2025\/08\/DMF.-Virginia-Mota.-Caderno-D.-5232.jpg?resize=768%2C535&amp;ssl=1 768w, https:\/\/i0.wp.com\/maissilva.com\/wp-content\/uploads\/2025\/08\/DMF.-Virginia-Mota.-Caderno-D.-5232.jpg?resize=1536%2C1070&amp;ssl=1 1536w, https:\/\/i0.wp.com\/maissilva.com\/wp-content\/uploads\/2025\/08\/DMF.-Virginia-Mota.-Caderno-D.-5232.jpg?resize=2048%2C1427&amp;ssl=1 2048w, https:\/\/i0.wp.com\/maissilva.com\/wp-content\/uploads\/2025\/08\/DMF.-Virginia-Mota.-Caderno-D.-5232.jpg?resize=18%2C12&amp;ssl=1 18w, https:\/\/i0.wp.com\/maissilva.com\/wp-content\/uploads\/2025\/08\/DMF.-Virginia-Mota.-Caderno-D.-5232.jpg?resize=1200%2C836&amp;ssl=1 1200w\" sizes=\"auto, (max-width: 1000px) 100vw, 1000px\" \/><\/figure>\n\n\n\n<figure class=\"wp-block-image size-full\"><img data-recalc-dims=\"1\" loading=\"lazy\" decoding=\"async\" width=\"2250\" height=\"1568\" data-attachment-id=\"3241\" data-permalink=\"https:\/\/maissilva.com\/en\/virginia-mota\/dmf-virginia-mota-caderno-d-5233\/\" data-orig-file=\"https:\/\/i0.wp.com\/maissilva.com\/wp-content\/uploads\/2025\/08\/DMF.-Virginia-Mota.-Caderno-D.-5233.jpg?fit=2250%2C1568&amp;ssl=1\" data-orig-size=\"2250,1568\" data-comments-opened=\"0\" data-image-meta=\"{&quot;aperture&quot;:&quot;0&quot;,&quot;credit&quot;:&quot;&quot;,&quot;camera&quot;:&quot;&quot;,&quot;caption&quot;:&quot;&quot;,&quot;created_timestamp&quot;:&quot;0&quot;,&quot;copyright&quot;:&quot;\\u00a9 2021 Daniel Malh\\u00e3o Fotografia (All Rights Reserved)&quot;,&quot;focal_length&quot;:&quot;0&quot;,&quot;iso&quot;:&quot;0&quot;,&quot;shutter_speed&quot;:&quot;0&quot;,&quot;title&quot;:&quot;&quot;,&quot;orientation&quot;:&quot;1&quot;}\" data-image-title=\"&amp;#8220;Atmos-Vapor&amp;#8221; &amp;#8211; Caderno D, Virg\u00ednia Mota\" data-image-description=\"&lt;p&gt;Livro de Artista&lt;br \/&gt;Gouache sobre papel&lt;\/p&gt;\" data-image-caption=\"\" data-large-file=\"https:\/\/i0.wp.com\/maissilva.com\/wp-content\/uploads\/2025\/08\/DMF.-Virginia-Mota.-Caderno-D.-5233.jpg?fit=1024%2C714&amp;ssl=1\" data-id=\"3241\" src=\"https:\/\/i0.wp.com\/maissilva.com\/wp-content\/uploads\/2025\/08\/DMF.-Virginia-Mota.-Caderno-D.-5233.jpg?resize=2250%2C1568&#038;ssl=1\" alt=\"\" class=\"wp-image-3241\" srcset=\"https:\/\/i0.wp.com\/maissilva.com\/wp-content\/uploads\/2025\/08\/DMF.-Virginia-Mota.-Caderno-D.-5233.jpg?w=2250&amp;ssl=1 2250w, https:\/\/i0.wp.com\/maissilva.com\/wp-content\/uploads\/2025\/08\/DMF.-Virginia-Mota.-Caderno-D.-5233.jpg?resize=300%2C209&amp;ssl=1 300w, https:\/\/i0.wp.com\/maissilva.com\/wp-content\/uploads\/2025\/08\/DMF.-Virginia-Mota.-Caderno-D.-5233.jpg?resize=1024%2C714&amp;ssl=1 1024w, https:\/\/i0.wp.com\/maissilva.com\/wp-content\/uploads\/2025\/08\/DMF.-Virginia-Mota.-Caderno-D.-5233.jpg?resize=768%2C535&amp;ssl=1 768w, https:\/\/i0.wp.com\/maissilva.com\/wp-content\/uploads\/2025\/08\/DMF.-Virginia-Mota.-Caderno-D.-5233.jpg?resize=1536%2C1070&amp;ssl=1 1536w, https:\/\/i0.wp.com\/maissilva.com\/wp-content\/uploads\/2025\/08\/DMF.-Virginia-Mota.-Caderno-D.-5233.jpg?resize=2048%2C1427&amp;ssl=1 2048w, https:\/\/i0.wp.com\/maissilva.com\/wp-content\/uploads\/2025\/08\/DMF.-Virginia-Mota.-Caderno-D.-5233.jpg?resize=18%2C12&amp;ssl=1 18w, https:\/\/i0.wp.com\/maissilva.com\/wp-content\/uploads\/2025\/08\/DMF.-Virginia-Mota.-Caderno-D.-5233.jpg?resize=1200%2C836&amp;ssl=1 1200w\" sizes=\"auto, (max-width: 1000px) 100vw, 1000px\" \/><\/figure>\n\n\n\n<figure class=\"wp-block-image size-full\"><img data-recalc-dims=\"1\" loading=\"lazy\" decoding=\"async\" width=\"2250\" height=\"1535\" data-attachment-id=\"3248\" data-permalink=\"https:\/\/maissilva.com\/en\/virginia-mota\/dmf-virginia-mota-caderno-d-5234\/\" data-orig-file=\"https:\/\/i0.wp.com\/maissilva.com\/wp-content\/uploads\/2025\/08\/DMF.-Virginia-Mota.-Caderno-D.-5234.jpg?fit=2250%2C1535&amp;ssl=1\" data-orig-size=\"2250,1535\" data-comments-opened=\"0\" data-image-meta=\"{&quot;aperture&quot;:&quot;0&quot;,&quot;credit&quot;:&quot;&quot;,&quot;camera&quot;:&quot;&quot;,&quot;caption&quot;:&quot;&quot;,&quot;created_timestamp&quot;:&quot;0&quot;,&quot;copyright&quot;:&quot;\\u00a9 2021 Daniel Malh\\u00e3o Fotografia (All Rights Reserved)&quot;,&quot;focal_length&quot;:&quot;0&quot;,&quot;iso&quot;:&quot;0&quot;,&quot;shutter_speed&quot;:&quot;0&quot;,&quot;title&quot;:&quot;&quot;,&quot;orientation&quot;:&quot;1&quot;}\" data-image-title=\"&amp;#8220;Atmos-Vapor&amp;#8221; &amp;#8211; Caderno D, Virg\u00ednia Mota\" data-image-description=\"&lt;p&gt;Livro de Artista&lt;br \/&gt;Gouache sobre papel&lt;\/p&gt;\" data-image-caption=\"\" data-large-file=\"https:\/\/i0.wp.com\/maissilva.com\/wp-content\/uploads\/2025\/08\/DMF.-Virginia-Mota.-Caderno-D.-5234.jpg?fit=1024%2C699&amp;ssl=1\" data-id=\"3248\" src=\"https:\/\/i0.wp.com\/maissilva.com\/wp-content\/uploads\/2025\/08\/DMF.-Virginia-Mota.-Caderno-D.-5234.jpg?resize=2250%2C1535&#038;ssl=1\" alt=\"\" class=\"wp-image-3248\" srcset=\"https:\/\/i0.wp.com\/maissilva.com\/wp-content\/uploads\/2025\/08\/DMF.-Virginia-Mota.-Caderno-D.-5234.jpg?w=2250&amp;ssl=1 2250w, https:\/\/i0.wp.com\/maissilva.com\/wp-content\/uploads\/2025\/08\/DMF.-Virginia-Mota.-Caderno-D.-5234.jpg?resize=300%2C205&amp;ssl=1 300w, https:\/\/i0.wp.com\/maissilva.com\/wp-content\/uploads\/2025\/08\/DMF.-Virginia-Mota.-Caderno-D.-5234.jpg?resize=1024%2C699&amp;ssl=1 1024w, https:\/\/i0.wp.com\/maissilva.com\/wp-content\/uploads\/2025\/08\/DMF.-Virginia-Mota.-Caderno-D.-5234.jpg?resize=768%2C524&amp;ssl=1 768w, https:\/\/i0.wp.com\/maissilva.com\/wp-content\/uploads\/2025\/08\/DMF.-Virginia-Mota.-Caderno-D.-5234.jpg?resize=1536%2C1048&amp;ssl=1 1536w, https:\/\/i0.wp.com\/maissilva.com\/wp-content\/uploads\/2025\/08\/DMF.-Virginia-Mota.-Caderno-D.-5234.jpg?resize=2048%2C1397&amp;ssl=1 2048w, https:\/\/i0.wp.com\/maissilva.com\/wp-content\/uploads\/2025\/08\/DMF.-Virginia-Mota.-Caderno-D.-5234.jpg?resize=18%2C12&amp;ssl=1 18w, https:\/\/i0.wp.com\/maissilva.com\/wp-content\/uploads\/2025\/08\/DMF.-Virginia-Mota.-Caderno-D.-5234.jpg?resize=1200%2C819&amp;ssl=1 1200w\" sizes=\"auto, (max-width: 1000px) 100vw, 1000px\" \/><\/figure>\n\n\n\n<figure class=\"wp-block-image size-full\"><img data-recalc-dims=\"1\" loading=\"lazy\" decoding=\"async\" width=\"2250\" height=\"1568\" data-attachment-id=\"3236\" data-permalink=\"https:\/\/maissilva.com\/en\/virginia-mota\/dmf-virginia-mota-caderno-e-5235\/\" data-orig-file=\"https:\/\/i0.wp.com\/maissilva.com\/wp-content\/uploads\/2025\/08\/DMF.-Virginia-Mota.-Caderno-E.-5235.jpg?fit=2250%2C1568&amp;ssl=1\" data-orig-size=\"2250,1568\" data-comments-opened=\"0\" data-image-meta=\"{&quot;aperture&quot;:&quot;0&quot;,&quot;credit&quot;:&quot;&quot;,&quot;camera&quot;:&quot;&quot;,&quot;caption&quot;:&quot;&quot;,&quot;created_timestamp&quot;:&quot;0&quot;,&quot;copyright&quot;:&quot;\\u00a9 2021 Daniel Malh\\u00e3o Fotografia (All Rights Reserved)&quot;,&quot;focal_length&quot;:&quot;0&quot;,&quot;iso&quot;:&quot;0&quot;,&quot;shutter_speed&quot;:&quot;0&quot;,&quot;title&quot;:&quot;&quot;,&quot;orientation&quot;:&quot;1&quot;}\" data-image-title=\"&amp;#8220;Atmos-Vapor&amp;#8221; &amp;#8211; Caderno E, Virg\u00ednia Mota\" data-image-description=\"&lt;p&gt;Livro de Artista&lt;br \/&gt;Gouache sobre papel&lt;\/p&gt;\" data-image-caption=\"\" data-large-file=\"https:\/\/i0.wp.com\/maissilva.com\/wp-content\/uploads\/2025\/08\/DMF.-Virginia-Mota.-Caderno-E.-5235.jpg?fit=1024%2C714&amp;ssl=1\" data-id=\"3236\" src=\"https:\/\/i0.wp.com\/maissilva.com\/wp-content\/uploads\/2025\/08\/DMF.-Virginia-Mota.-Caderno-E.-5235.jpg?resize=2250%2C1568&#038;ssl=1\" alt=\"\" class=\"wp-image-3236\" srcset=\"https:\/\/i0.wp.com\/maissilva.com\/wp-content\/uploads\/2025\/08\/DMF.-Virginia-Mota.-Caderno-E.-5235.jpg?w=2250&amp;ssl=1 2250w, https:\/\/i0.wp.com\/maissilva.com\/wp-content\/uploads\/2025\/08\/DMF.-Virginia-Mota.-Caderno-E.-5235.jpg?resize=300%2C209&amp;ssl=1 300w, https:\/\/i0.wp.com\/maissilva.com\/wp-content\/uploads\/2025\/08\/DMF.-Virginia-Mota.-Caderno-E.-5235.jpg?resize=1024%2C714&amp;ssl=1 1024w, https:\/\/i0.wp.com\/maissilva.com\/wp-content\/uploads\/2025\/08\/DMF.-Virginia-Mota.-Caderno-E.-5235.jpg?resize=768%2C535&amp;ssl=1 768w, https:\/\/i0.wp.com\/maissilva.com\/wp-content\/uploads\/2025\/08\/DMF.-Virginia-Mota.-Caderno-E.-5235.jpg?resize=1536%2C1070&amp;ssl=1 1536w, https:\/\/i0.wp.com\/maissilva.com\/wp-content\/uploads\/2025\/08\/DMF.-Virginia-Mota.-Caderno-E.-5235.jpg?resize=2048%2C1427&amp;ssl=1 2048w, https:\/\/i0.wp.com\/maissilva.com\/wp-content\/uploads\/2025\/08\/DMF.-Virginia-Mota.-Caderno-E.-5235.jpg?resize=18%2C12&amp;ssl=1 18w, https:\/\/i0.wp.com\/maissilva.com\/wp-content\/uploads\/2025\/08\/DMF.-Virginia-Mota.-Caderno-E.-5235.jpg?resize=1200%2C836&amp;ssl=1 1200w\" sizes=\"auto, (max-width: 1000px) 100vw, 1000px\" \/><\/figure>\n\n\n\n<figure class=\"wp-block-image size-full\"><img data-recalc-dims=\"1\" loading=\"lazy\" decoding=\"async\" width=\"2250\" height=\"1568\" data-attachment-id=\"3230\" data-permalink=\"https:\/\/maissilva.com\/en\/virginia-mota\/dmf-virginia-mota-caderno-e-5236\/\" data-orig-file=\"https:\/\/i0.wp.com\/maissilva.com\/wp-content\/uploads\/2025\/08\/DMF.-Virginia-Mota.-Caderno-E.-5236.jpg?fit=2250%2C1568&amp;ssl=1\" data-orig-size=\"2250,1568\" data-comments-opened=\"0\" data-image-meta=\"{&quot;aperture&quot;:&quot;0&quot;,&quot;credit&quot;:&quot;&quot;,&quot;camera&quot;:&quot;&quot;,&quot;caption&quot;:&quot;&quot;,&quot;created_timestamp&quot;:&quot;0&quot;,&quot;copyright&quot;:&quot;\\u00a9 2021 Daniel Malh\\u00e3o Fotografia (All Rights Reserved)&quot;,&quot;focal_length&quot;:&quot;0&quot;,&quot;iso&quot;:&quot;0&quot;,&quot;shutter_speed&quot;:&quot;0&quot;,&quot;title&quot;:&quot;&quot;,&quot;orientation&quot;:&quot;1&quot;}\" data-image-title=\"&amp;#8220;Atmos-Vapor&amp;#8221; &amp;#8211; Caderno E, Virg\u00ednia Mota\" data-image-description=\"&lt;p&gt;Livro de Artista&lt;br \/&gt;Gouache sobre papel&lt;\/p&gt;\" data-image-caption=\"\" data-large-file=\"https:\/\/i0.wp.com\/maissilva.com\/wp-content\/uploads\/2025\/08\/DMF.-Virginia-Mota.-Caderno-E.-5236.jpg?fit=1024%2C714&amp;ssl=1\" data-id=\"3230\" src=\"https:\/\/i0.wp.com\/maissilva.com\/wp-content\/uploads\/2025\/08\/DMF.-Virginia-Mota.-Caderno-E.-5236.jpg?resize=2250%2C1568&#038;ssl=1\" alt=\"\" class=\"wp-image-3230\" srcset=\"https:\/\/i0.wp.com\/maissilva.com\/wp-content\/uploads\/2025\/08\/DMF.-Virginia-Mota.-Caderno-E.-5236.jpg?w=2250&amp;ssl=1 2250w, https:\/\/i0.wp.com\/maissilva.com\/wp-content\/uploads\/2025\/08\/DMF.-Virginia-Mota.-Caderno-E.-5236.jpg?resize=300%2C209&amp;ssl=1 300w, https:\/\/i0.wp.com\/maissilva.com\/wp-content\/uploads\/2025\/08\/DMF.-Virginia-Mota.-Caderno-E.-5236.jpg?resize=1024%2C714&amp;ssl=1 1024w, https:\/\/i0.wp.com\/maissilva.com\/wp-content\/uploads\/2025\/08\/DMF.-Virginia-Mota.-Caderno-E.-5236.jpg?resize=768%2C535&amp;ssl=1 768w, https:\/\/i0.wp.com\/maissilva.com\/wp-content\/uploads\/2025\/08\/DMF.-Virginia-Mota.-Caderno-E.-5236.jpg?resize=1536%2C1070&amp;ssl=1 1536w, https:\/\/i0.wp.com\/maissilva.com\/wp-content\/uploads\/2025\/08\/DMF.-Virginia-Mota.-Caderno-E.-5236.jpg?resize=2048%2C1427&amp;ssl=1 2048w, https:\/\/i0.wp.com\/maissilva.com\/wp-content\/uploads\/2025\/08\/DMF.-Virginia-Mota.-Caderno-E.-5236.jpg?resize=18%2C12&amp;ssl=1 18w, https:\/\/i0.wp.com\/maissilva.com\/wp-content\/uploads\/2025\/08\/DMF.-Virginia-Mota.-Caderno-E.-5236.jpg?resize=1200%2C836&amp;ssl=1 1200w\" sizes=\"auto, (max-width: 1000px) 100vw, 1000px\" \/><\/figure>\n\n\n\n<figure class=\"wp-block-image size-full\"><img data-recalc-dims=\"1\" loading=\"lazy\" decoding=\"async\" width=\"2250\" height=\"1568\" data-attachment-id=\"3228\" data-permalink=\"https:\/\/maissilva.com\/en\/virginia-mota\/dmf-virginia-mota-caderno-e-5237\/\" data-orig-file=\"https:\/\/i0.wp.com\/maissilva.com\/wp-content\/uploads\/2025\/08\/DMF.-Virginia-Mota.-Caderno-E.-5237.jpg?fit=2250%2C1568&amp;ssl=1\" data-orig-size=\"2250,1568\" data-comments-opened=\"0\" data-image-meta=\"{&quot;aperture&quot;:&quot;0&quot;,&quot;credit&quot;:&quot;&quot;,&quot;camera&quot;:&quot;&quot;,&quot;caption&quot;:&quot;&quot;,&quot;created_timestamp&quot;:&quot;0&quot;,&quot;copyright&quot;:&quot;\\u00a9 2021 Daniel Malh\\u00e3o Fotografia (All Rights Reserved)&quot;,&quot;focal_length&quot;:&quot;0&quot;,&quot;iso&quot;:&quot;0&quot;,&quot;shutter_speed&quot;:&quot;0&quot;,&quot;title&quot;:&quot;&quot;,&quot;orientation&quot;:&quot;1&quot;}\" data-image-title=\"&amp;#8220;Atmos-Vapor&amp;#8221; &amp;#8211; Caderno E, Virg\u00ednia Mota\" data-image-description=\"&lt;p&gt;Livro de Artista&lt;br \/&gt;Gouache sobre papel&lt;\/p&gt;\" data-image-caption=\"\" data-large-file=\"https:\/\/i0.wp.com\/maissilva.com\/wp-content\/uploads\/2025\/08\/DMF.-Virginia-Mota.-Caderno-E.-5237.jpg?fit=1024%2C714&amp;ssl=1\" data-id=\"3228\" src=\"https:\/\/i0.wp.com\/maissilva.com\/wp-content\/uploads\/2025\/08\/DMF.-Virginia-Mota.-Caderno-E.-5237.jpg?resize=2250%2C1568&#038;ssl=1\" alt=\"\" class=\"wp-image-3228\" srcset=\"https:\/\/i0.wp.com\/maissilva.com\/wp-content\/uploads\/2025\/08\/DMF.-Virginia-Mota.-Caderno-E.-5237.jpg?w=2250&amp;ssl=1 2250w, https:\/\/i0.wp.com\/maissilva.com\/wp-content\/uploads\/2025\/08\/DMF.-Virginia-Mota.-Caderno-E.-5237.jpg?resize=300%2C209&amp;ssl=1 300w, https:\/\/i0.wp.com\/maissilva.com\/wp-content\/uploads\/2025\/08\/DMF.-Virginia-Mota.-Caderno-E.-5237.jpg?resize=1024%2C714&amp;ssl=1 1024w, https:\/\/i0.wp.com\/maissilva.com\/wp-content\/uploads\/2025\/08\/DMF.-Virginia-Mota.-Caderno-E.-5237.jpg?resize=768%2C535&amp;ssl=1 768w, https:\/\/i0.wp.com\/maissilva.com\/wp-content\/uploads\/2025\/08\/DMF.-Virginia-Mota.-Caderno-E.-5237.jpg?resize=1536%2C1070&amp;ssl=1 1536w, https:\/\/i0.wp.com\/maissilva.com\/wp-content\/uploads\/2025\/08\/DMF.-Virginia-Mota.-Caderno-E.-5237.jpg?resize=2048%2C1427&amp;ssl=1 2048w, https:\/\/i0.wp.com\/maissilva.com\/wp-content\/uploads\/2025\/08\/DMF.-Virginia-Mota.-Caderno-E.-5237.jpg?resize=18%2C12&amp;ssl=1 18w, https:\/\/i0.wp.com\/maissilva.com\/wp-content\/uploads\/2025\/08\/DMF.-Virginia-Mota.-Caderno-E.-5237.jpg?resize=1200%2C836&amp;ssl=1 1200w\" sizes=\"auto, (max-width: 1000px) 100vw, 1000px\" \/><\/figure>\n\n\n\n<figure class=\"wp-block-image size-full\"><img data-recalc-dims=\"1\" loading=\"lazy\" decoding=\"async\" width=\"2250\" height=\"1568\" data-attachment-id=\"3225\" data-permalink=\"https:\/\/maissilva.com\/en\/virginia-mota\/dmf-virginia-mota-caderno-e-5238\/\" data-orig-file=\"https:\/\/i0.wp.com\/maissilva.com\/wp-content\/uploads\/2025\/08\/DMF.-Virginia-Mota.-Caderno-E.-5238.jpg?fit=2250%2C1568&amp;ssl=1\" data-orig-size=\"2250,1568\" data-comments-opened=\"0\" data-image-meta=\"{&quot;aperture&quot;:&quot;0&quot;,&quot;credit&quot;:&quot;&quot;,&quot;camera&quot;:&quot;&quot;,&quot;caption&quot;:&quot;&quot;,&quot;created_timestamp&quot;:&quot;0&quot;,&quot;copyright&quot;:&quot;\\u00a9 2021 Daniel Malh\\u00e3o Fotografia (All Rights Reserved)&quot;,&quot;focal_length&quot;:&quot;0&quot;,&quot;iso&quot;:&quot;0&quot;,&quot;shutter_speed&quot;:&quot;0&quot;,&quot;title&quot;:&quot;&quot;,&quot;orientation&quot;:&quot;1&quot;}\" data-image-title=\"&amp;#8220;Atmos-Vapor&amp;#8221; &amp;#8211; Caderno E, Virg\u00ednia Mota\" data-image-description=\"&lt;p&gt;Livro de Artista&lt;br \/&gt;Gouache sobre papel&lt;\/p&gt;\" data-image-caption=\"\" data-large-file=\"https:\/\/i0.wp.com\/maissilva.com\/wp-content\/uploads\/2025\/08\/DMF.-Virginia-Mota.-Caderno-E.-5238.jpg?fit=1024%2C714&amp;ssl=1\" data-id=\"3225\" src=\"https:\/\/i0.wp.com\/maissilva.com\/wp-content\/uploads\/2025\/08\/DMF.-Virginia-Mota.-Caderno-E.-5238.jpg?resize=2250%2C1568&#038;ssl=1\" alt=\"\" class=\"wp-image-3225\" srcset=\"https:\/\/i0.wp.com\/maissilva.com\/wp-content\/uploads\/2025\/08\/DMF.-Virginia-Mota.-Caderno-E.-5238.jpg?w=2250&amp;ssl=1 2250w, https:\/\/i0.wp.com\/maissilva.com\/wp-content\/uploads\/2025\/08\/DMF.-Virginia-Mota.-Caderno-E.-5238.jpg?resize=300%2C209&amp;ssl=1 300w, https:\/\/i0.wp.com\/maissilva.com\/wp-content\/uploads\/2025\/08\/DMF.-Virginia-Mota.-Caderno-E.-5238.jpg?resize=1024%2C714&amp;ssl=1 1024w, https:\/\/i0.wp.com\/maissilva.com\/wp-content\/uploads\/2025\/08\/DMF.-Virginia-Mota.-Caderno-E.-5238.jpg?resize=768%2C535&amp;ssl=1 768w, https:\/\/i0.wp.com\/maissilva.com\/wp-content\/uploads\/2025\/08\/DMF.-Virginia-Mota.-Caderno-E.-5238.jpg?resize=1536%2C1070&amp;ssl=1 1536w, https:\/\/i0.wp.com\/maissilva.com\/wp-content\/uploads\/2025\/08\/DMF.-Virginia-Mota.-Caderno-E.-5238.jpg?resize=2048%2C1427&amp;ssl=1 2048w, https:\/\/i0.wp.com\/maissilva.com\/wp-content\/uploads\/2025\/08\/DMF.-Virginia-Mota.-Caderno-E.-5238.jpg?resize=18%2C12&amp;ssl=1 18w, https:\/\/i0.wp.com\/maissilva.com\/wp-content\/uploads\/2025\/08\/DMF.-Virginia-Mota.-Caderno-E.-5238.jpg?resize=1200%2C836&amp;ssl=1 1200w\" sizes=\"auto, (max-width: 1000px) 100vw, 1000px\" \/><\/figure>\n\n\n\n<figure class=\"wp-block-image size-full\"><img data-recalc-dims=\"1\" loading=\"lazy\" decoding=\"async\" width=\"2250\" height=\"1568\" data-attachment-id=\"3227\" data-permalink=\"https:\/\/maissilva.com\/en\/virginia-mota\/dmf-virginia-mota-caderno-e-5240\/\" data-orig-file=\"https:\/\/i0.wp.com\/maissilva.com\/wp-content\/uploads\/2025\/08\/DMF.-Virginia-Mota.-Caderno-E.-5240.jpg?fit=2250%2C1568&amp;ssl=1\" data-orig-size=\"2250,1568\" data-comments-opened=\"0\" data-image-meta=\"{&quot;aperture&quot;:&quot;0&quot;,&quot;credit&quot;:&quot;&quot;,&quot;camera&quot;:&quot;&quot;,&quot;caption&quot;:&quot;&quot;,&quot;created_timestamp&quot;:&quot;0&quot;,&quot;copyright&quot;:&quot;\\u00a9 2021 Daniel Malh\\u00e3o Fotografia (All Rights Reserved)&quot;,&quot;focal_length&quot;:&quot;0&quot;,&quot;iso&quot;:&quot;0&quot;,&quot;shutter_speed&quot;:&quot;0&quot;,&quot;title&quot;:&quot;&quot;,&quot;orientation&quot;:&quot;1&quot;}\" data-image-title=\"&amp;#8220;Atmos-Vapor&amp;#8221; &amp;#8211; Caderno E, Virg\u00ednia Mota\" data-image-description=\"&lt;p&gt;Livro de Artista&lt;br \/&gt;Gouache sobre papel&lt;\/p&gt;\" data-image-caption=\"\" data-large-file=\"https:\/\/i0.wp.com\/maissilva.com\/wp-content\/uploads\/2025\/08\/DMF.-Virginia-Mota.-Caderno-E.-5240.jpg?fit=1024%2C714&amp;ssl=1\" data-id=\"3227\" src=\"https:\/\/i0.wp.com\/maissilva.com\/wp-content\/uploads\/2025\/08\/DMF.-Virginia-Mota.-Caderno-E.-5240.jpg?resize=2250%2C1568&#038;ssl=1\" alt=\"\" class=\"wp-image-3227\" srcset=\"https:\/\/i0.wp.com\/maissilva.com\/wp-content\/uploads\/2025\/08\/DMF.-Virginia-Mota.-Caderno-E.-5240.jpg?w=2250&amp;ssl=1 2250w, https:\/\/i0.wp.com\/maissilva.com\/wp-content\/uploads\/2025\/08\/DMF.-Virginia-Mota.-Caderno-E.-5240.jpg?resize=300%2C209&amp;ssl=1 300w, https:\/\/i0.wp.com\/maissilva.com\/wp-content\/uploads\/2025\/08\/DMF.-Virginia-Mota.-Caderno-E.-5240.jpg?resize=1024%2C714&amp;ssl=1 1024w, https:\/\/i0.wp.com\/maissilva.com\/wp-content\/uploads\/2025\/08\/DMF.-Virginia-Mota.-Caderno-E.-5240.jpg?resize=768%2C535&amp;ssl=1 768w, https:\/\/i0.wp.com\/maissilva.com\/wp-content\/uploads\/2025\/08\/DMF.-Virginia-Mota.-Caderno-E.-5240.jpg?resize=1536%2C1070&amp;ssl=1 1536w, https:\/\/i0.wp.com\/maissilva.com\/wp-content\/uploads\/2025\/08\/DMF.-Virginia-Mota.-Caderno-E.-5240.jpg?resize=2048%2C1427&amp;ssl=1 2048w, https:\/\/i0.wp.com\/maissilva.com\/wp-content\/uploads\/2025\/08\/DMF.-Virginia-Mota.-Caderno-E.-5240.jpg?resize=18%2C12&amp;ssl=1 18w, https:\/\/i0.wp.com\/maissilva.com\/wp-content\/uploads\/2025\/08\/DMF.-Virginia-Mota.-Caderno-E.-5240.jpg?resize=1200%2C836&amp;ssl=1 1200w\" sizes=\"auto, (max-width: 1000px) 100vw, 1000px\" \/><\/figure>\n\n\n\n<figure class=\"wp-block-image size-full\"><img data-recalc-dims=\"1\" loading=\"lazy\" decoding=\"async\" width=\"2250\" height=\"1568\" data-attachment-id=\"3235\" data-permalink=\"https:\/\/maissilva.com\/en\/virginia-mota\/dmf-virginia-mota-caderno-e-5241\/\" data-orig-file=\"https:\/\/i0.wp.com\/maissilva.com\/wp-content\/uploads\/2025\/08\/DMF.-Virginia-Mota.-Caderno-E.-5241.jpg?fit=2250%2C1568&amp;ssl=1\" data-orig-size=\"2250,1568\" data-comments-opened=\"0\" data-image-meta=\"{&quot;aperture&quot;:&quot;0&quot;,&quot;credit&quot;:&quot;&quot;,&quot;camera&quot;:&quot;&quot;,&quot;caption&quot;:&quot;&quot;,&quot;created_timestamp&quot;:&quot;0&quot;,&quot;copyright&quot;:&quot;\\u00a9 2021 Daniel Malh\\u00e3o Fotografia (All Rights Reserved)&quot;,&quot;focal_length&quot;:&quot;0&quot;,&quot;iso&quot;:&quot;0&quot;,&quot;shutter_speed&quot;:&quot;0&quot;,&quot;title&quot;:&quot;&quot;,&quot;orientation&quot;:&quot;1&quot;}\" data-image-title=\"&amp;#8220;Atmos-Vapor&amp;#8221; &amp;#8211; Caderno E, Virg\u00ednia Mota\" data-image-description=\"&lt;p&gt;Livro de Artista&lt;br \/&gt;Gouache sobre papel&lt;\/p&gt;\" data-image-caption=\"\" data-large-file=\"https:\/\/i0.wp.com\/maissilva.com\/wp-content\/uploads\/2025\/08\/DMF.-Virginia-Mota.-Caderno-E.-5241.jpg?fit=1024%2C714&amp;ssl=1\" data-id=\"3235\" src=\"https:\/\/i0.wp.com\/maissilva.com\/wp-content\/uploads\/2025\/08\/DMF.-Virginia-Mota.-Caderno-E.-5241.jpg?resize=2250%2C1568&#038;ssl=1\" alt=\"\" class=\"wp-image-3235\" srcset=\"https:\/\/i0.wp.com\/maissilva.com\/wp-content\/uploads\/2025\/08\/DMF.-Virginia-Mota.-Caderno-E.-5241.jpg?w=2250&amp;ssl=1 2250w, https:\/\/i0.wp.com\/maissilva.com\/wp-content\/uploads\/2025\/08\/DMF.-Virginia-Mota.-Caderno-E.-5241.jpg?resize=300%2C209&amp;ssl=1 300w, https:\/\/i0.wp.com\/maissilva.com\/wp-content\/uploads\/2025\/08\/DMF.-Virginia-Mota.-Caderno-E.-5241.jpg?resize=1024%2C714&amp;ssl=1 1024w, https:\/\/i0.wp.com\/maissilva.com\/wp-content\/uploads\/2025\/08\/DMF.-Virginia-Mota.-Caderno-E.-5241.jpg?resize=768%2C535&amp;ssl=1 768w, https:\/\/i0.wp.com\/maissilva.com\/wp-content\/uploads\/2025\/08\/DMF.-Virginia-Mota.-Caderno-E.-5241.jpg?resize=1536%2C1070&amp;ssl=1 1536w, https:\/\/i0.wp.com\/maissilva.com\/wp-content\/uploads\/2025\/08\/DMF.-Virginia-Mota.-Caderno-E.-5241.jpg?resize=2048%2C1427&amp;ssl=1 2048w, https:\/\/i0.wp.com\/maissilva.com\/wp-content\/uploads\/2025\/08\/DMF.-Virginia-Mota.-Caderno-E.-5241.jpg?resize=18%2C12&amp;ssl=1 18w, https:\/\/i0.wp.com\/maissilva.com\/wp-content\/uploads\/2025\/08\/DMF.-Virginia-Mota.-Caderno-E.-5241.jpg?resize=1200%2C836&amp;ssl=1 1200w\" sizes=\"auto, (max-width: 1000px) 100vw, 1000px\" \/><\/figure>\n\n\n\n<figure class=\"wp-block-image size-full\"><img data-recalc-dims=\"1\" loading=\"lazy\" decoding=\"async\" width=\"2250\" height=\"1568\" data-attachment-id=\"3242\" data-permalink=\"https:\/\/maissilva.com\/en\/virginia-mota\/dmf-virginia-mota-caderno-e-5242\/\" data-orig-file=\"https:\/\/i0.wp.com\/maissilva.com\/wp-content\/uploads\/2025\/08\/DMF.-Virginia-Mota.-Caderno-E.-5242.jpg?fit=2250%2C1568&amp;ssl=1\" data-orig-size=\"2250,1568\" data-comments-opened=\"0\" data-image-meta=\"{&quot;aperture&quot;:&quot;0&quot;,&quot;credit&quot;:&quot;&quot;,&quot;camera&quot;:&quot;&quot;,&quot;caption&quot;:&quot;&quot;,&quot;created_timestamp&quot;:&quot;0&quot;,&quot;copyright&quot;:&quot;\\u00a9 2021 Daniel Malh\\u00e3o Fotografia (All Rights Reserved)&quot;,&quot;focal_length&quot;:&quot;0&quot;,&quot;iso&quot;:&quot;0&quot;,&quot;shutter_speed&quot;:&quot;0&quot;,&quot;title&quot;:&quot;&quot;,&quot;orientation&quot;:&quot;1&quot;}\" data-image-title=\"&amp;#8220;Atmos-Vapor&amp;#8221; &amp;#8211; Caderno E, Virg\u00ednia Mota\" data-image-description=\"&lt;p&gt;Livro de Artista&lt;br \/&gt;Gouache sobre papel&lt;\/p&gt;\" data-image-caption=\"\" data-large-file=\"https:\/\/i0.wp.com\/maissilva.com\/wp-content\/uploads\/2025\/08\/DMF.-Virginia-Mota.-Caderno-E.-5242.jpg?fit=1024%2C714&amp;ssl=1\" data-id=\"3242\" src=\"https:\/\/i0.wp.com\/maissilva.com\/wp-content\/uploads\/2025\/08\/DMF.-Virginia-Mota.-Caderno-E.-5242.jpg?resize=2250%2C1568&#038;ssl=1\" alt=\"\" class=\"wp-image-3242\" srcset=\"https:\/\/i0.wp.com\/maissilva.com\/wp-content\/uploads\/2025\/08\/DMF.-Virginia-Mota.-Caderno-E.-5242.jpg?w=2250&amp;ssl=1 2250w, https:\/\/i0.wp.com\/maissilva.com\/wp-content\/uploads\/2025\/08\/DMF.-Virginia-Mota.-Caderno-E.-5242.jpg?resize=300%2C209&amp;ssl=1 300w, https:\/\/i0.wp.com\/maissilva.com\/wp-content\/uploads\/2025\/08\/DMF.-Virginia-Mota.-Caderno-E.-5242.jpg?resize=1024%2C714&amp;ssl=1 1024w, https:\/\/i0.wp.com\/maissilva.com\/wp-content\/uploads\/2025\/08\/DMF.-Virginia-Mota.-Caderno-E.-5242.jpg?resize=768%2C535&amp;ssl=1 768w, https:\/\/i0.wp.com\/maissilva.com\/wp-content\/uploads\/2025\/08\/DMF.-Virginia-Mota.-Caderno-E.-5242.jpg?resize=1536%2C1070&amp;ssl=1 1536w, https:\/\/i0.wp.com\/maissilva.com\/wp-content\/uploads\/2025\/08\/DMF.-Virginia-Mota.-Caderno-E.-5242.jpg?resize=2048%2C1427&amp;ssl=1 2048w, https:\/\/i0.wp.com\/maissilva.com\/wp-content\/uploads\/2025\/08\/DMF.-Virginia-Mota.-Caderno-E.-5242.jpg?resize=18%2C12&amp;ssl=1 18w, https:\/\/i0.wp.com\/maissilva.com\/wp-content\/uploads\/2025\/08\/DMF.-Virginia-Mota.-Caderno-E.-5242.jpg?resize=1200%2C836&amp;ssl=1 1200w\" sizes=\"auto, (max-width: 1000px) 100vw, 1000px\" \/><\/figure>\n\n\n\n<figure class=\"wp-block-image size-full\"><img data-recalc-dims=\"1\" loading=\"lazy\" decoding=\"async\" width=\"2250\" height=\"1568\" data-attachment-id=\"3239\" data-permalink=\"https:\/\/maissilva.com\/en\/virginia-mota\/dmf-virginia-mota-caderno-f-5243\/\" data-orig-file=\"https:\/\/i0.wp.com\/maissilva.com\/wp-content\/uploads\/2025\/08\/DMF.-Virginia-Mota.-Caderno-F.-5243.jpg?fit=2250%2C1568&amp;ssl=1\" data-orig-size=\"2250,1568\" data-comments-opened=\"0\" data-image-meta=\"{&quot;aperture&quot;:&quot;0&quot;,&quot;credit&quot;:&quot;&quot;,&quot;camera&quot;:&quot;&quot;,&quot;caption&quot;:&quot;&quot;,&quot;created_timestamp&quot;:&quot;0&quot;,&quot;copyright&quot;:&quot;\\u00a9 2021 Daniel Malh\\u00e3o Fotografia (All Rights Reserved)&quot;,&quot;focal_length&quot;:&quot;0&quot;,&quot;iso&quot;:&quot;0&quot;,&quot;shutter_speed&quot;:&quot;0&quot;,&quot;title&quot;:&quot;&quot;,&quot;orientation&quot;:&quot;1&quot;}\" data-image-title=\"&amp;#8220;Atmos-Vapor&amp;#8221; &amp;#8211; Caderno F, Virg\u00ednia Mota\" data-image-description=\"&lt;p&gt;Livro de Artista&lt;br \/&gt;Gouache sobre papel&lt;\/p&gt;\" data-image-caption=\"\" data-large-file=\"https:\/\/i0.wp.com\/maissilva.com\/wp-content\/uploads\/2025\/08\/DMF.-Virginia-Mota.-Caderno-F.-5243.jpg?fit=1024%2C714&amp;ssl=1\" data-id=\"3239\" src=\"https:\/\/i0.wp.com\/maissilva.com\/wp-content\/uploads\/2025\/08\/DMF.-Virginia-Mota.-Caderno-F.-5243.jpg?resize=2250%2C1568&#038;ssl=1\" alt=\"\" class=\"wp-image-3239\" srcset=\"https:\/\/i0.wp.com\/maissilva.com\/wp-content\/uploads\/2025\/08\/DMF.-Virginia-Mota.-Caderno-F.-5243.jpg?w=2250&amp;ssl=1 2250w, https:\/\/i0.wp.com\/maissilva.com\/wp-content\/uploads\/2025\/08\/DMF.-Virginia-Mota.-Caderno-F.-5243.jpg?resize=300%2C209&amp;ssl=1 300w, https:\/\/i0.wp.com\/maissilva.com\/wp-content\/uploads\/2025\/08\/DMF.-Virginia-Mota.-Caderno-F.-5243.jpg?resize=1024%2C714&amp;ssl=1 1024w, https:\/\/i0.wp.com\/maissilva.com\/wp-content\/uploads\/2025\/08\/DMF.-Virginia-Mota.-Caderno-F.-5243.jpg?resize=768%2C535&amp;ssl=1 768w, https:\/\/i0.wp.com\/maissilva.com\/wp-content\/uploads\/2025\/08\/DMF.-Virginia-Mota.-Caderno-F.-5243.jpg?resize=1536%2C1070&amp;ssl=1 1536w, https:\/\/i0.wp.com\/maissilva.com\/wp-content\/uploads\/2025\/08\/DMF.-Virginia-Mota.-Caderno-F.-5243.jpg?resize=2048%2C1427&amp;ssl=1 2048w, https:\/\/i0.wp.com\/maissilva.com\/wp-content\/uploads\/2025\/08\/DMF.-Virginia-Mota.-Caderno-F.-5243.jpg?resize=18%2C12&amp;ssl=1 18w, https:\/\/i0.wp.com\/maissilva.com\/wp-content\/uploads\/2025\/08\/DMF.-Virginia-Mota.-Caderno-F.-5243.jpg?resize=1200%2C836&amp;ssl=1 1200w\" sizes=\"auto, (max-width: 1000px) 100vw, 1000px\" \/><\/figure>\n\n\n\n<figure class=\"wp-block-image size-full\"><img data-recalc-dims=\"1\" loading=\"lazy\" decoding=\"async\" width=\"2250\" height=\"1568\" data-attachment-id=\"3222\" data-permalink=\"https:\/\/maissilva.com\/en\/virginia-mota\/dmf-virginia-mota-caderno-f-5244\/\" data-orig-file=\"https:\/\/i0.wp.com\/maissilva.com\/wp-content\/uploads\/2025\/08\/DMF.-Virginia-Mota.-Caderno-F.-5244.jpg?fit=2250%2C1568&amp;ssl=1\" data-orig-size=\"2250,1568\" data-comments-opened=\"0\" data-image-meta=\"{&quot;aperture&quot;:&quot;0&quot;,&quot;credit&quot;:&quot;&quot;,&quot;camera&quot;:&quot;&quot;,&quot;caption&quot;:&quot;&quot;,&quot;created_timestamp&quot;:&quot;0&quot;,&quot;copyright&quot;:&quot;\\u00a9 2021 Daniel Malh\\u00e3o Fotografia (All Rights Reserved)&quot;,&quot;focal_length&quot;:&quot;0&quot;,&quot;iso&quot;:&quot;0&quot;,&quot;shutter_speed&quot;:&quot;0&quot;,&quot;title&quot;:&quot;&quot;,&quot;orientation&quot;:&quot;1&quot;}\" data-image-title=\"&amp;#8220;Atmos-Vapor&amp;#8221; &amp;#8211; Caderno F, Virg\u00ednia Mota\" data-image-description=\"&lt;p&gt;Livro de Artista&lt;br \/&gt;Gouache sobre papel&lt;\/p&gt;\" data-image-caption=\"\" data-large-file=\"https:\/\/i0.wp.com\/maissilva.com\/wp-content\/uploads\/2025\/08\/DMF.-Virginia-Mota.-Caderno-F.-5244.jpg?fit=1024%2C714&amp;ssl=1\" data-id=\"3222\" src=\"https:\/\/i0.wp.com\/maissilva.com\/wp-content\/uploads\/2025\/08\/DMF.-Virginia-Mota.-Caderno-F.-5244.jpg?resize=2250%2C1568&#038;ssl=1\" alt=\"\" class=\"wp-image-3222\" srcset=\"https:\/\/i0.wp.com\/maissilva.com\/wp-content\/uploads\/2025\/08\/DMF.-Virginia-Mota.-Caderno-F.-5244.jpg?w=2250&amp;ssl=1 2250w, https:\/\/i0.wp.com\/maissilva.com\/wp-content\/uploads\/2025\/08\/DMF.-Virginia-Mota.-Caderno-F.-5244.jpg?resize=300%2C209&amp;ssl=1 300w, https:\/\/i0.wp.com\/maissilva.com\/wp-content\/uploads\/2025\/08\/DMF.-Virginia-Mota.-Caderno-F.-5244.jpg?resize=1024%2C714&amp;ssl=1 1024w, https:\/\/i0.wp.com\/maissilva.com\/wp-content\/uploads\/2025\/08\/DMF.-Virginia-Mota.-Caderno-F.-5244.jpg?resize=768%2C535&amp;ssl=1 768w, https:\/\/i0.wp.com\/maissilva.com\/wp-content\/uploads\/2025\/08\/DMF.-Virginia-Mota.-Caderno-F.-5244.jpg?resize=1536%2C1070&amp;ssl=1 1536w, https:\/\/i0.wp.com\/maissilva.com\/wp-content\/uploads\/2025\/08\/DMF.-Virginia-Mota.-Caderno-F.-5244.jpg?resize=2048%2C1427&amp;ssl=1 2048w, https:\/\/i0.wp.com\/maissilva.com\/wp-content\/uploads\/2025\/08\/DMF.-Virginia-Mota.-Caderno-F.-5244.jpg?resize=18%2C12&amp;ssl=1 18w, https:\/\/i0.wp.com\/maissilva.com\/wp-content\/uploads\/2025\/08\/DMF.-Virginia-Mota.-Caderno-F.-5244.jpg?resize=1200%2C836&amp;ssl=1 1200w\" sizes=\"auto, (max-width: 1000px) 100vw, 1000px\" \/><\/figure>\n\n\n\n<figure class=\"wp-block-image size-full\"><img data-recalc-dims=\"1\" loading=\"lazy\" decoding=\"async\" width=\"2250\" height=\"1568\" data-attachment-id=\"3220\" data-permalink=\"https:\/\/maissilva.com\/en\/virginia-mota\/dmf-virginia-mota-caderno-f-5245\/\" data-orig-file=\"https:\/\/i0.wp.com\/maissilva.com\/wp-content\/uploads\/2025\/08\/DMF.-Virginia-Mota.-Caderno-F.-5245.jpg?fit=2250%2C1568&amp;ssl=1\" data-orig-size=\"2250,1568\" data-comments-opened=\"0\" data-image-meta=\"{&quot;aperture&quot;:&quot;0&quot;,&quot;credit&quot;:&quot;&quot;,&quot;camera&quot;:&quot;&quot;,&quot;caption&quot;:&quot;&quot;,&quot;created_timestamp&quot;:&quot;0&quot;,&quot;copyright&quot;:&quot;\\u00a9 2021 Daniel Malh\\u00e3o Fotografia (All Rights Reserved)&quot;,&quot;focal_length&quot;:&quot;0&quot;,&quot;iso&quot;:&quot;0&quot;,&quot;shutter_speed&quot;:&quot;0&quot;,&quot;title&quot;:&quot;&quot;,&quot;orientation&quot;:&quot;1&quot;}\" data-image-title=\"&amp;#8220;Atmos-Vapor&amp;#8221; &amp;#8211; Caderno F, Virg\u00ednia Mota\" data-image-description=\"&lt;p&gt;Livro de Artista&lt;br \/&gt;Gouache sobre papel&lt;\/p&gt;\" data-image-caption=\"\" data-large-file=\"https:\/\/i0.wp.com\/maissilva.com\/wp-content\/uploads\/2025\/08\/DMF.-Virginia-Mota.-Caderno-F.-5245.jpg?fit=1024%2C714&amp;ssl=1\" data-id=\"3220\" src=\"https:\/\/i0.wp.com\/maissilva.com\/wp-content\/uploads\/2025\/08\/DMF.-Virginia-Mota.-Caderno-F.-5245.jpg?resize=2250%2C1568&#038;ssl=1\" alt=\"\" class=\"wp-image-3220\" srcset=\"https:\/\/i0.wp.com\/maissilva.com\/wp-content\/uploads\/2025\/08\/DMF.-Virginia-Mota.-Caderno-F.-5245.jpg?w=2250&amp;ssl=1 2250w, https:\/\/i0.wp.com\/maissilva.com\/wp-content\/uploads\/2025\/08\/DMF.-Virginia-Mota.-Caderno-F.-5245.jpg?resize=300%2C209&amp;ssl=1 300w, https:\/\/i0.wp.com\/maissilva.com\/wp-content\/uploads\/2025\/08\/DMF.-Virginia-Mota.-Caderno-F.-5245.jpg?resize=1024%2C714&amp;ssl=1 1024w, https:\/\/i0.wp.com\/maissilva.com\/wp-content\/uploads\/2025\/08\/DMF.-Virginia-Mota.-Caderno-F.-5245.jpg?resize=768%2C535&amp;ssl=1 768w, https:\/\/i0.wp.com\/maissilva.com\/wp-content\/uploads\/2025\/08\/DMF.-Virginia-Mota.-Caderno-F.-5245.jpg?resize=1536%2C1070&amp;ssl=1 1536w, https:\/\/i0.wp.com\/maissilva.com\/wp-content\/uploads\/2025\/08\/DMF.-Virginia-Mota.-Caderno-F.-5245.jpg?resize=2048%2C1427&amp;ssl=1 2048w, https:\/\/i0.wp.com\/maissilva.com\/wp-content\/uploads\/2025\/08\/DMF.-Virginia-Mota.-Caderno-F.-5245.jpg?resize=18%2C12&amp;ssl=1 18w, https:\/\/i0.wp.com\/maissilva.com\/wp-content\/uploads\/2025\/08\/DMF.-Virginia-Mota.-Caderno-F.-5245.jpg?resize=1200%2C836&amp;ssl=1 1200w\" sizes=\"auto, (max-width: 1000px) 100vw, 1000px\" \/><\/figure>\n\n\n\n<figure class=\"wp-block-image size-full\"><img data-recalc-dims=\"1\" loading=\"lazy\" decoding=\"async\" width=\"2250\" height=\"1568\" data-attachment-id=\"3221\" data-permalink=\"https:\/\/maissilva.com\/en\/virginia-mota\/dmf-virginia-mota-caderno-f-5246\/\" data-orig-file=\"https:\/\/i0.wp.com\/maissilva.com\/wp-content\/uploads\/2025\/08\/DMF.-Virginia-Mota.-Caderno-F.-5246.jpg?fit=2250%2C1568&amp;ssl=1\" data-orig-size=\"2250,1568\" data-comments-opened=\"0\" data-image-meta=\"{&quot;aperture&quot;:&quot;0&quot;,&quot;credit&quot;:&quot;&quot;,&quot;camera&quot;:&quot;&quot;,&quot;caption&quot;:&quot;&quot;,&quot;created_timestamp&quot;:&quot;0&quot;,&quot;copyright&quot;:&quot;\\u00a9 2021 Daniel Malh\\u00e3o Fotografia (All Rights Reserved)&quot;,&quot;focal_length&quot;:&quot;0&quot;,&quot;iso&quot;:&quot;0&quot;,&quot;shutter_speed&quot;:&quot;0&quot;,&quot;title&quot;:&quot;&quot;,&quot;orientation&quot;:&quot;1&quot;}\" data-image-title=\"&amp;#8220;Atmos-Vapor&amp;#8221; &amp;#8211; Caderno F, Virg\u00ednia Mota\" data-image-description=\"&lt;p&gt;Livro de Artista&lt;br \/&gt;Gouache sobre papel&lt;\/p&gt;\" data-image-caption=\"\" data-large-file=\"https:\/\/i0.wp.com\/maissilva.com\/wp-content\/uploads\/2025\/08\/DMF.-Virginia-Mota.-Caderno-F.-5246.jpg?fit=1024%2C714&amp;ssl=1\" data-id=\"3221\" src=\"https:\/\/i0.wp.com\/maissilva.com\/wp-content\/uploads\/2025\/08\/DMF.-Virginia-Mota.-Caderno-F.-5246.jpg?resize=2250%2C1568&#038;ssl=1\" alt=\"\" class=\"wp-image-3221\" srcset=\"https:\/\/i0.wp.com\/maissilva.com\/wp-content\/uploads\/2025\/08\/DMF.-Virginia-Mota.-Caderno-F.-5246.jpg?w=2250&amp;ssl=1 2250w, https:\/\/i0.wp.com\/maissilva.com\/wp-content\/uploads\/2025\/08\/DMF.-Virginia-Mota.-Caderno-F.-5246.jpg?resize=300%2C209&amp;ssl=1 300w, https:\/\/i0.wp.com\/maissilva.com\/wp-content\/uploads\/2025\/08\/DMF.-Virginia-Mota.-Caderno-F.-5246.jpg?resize=1024%2C714&amp;ssl=1 1024w, https:\/\/i0.wp.com\/maissilva.com\/wp-content\/uploads\/2025\/08\/DMF.-Virginia-Mota.-Caderno-F.-5246.jpg?resize=768%2C535&amp;ssl=1 768w, https:\/\/i0.wp.com\/maissilva.com\/wp-content\/uploads\/2025\/08\/DMF.-Virginia-Mota.-Caderno-F.-5246.jpg?resize=1536%2C1070&amp;ssl=1 1536w, https:\/\/i0.wp.com\/maissilva.com\/wp-content\/uploads\/2025\/08\/DMF.-Virginia-Mota.-Caderno-F.-5246.jpg?resize=2048%2C1427&amp;ssl=1 2048w, https:\/\/i0.wp.com\/maissilva.com\/wp-content\/uploads\/2025\/08\/DMF.-Virginia-Mota.-Caderno-F.-5246.jpg?resize=18%2C12&amp;ssl=1 18w, https:\/\/i0.wp.com\/maissilva.com\/wp-content\/uploads\/2025\/08\/DMF.-Virginia-Mota.-Caderno-F.-5246.jpg?resize=1200%2C836&amp;ssl=1 1200w\" sizes=\"auto, (max-width: 1000px) 100vw, 1000px\" \/><\/figure>\n\n\n\n<figure class=\"wp-block-image size-full\"><img data-recalc-dims=\"1\" loading=\"lazy\" decoding=\"async\" width=\"2250\" height=\"1568\" data-attachment-id=\"3223\" data-permalink=\"https:\/\/maissilva.com\/en\/virginia-mota\/dmf-virginia-mota-caderno-f-5247\/\" data-orig-file=\"https:\/\/i0.wp.com\/maissilva.com\/wp-content\/uploads\/2025\/08\/DMF.-Virginia-Mota.-Caderno-F.-5247.jpg?fit=2250%2C1568&amp;ssl=1\" data-orig-size=\"2250,1568\" data-comments-opened=\"0\" data-image-meta=\"{&quot;aperture&quot;:&quot;0&quot;,&quot;credit&quot;:&quot;&quot;,&quot;camera&quot;:&quot;&quot;,&quot;caption&quot;:&quot;&quot;,&quot;created_timestamp&quot;:&quot;0&quot;,&quot;copyright&quot;:&quot;\\u00a9 2021 Daniel Malh\\u00e3o Fotografia (All Rights Reserved)&quot;,&quot;focal_length&quot;:&quot;0&quot;,&quot;iso&quot;:&quot;0&quot;,&quot;shutter_speed&quot;:&quot;0&quot;,&quot;title&quot;:&quot;&quot;,&quot;orientation&quot;:&quot;1&quot;}\" data-image-title=\"&amp;#8220;Atmos-Vapor&amp;#8221; &amp;#8211; Caderno F, Virg\u00ednia Mota\" data-image-description=\"&lt;p&gt;Livro de Artista&lt;br \/&gt;Gouache sobre papel&lt;\/p&gt;\" data-image-caption=\"\" data-large-file=\"https:\/\/i0.wp.com\/maissilva.com\/wp-content\/uploads\/2025\/08\/DMF.-Virginia-Mota.-Caderno-F.-5247.jpg?fit=1024%2C714&amp;ssl=1\" data-id=\"3223\" src=\"https:\/\/i0.wp.com\/maissilva.com\/wp-content\/uploads\/2025\/08\/DMF.-Virginia-Mota.-Caderno-F.-5247.jpg?resize=2250%2C1568&#038;ssl=1\" alt=\"\" class=\"wp-image-3223\" srcset=\"https:\/\/i0.wp.com\/maissilva.com\/wp-content\/uploads\/2025\/08\/DMF.-Virginia-Mota.-Caderno-F.-5247.jpg?w=2250&amp;ssl=1 2250w, https:\/\/i0.wp.com\/maissilva.com\/wp-content\/uploads\/2025\/08\/DMF.-Virginia-Mota.-Caderno-F.-5247.jpg?resize=300%2C209&amp;ssl=1 300w, https:\/\/i0.wp.com\/maissilva.com\/wp-content\/uploads\/2025\/08\/DMF.-Virginia-Mota.-Caderno-F.-5247.jpg?resize=1024%2C714&amp;ssl=1 1024w, https:\/\/i0.wp.com\/maissilva.com\/wp-content\/uploads\/2025\/08\/DMF.-Virginia-Mota.-Caderno-F.-5247.jpg?resize=768%2C535&amp;ssl=1 768w, https:\/\/i0.wp.com\/maissilva.com\/wp-content\/uploads\/2025\/08\/DMF.-Virginia-Mota.-Caderno-F.-5247.jpg?resize=1536%2C1070&amp;ssl=1 1536w, https:\/\/i0.wp.com\/maissilva.com\/wp-content\/uploads\/2025\/08\/DMF.-Virginia-Mota.-Caderno-F.-5247.jpg?resize=2048%2C1427&amp;ssl=1 2048w, https:\/\/i0.wp.com\/maissilva.com\/wp-content\/uploads\/2025\/08\/DMF.-Virginia-Mota.-Caderno-F.-5247.jpg?resize=18%2C12&amp;ssl=1 18w, https:\/\/i0.wp.com\/maissilva.com\/wp-content\/uploads\/2025\/08\/DMF.-Virginia-Mota.-Caderno-F.-5247.jpg?resize=1200%2C836&amp;ssl=1 1200w\" sizes=\"auto, (max-width: 1000px) 100vw, 1000px\" \/><\/figure>\n\n\n\n<figure class=\"wp-block-image size-full\"><img data-recalc-dims=\"1\" loading=\"lazy\" decoding=\"async\" width=\"2250\" height=\"1568\" data-attachment-id=\"3233\" data-permalink=\"https:\/\/maissilva.com\/en\/virginia-mota\/dmf-virginia-mota-caderno-f-5248\/\" data-orig-file=\"https:\/\/i0.wp.com\/maissilva.com\/wp-content\/uploads\/2025\/08\/DMF.-Virginia-Mota.-Caderno-F.-5248.jpg?fit=2250%2C1568&amp;ssl=1\" data-orig-size=\"2250,1568\" data-comments-opened=\"0\" data-image-meta=\"{&quot;aperture&quot;:&quot;0&quot;,&quot;credit&quot;:&quot;&quot;,&quot;camera&quot;:&quot;&quot;,&quot;caption&quot;:&quot;&quot;,&quot;created_timestamp&quot;:&quot;0&quot;,&quot;copyright&quot;:&quot;\\u00a9 2021 Daniel Malh\\u00e3o Fotografia (All Rights Reserved)&quot;,&quot;focal_length&quot;:&quot;0&quot;,&quot;iso&quot;:&quot;0&quot;,&quot;shutter_speed&quot;:&quot;0&quot;,&quot;title&quot;:&quot;&quot;,&quot;orientation&quot;:&quot;1&quot;}\" data-image-title=\"&amp;#8220;Atmos-Vapor&amp;#8221; &amp;#8211; Caderno F, Virg\u00ednia Mota\" data-image-description=\"&lt;p&gt;Livro de Artista&lt;br \/&gt;Gouache sobre papel&lt;\/p&gt;\" data-image-caption=\"\" data-large-file=\"https:\/\/i0.wp.com\/maissilva.com\/wp-content\/uploads\/2025\/08\/DMF.-Virginia-Mota.-Caderno-F.-5248.jpg?fit=1024%2C714&amp;ssl=1\" data-id=\"3233\" src=\"https:\/\/i0.wp.com\/maissilva.com\/wp-content\/uploads\/2025\/08\/DMF.-Virginia-Mota.-Caderno-F.-5248.jpg?resize=2250%2C1568&#038;ssl=1\" alt=\"\" class=\"wp-image-3233\" srcset=\"https:\/\/i0.wp.com\/maissilva.com\/wp-content\/uploads\/2025\/08\/DMF.-Virginia-Mota.-Caderno-F.-5248.jpg?w=2250&amp;ssl=1 2250w, https:\/\/i0.wp.com\/maissilva.com\/wp-content\/uploads\/2025\/08\/DMF.-Virginia-Mota.-Caderno-F.-5248.jpg?resize=300%2C209&amp;ssl=1 300w, https:\/\/i0.wp.com\/maissilva.com\/wp-content\/uploads\/2025\/08\/DMF.-Virginia-Mota.-Caderno-F.-5248.jpg?resize=1024%2C714&amp;ssl=1 1024w, https:\/\/i0.wp.com\/maissilva.com\/wp-content\/uploads\/2025\/08\/DMF.-Virginia-Mota.-Caderno-F.-5248.jpg?resize=768%2C535&amp;ssl=1 768w, https:\/\/i0.wp.com\/maissilva.com\/wp-content\/uploads\/2025\/08\/DMF.-Virginia-Mota.-Caderno-F.-5248.jpg?resize=1536%2C1070&amp;ssl=1 1536w, https:\/\/i0.wp.com\/maissilva.com\/wp-content\/uploads\/2025\/08\/DMF.-Virginia-Mota.-Caderno-F.-5248.jpg?resize=2048%2C1427&amp;ssl=1 2048w, https:\/\/i0.wp.com\/maissilva.com\/wp-content\/uploads\/2025\/08\/DMF.-Virginia-Mota.-Caderno-F.-5248.jpg?resize=18%2C12&amp;ssl=1 18w, https:\/\/i0.wp.com\/maissilva.com\/wp-content\/uploads\/2025\/08\/DMF.-Virginia-Mota.-Caderno-F.-5248.jpg?resize=1200%2C836&amp;ssl=1 1200w\" sizes=\"auto, (max-width: 1000px) 100vw, 1000px\" \/><\/figure>\n\n\n\n<figure class=\"wp-block-image size-full\"><img data-recalc-dims=\"1\" loading=\"lazy\" decoding=\"async\" width=\"2250\" height=\"1568\" data-attachment-id=\"3247\" data-permalink=\"https:\/\/maissilva.com\/en\/virginia-mota\/dmf-virginia-mota-caderno-f-5249\/\" data-orig-file=\"https:\/\/i0.wp.com\/maissilva.com\/wp-content\/uploads\/2025\/08\/DMF.-Virginia-Mota.-Caderno-F.-5249.jpg?fit=2250%2C1568&amp;ssl=1\" data-orig-size=\"2250,1568\" data-comments-opened=\"0\" data-image-meta=\"{&quot;aperture&quot;:&quot;0&quot;,&quot;credit&quot;:&quot;&quot;,&quot;camera&quot;:&quot;&quot;,&quot;caption&quot;:&quot;&quot;,&quot;created_timestamp&quot;:&quot;0&quot;,&quot;copyright&quot;:&quot;\\u00a9 2021 Daniel Malh\\u00e3o Fotografia (All Rights Reserved)&quot;,&quot;focal_length&quot;:&quot;0&quot;,&quot;iso&quot;:&quot;0&quot;,&quot;shutter_speed&quot;:&quot;0&quot;,&quot;title&quot;:&quot;&quot;,&quot;orientation&quot;:&quot;1&quot;}\" data-image-title=\"&amp;#8220;Atmos-Vapor&amp;#8221; &amp;#8211; Caderno F, Virg\u00ednia Mota\" data-image-description=\"&lt;p&gt;Livro de Artista&lt;br \/&gt;Gouache sobre papel&lt;\/p&gt;\" data-image-caption=\"\" data-large-file=\"https:\/\/i0.wp.com\/maissilva.com\/wp-content\/uploads\/2025\/08\/DMF.-Virginia-Mota.-Caderno-F.-5249.jpg?fit=1024%2C714&amp;ssl=1\" data-id=\"3247\" src=\"https:\/\/i0.wp.com\/maissilva.com\/wp-content\/uploads\/2025\/08\/DMF.-Virginia-Mota.-Caderno-F.-5249.jpg?resize=2250%2C1568&#038;ssl=1\" alt=\"\" class=\"wp-image-3247\" srcset=\"https:\/\/i0.wp.com\/maissilva.com\/wp-content\/uploads\/2025\/08\/DMF.-Virginia-Mota.-Caderno-F.-5249.jpg?w=2250&amp;ssl=1 2250w, https:\/\/i0.wp.com\/maissilva.com\/wp-content\/uploads\/2025\/08\/DMF.-Virginia-Mota.-Caderno-F.-5249.jpg?resize=300%2C209&amp;ssl=1 300w, https:\/\/i0.wp.com\/maissilva.com\/wp-content\/uploads\/2025\/08\/DMF.-Virginia-Mota.-Caderno-F.-5249.jpg?resize=1024%2C714&amp;ssl=1 1024w, https:\/\/i0.wp.com\/maissilva.com\/wp-content\/uploads\/2025\/08\/DMF.-Virginia-Mota.-Caderno-F.-5249.jpg?resize=768%2C535&amp;ssl=1 768w, https:\/\/i0.wp.com\/maissilva.com\/wp-content\/uploads\/2025\/08\/DMF.-Virginia-Mota.-Caderno-F.-5249.jpg?resize=1536%2C1070&amp;ssl=1 1536w, https:\/\/i0.wp.com\/maissilva.com\/wp-content\/uploads\/2025\/08\/DMF.-Virginia-Mota.-Caderno-F.-5249.jpg?resize=2048%2C1427&amp;ssl=1 2048w, https:\/\/i0.wp.com\/maissilva.com\/wp-content\/uploads\/2025\/08\/DMF.-Virginia-Mota.-Caderno-F.-5249.jpg?resize=18%2C12&amp;ssl=1 18w, https:\/\/i0.wp.com\/maissilva.com\/wp-content\/uploads\/2025\/08\/DMF.-Virginia-Mota.-Caderno-F.-5249.jpg?resize=1200%2C836&amp;ssl=1 1200w\" sizes=\"auto, (max-width: 1000px) 100vw, 1000px\" \/><\/figure>\n\n\n\n<figure class=\"wp-block-image size-full\"><img data-recalc-dims=\"1\" loading=\"lazy\" decoding=\"async\" width=\"2250\" height=\"1568\" data-attachment-id=\"3224\" data-permalink=\"https:\/\/maissilva.com\/en\/virginia-mota\/dmf-virginia-mota-caderno-g-5250\/\" data-orig-file=\"https:\/\/i0.wp.com\/maissilva.com\/wp-content\/uploads\/2025\/08\/DMF.-Virginia-Mota.-Caderno-G.-5250.jpg?fit=2250%2C1568&amp;ssl=1\" data-orig-size=\"2250,1568\" data-comments-opened=\"0\" data-image-meta=\"{&quot;aperture&quot;:&quot;0&quot;,&quot;credit&quot;:&quot;&quot;,&quot;camera&quot;:&quot;&quot;,&quot;caption&quot;:&quot;&quot;,&quot;created_timestamp&quot;:&quot;0&quot;,&quot;copyright&quot;:&quot;\\u00a9 2021 Daniel Malh\\u00e3o Fotografia (All Rights Reserved)&quot;,&quot;focal_length&quot;:&quot;0&quot;,&quot;iso&quot;:&quot;0&quot;,&quot;shutter_speed&quot;:&quot;0&quot;,&quot;title&quot;:&quot;&quot;,&quot;orientation&quot;:&quot;1&quot;}\" data-image-title=\"&amp;#8220;Atmos-Vapor&amp;#8221; &amp;#8211; Caderno G, Virg\u00ednia Mota\" data-image-description=\"&lt;p&gt;Livro de Artista&lt;br \/&gt;Gouache sobre papel&lt;\/p&gt;\" data-image-caption=\"\" data-large-file=\"https:\/\/i0.wp.com\/maissilva.com\/wp-content\/uploads\/2025\/08\/DMF.-Virginia-Mota.-Caderno-G.-5250.jpg?fit=1024%2C714&amp;ssl=1\" data-id=\"3224\" src=\"https:\/\/i0.wp.com\/maissilva.com\/wp-content\/uploads\/2025\/08\/DMF.-Virginia-Mota.-Caderno-G.-5250.jpg?resize=2250%2C1568&#038;ssl=1\" alt=\"\" class=\"wp-image-3224\" srcset=\"https:\/\/i0.wp.com\/maissilva.com\/wp-content\/uploads\/2025\/08\/DMF.-Virginia-Mota.-Caderno-G.-5250.jpg?w=2250&amp;ssl=1 2250w, https:\/\/i0.wp.com\/maissilva.com\/wp-content\/uploads\/2025\/08\/DMF.-Virginia-Mota.-Caderno-G.-5250.jpg?resize=300%2C209&amp;ssl=1 300w, https:\/\/i0.wp.com\/maissilva.com\/wp-content\/uploads\/2025\/08\/DMF.-Virginia-Mota.-Caderno-G.-5250.jpg?resize=1024%2C714&amp;ssl=1 1024w, https:\/\/i0.wp.com\/maissilva.com\/wp-content\/uploads\/2025\/08\/DMF.-Virginia-Mota.-Caderno-G.-5250.jpg?resize=768%2C535&amp;ssl=1 768w, https:\/\/i0.wp.com\/maissilva.com\/wp-content\/uploads\/2025\/08\/DMF.-Virginia-Mota.-Caderno-G.-5250.jpg?resize=1536%2C1070&amp;ssl=1 1536w, https:\/\/i0.wp.com\/maissilva.com\/wp-content\/uploads\/2025\/08\/DMF.-Virginia-Mota.-Caderno-G.-5250.jpg?resize=2048%2C1427&amp;ssl=1 2048w, https:\/\/i0.wp.com\/maissilva.com\/wp-content\/uploads\/2025\/08\/DMF.-Virginia-Mota.-Caderno-G.-5250.jpg?resize=18%2C12&amp;ssl=1 18w, https:\/\/i0.wp.com\/maissilva.com\/wp-content\/uploads\/2025\/08\/DMF.-Virginia-Mota.-Caderno-G.-5250.jpg?resize=1200%2C836&amp;ssl=1 1200w\" sizes=\"auto, (max-width: 1000px) 100vw, 1000px\" \/><\/figure>\n\n\n\n<figure class=\"wp-block-image size-full\"><img data-recalc-dims=\"1\" loading=\"lazy\" decoding=\"async\" width=\"2250\" height=\"1568\" data-attachment-id=\"3232\" data-permalink=\"https:\/\/maissilva.com\/en\/virginia-mota\/dmf-virginia-mota-caderno-h-5251-2\/\" data-orig-file=\"https:\/\/i0.wp.com\/maissilva.com\/wp-content\/uploads\/2025\/08\/DMF.-Virginia-Mota.-Caderno-H.-5251-1.jpg?fit=2250%2C1568&amp;ssl=1\" data-orig-size=\"2250,1568\" data-comments-opened=\"0\" data-image-meta=\"{&quot;aperture&quot;:&quot;0&quot;,&quot;credit&quot;:&quot;&quot;,&quot;camera&quot;:&quot;&quot;,&quot;caption&quot;:&quot;&quot;,&quot;created_timestamp&quot;:&quot;0&quot;,&quot;copyright&quot;:&quot;\\u00a9 2021 Daniel Malh\\u00e3o Fotografia (All Rights Reserved)&quot;,&quot;focal_length&quot;:&quot;0&quot;,&quot;iso&quot;:&quot;0&quot;,&quot;shutter_speed&quot;:&quot;0&quot;,&quot;title&quot;:&quot;&quot;,&quot;orientation&quot;:&quot;1&quot;}\" data-image-title=\"&amp;#8220;Atmos-Vapor&amp;#8221; &amp;#8211; Caderno H, Virg\u00ednia Mota\" data-image-description=\"&lt;p&gt;Livro de Artista&lt;br \/&gt;Gouache sobre papel&lt;\/p&gt;\" data-image-caption=\"\" data-large-file=\"https:\/\/i0.wp.com\/maissilva.com\/wp-content\/uploads\/2025\/08\/DMF.-Virginia-Mota.-Caderno-H.-5251-1.jpg?fit=1024%2C714&amp;ssl=1\" data-id=\"3232\" src=\"https:\/\/i0.wp.com\/maissilva.com\/wp-content\/uploads\/2025\/08\/DMF.-Virginia-Mota.-Caderno-H.-5251-1.jpg?resize=2250%2C1568&#038;ssl=1\" alt=\"\" class=\"wp-image-3232\" srcset=\"https:\/\/i0.wp.com\/maissilva.com\/wp-content\/uploads\/2025\/08\/DMF.-Virginia-Mota.-Caderno-H.-5251-1.jpg?w=2250&amp;ssl=1 2250w, https:\/\/i0.wp.com\/maissilva.com\/wp-content\/uploads\/2025\/08\/DMF.-Virginia-Mota.-Caderno-H.-5251-1.jpg?resize=300%2C209&amp;ssl=1 300w, https:\/\/i0.wp.com\/maissilva.com\/wp-content\/uploads\/2025\/08\/DMF.-Virginia-Mota.-Caderno-H.-5251-1.jpg?resize=1024%2C714&amp;ssl=1 1024w, https:\/\/i0.wp.com\/maissilva.com\/wp-content\/uploads\/2025\/08\/DMF.-Virginia-Mota.-Caderno-H.-5251-1.jpg?resize=768%2C535&amp;ssl=1 768w, https:\/\/i0.wp.com\/maissilva.com\/wp-content\/uploads\/2025\/08\/DMF.-Virginia-Mota.-Caderno-H.-5251-1.jpg?resize=1536%2C1070&amp;ssl=1 1536w, https:\/\/i0.wp.com\/maissilva.com\/wp-content\/uploads\/2025\/08\/DMF.-Virginia-Mota.-Caderno-H.-5251-1.jpg?resize=2048%2C1427&amp;ssl=1 2048w, https:\/\/i0.wp.com\/maissilva.com\/wp-content\/uploads\/2025\/08\/DMF.-Virginia-Mota.-Caderno-H.-5251-1.jpg?resize=18%2C12&amp;ssl=1 18w, https:\/\/i0.wp.com\/maissilva.com\/wp-content\/uploads\/2025\/08\/DMF.-Virginia-Mota.-Caderno-H.-5251-1.jpg?resize=1200%2C836&amp;ssl=1 1200w\" sizes=\"auto, (max-width: 1000px) 100vw, 1000px\" \/><\/figure>\n\n\n\n<figure class=\"wp-block-image size-full\"><img data-recalc-dims=\"1\" loading=\"lazy\" decoding=\"async\" width=\"2250\" height=\"1568\" data-attachment-id=\"3229\" data-permalink=\"https:\/\/maissilva.com\/en\/virginia-mota\/dmf-virginia-mota-caderno-h-5252\/\" data-orig-file=\"https:\/\/i0.wp.com\/maissilva.com\/wp-content\/uploads\/2025\/08\/DMF.-Virginia-Mota.-Caderno-H.-5252.jpg?fit=2250%2C1568&amp;ssl=1\" data-orig-size=\"2250,1568\" data-comments-opened=\"0\" data-image-meta=\"{&quot;aperture&quot;:&quot;0&quot;,&quot;credit&quot;:&quot;&quot;,&quot;camera&quot;:&quot;&quot;,&quot;caption&quot;:&quot;&quot;,&quot;created_timestamp&quot;:&quot;0&quot;,&quot;copyright&quot;:&quot;\\u00a9 2021 Daniel Malh\\u00e3o Fotografia (All Rights Reserved)&quot;,&quot;focal_length&quot;:&quot;0&quot;,&quot;iso&quot;:&quot;0&quot;,&quot;shutter_speed&quot;:&quot;0&quot;,&quot;title&quot;:&quot;&quot;,&quot;orientation&quot;:&quot;1&quot;}\" data-image-title=\"&amp;#8220;Atmos-Vapor&amp;#8221; &amp;#8211; Caderno H, Virg\u00ednia Mota\" data-image-description=\"&lt;p&gt;Livro de Artista&lt;br \/&gt;Gouache sobre papel&lt;\/p&gt;\" data-image-caption=\"\" data-large-file=\"https:\/\/i0.wp.com\/maissilva.com\/wp-content\/uploads\/2025\/08\/DMF.-Virginia-Mota.-Caderno-H.-5252.jpg?fit=1024%2C714&amp;ssl=1\" data-id=\"3229\" src=\"https:\/\/i0.wp.com\/maissilva.com\/wp-content\/uploads\/2025\/08\/DMF.-Virginia-Mota.-Caderno-H.-5252.jpg?resize=2250%2C1568&#038;ssl=1\" alt=\"\" class=\"wp-image-3229\" srcset=\"https:\/\/i0.wp.com\/maissilva.com\/wp-content\/uploads\/2025\/08\/DMF.-Virginia-Mota.-Caderno-H.-5252.jpg?w=2250&amp;ssl=1 2250w, https:\/\/i0.wp.com\/maissilva.com\/wp-content\/uploads\/2025\/08\/DMF.-Virginia-Mota.-Caderno-H.-5252.jpg?resize=300%2C209&amp;ssl=1 300w, https:\/\/i0.wp.com\/maissilva.com\/wp-content\/uploads\/2025\/08\/DMF.-Virginia-Mota.-Caderno-H.-5252.jpg?resize=1024%2C714&amp;ssl=1 1024w, https:\/\/i0.wp.com\/maissilva.com\/wp-content\/uploads\/2025\/08\/DMF.-Virginia-Mota.-Caderno-H.-5252.jpg?resize=768%2C535&amp;ssl=1 768w, https:\/\/i0.wp.com\/maissilva.com\/wp-content\/uploads\/2025\/08\/DMF.-Virginia-Mota.-Caderno-H.-5252.jpg?resize=1536%2C1070&amp;ssl=1 1536w, https:\/\/i0.wp.com\/maissilva.com\/wp-content\/uploads\/2025\/08\/DMF.-Virginia-Mota.-Caderno-H.-5252.jpg?resize=2048%2C1427&amp;ssl=1 2048w, https:\/\/i0.wp.com\/maissilva.com\/wp-content\/uploads\/2025\/08\/DMF.-Virginia-Mota.-Caderno-H.-5252.jpg?resize=18%2C12&amp;ssl=1 18w, https:\/\/i0.wp.com\/maissilva.com\/wp-content\/uploads\/2025\/08\/DMF.-Virginia-Mota.-Caderno-H.-5252.jpg?resize=1200%2C836&amp;ssl=1 1200w\" sizes=\"auto, (max-width: 1000px) 100vw, 1000px\" \/><\/figure>\n\n\n\n<figure class=\"wp-block-image size-full\"><img data-recalc-dims=\"1\" loading=\"lazy\" decoding=\"async\" width=\"2250\" height=\"1568\" data-attachment-id=\"3234\" data-permalink=\"https:\/\/maissilva.com\/en\/virginia-mota\/dmf-virginia-mota-caderno-h-5253\/\" data-orig-file=\"https:\/\/i0.wp.com\/maissilva.com\/wp-content\/uploads\/2025\/08\/DMF.-Virginia-Mota.-Caderno-H.-5253.jpg?fit=2250%2C1568&amp;ssl=1\" data-orig-size=\"2250,1568\" data-comments-opened=\"0\" data-image-meta=\"{&quot;aperture&quot;:&quot;0&quot;,&quot;credit&quot;:&quot;&quot;,&quot;camera&quot;:&quot;&quot;,&quot;caption&quot;:&quot;&quot;,&quot;created_timestamp&quot;:&quot;0&quot;,&quot;copyright&quot;:&quot;\\u00a9 2021 Daniel Malh\\u00e3o Fotografia (All Rights Reserved)&quot;,&quot;focal_length&quot;:&quot;0&quot;,&quot;iso&quot;:&quot;0&quot;,&quot;shutter_speed&quot;:&quot;0&quot;,&quot;title&quot;:&quot;&quot;,&quot;orientation&quot;:&quot;1&quot;}\" data-image-title=\"&amp;#8220;Atmos-Vapor&amp;#8221; &amp;#8211; Caderno H, Virg\u00ednia Mota\" data-image-description=\"&lt;p&gt;Livro de Artista&lt;br \/&gt;Gouache sobre papel&lt;\/p&gt;\" data-image-caption=\"\" data-large-file=\"https:\/\/i0.wp.com\/maissilva.com\/wp-content\/uploads\/2025\/08\/DMF.-Virginia-Mota.-Caderno-H.-5253.jpg?fit=1024%2C714&amp;ssl=1\" data-id=\"3234\" src=\"https:\/\/i0.wp.com\/maissilva.com\/wp-content\/uploads\/2025\/08\/DMF.-Virginia-Mota.-Caderno-H.-5253.jpg?resize=2250%2C1568&#038;ssl=1\" alt=\"\" class=\"wp-image-3234\" srcset=\"https:\/\/i0.wp.com\/maissilva.com\/wp-content\/uploads\/2025\/08\/DMF.-Virginia-Mota.-Caderno-H.-5253.jpg?w=2250&amp;ssl=1 2250w, https:\/\/i0.wp.com\/maissilva.com\/wp-content\/uploads\/2025\/08\/DMF.-Virginia-Mota.-Caderno-H.-5253.jpg?resize=300%2C209&amp;ssl=1 300w, https:\/\/i0.wp.com\/maissilva.com\/wp-content\/uploads\/2025\/08\/DMF.-Virginia-Mota.-Caderno-H.-5253.jpg?resize=1024%2C714&amp;ssl=1 1024w, https:\/\/i0.wp.com\/maissilva.com\/wp-content\/uploads\/2025\/08\/DMF.-Virginia-Mota.-Caderno-H.-5253.jpg?resize=768%2C535&amp;ssl=1 768w, https:\/\/i0.wp.com\/maissilva.com\/wp-content\/uploads\/2025\/08\/DMF.-Virginia-Mota.-Caderno-H.-5253.jpg?resize=1536%2C1070&amp;ssl=1 1536w, https:\/\/i0.wp.com\/maissilva.com\/wp-content\/uploads\/2025\/08\/DMF.-Virginia-Mota.-Caderno-H.-5253.jpg?resize=2048%2C1427&amp;ssl=1 2048w, https:\/\/i0.wp.com\/maissilva.com\/wp-content\/uploads\/2025\/08\/DMF.-Virginia-Mota.-Caderno-H.-5253.jpg?resize=18%2C12&amp;ssl=1 18w, https:\/\/i0.wp.com\/maissilva.com\/wp-content\/uploads\/2025\/08\/DMF.-Virginia-Mota.-Caderno-H.-5253.jpg?resize=1200%2C836&amp;ssl=1 1200w\" sizes=\"auto, (max-width: 1000px) 100vw, 1000px\" \/><\/figure>\n\n\n\n<figure class=\"wp-block-image size-full\"><img data-recalc-dims=\"1\" loading=\"lazy\" decoding=\"async\" width=\"2250\" height=\"1568\" data-attachment-id=\"3240\" data-permalink=\"https:\/\/maissilva.com\/en\/virginia-mota\/dmf-virginia-mota-caderno-i-5254\/\" data-orig-file=\"https:\/\/i0.wp.com\/maissilva.com\/wp-content\/uploads\/2025\/08\/DMF.-Virginia-Mota.-Caderno-I.-5254.jpg?fit=2250%2C1568&amp;ssl=1\" data-orig-size=\"2250,1568\" data-comments-opened=\"0\" data-image-meta=\"{&quot;aperture&quot;:&quot;0&quot;,&quot;credit&quot;:&quot;&quot;,&quot;camera&quot;:&quot;&quot;,&quot;caption&quot;:&quot;&quot;,&quot;created_timestamp&quot;:&quot;0&quot;,&quot;copyright&quot;:&quot;\\u00a9 2021 Daniel Malh\\u00e3o Fotografia (All Rights Reserved)&quot;,&quot;focal_length&quot;:&quot;0&quot;,&quot;iso&quot;:&quot;0&quot;,&quot;shutter_speed&quot;:&quot;0&quot;,&quot;title&quot;:&quot;&quot;,&quot;orientation&quot;:&quot;1&quot;}\" data-image-title=\"&amp;#8220;Atmos-Vapor&amp;#8221; &amp;#8211; Caderno I, Virg\u00ednia Mota\" data-image-description=\"&lt;p&gt;Livro de Artista&lt;br \/&gt;Gouache sobre papel&lt;\/p&gt;\" data-image-caption=\"\" data-large-file=\"https:\/\/i0.wp.com\/maissilva.com\/wp-content\/uploads\/2025\/08\/DMF.-Virginia-Mota.-Caderno-I.-5254.jpg?fit=1024%2C714&amp;ssl=1\" data-id=\"3240\" src=\"https:\/\/i0.wp.com\/maissilva.com\/wp-content\/uploads\/2025\/08\/DMF.-Virginia-Mota.-Caderno-I.-5254.jpg?resize=2250%2C1568&#038;ssl=1\" alt=\"\" class=\"wp-image-3240\" srcset=\"https:\/\/i0.wp.com\/maissilva.com\/wp-content\/uploads\/2025\/08\/DMF.-Virginia-Mota.-Caderno-I.-5254.jpg?w=2250&amp;ssl=1 2250w, https:\/\/i0.wp.com\/maissilva.com\/wp-content\/uploads\/2025\/08\/DMF.-Virginia-Mota.-Caderno-I.-5254.jpg?resize=300%2C209&amp;ssl=1 300w, https:\/\/i0.wp.com\/maissilva.com\/wp-content\/uploads\/2025\/08\/DMF.-Virginia-Mota.-Caderno-I.-5254.jpg?resize=1024%2C714&amp;ssl=1 1024w, https:\/\/i0.wp.com\/maissilva.com\/wp-content\/uploads\/2025\/08\/DMF.-Virginia-Mota.-Caderno-I.-5254.jpg?resize=768%2C535&amp;ssl=1 768w, https:\/\/i0.wp.com\/maissilva.com\/wp-content\/uploads\/2025\/08\/DMF.-Virginia-Mota.-Caderno-I.-5254.jpg?resize=1536%2C1070&amp;ssl=1 1536w, https:\/\/i0.wp.com\/maissilva.com\/wp-content\/uploads\/2025\/08\/DMF.-Virginia-Mota.-Caderno-I.-5254.jpg?resize=2048%2C1427&amp;ssl=1 2048w, https:\/\/i0.wp.com\/maissilva.com\/wp-content\/uploads\/2025\/08\/DMF.-Virginia-Mota.-Caderno-I.-5254.jpg?resize=18%2C12&amp;ssl=1 18w, https:\/\/i0.wp.com\/maissilva.com\/wp-content\/uploads\/2025\/08\/DMF.-Virginia-Mota.-Caderno-I.-5254.jpg?resize=1200%2C836&amp;ssl=1 1200w\" sizes=\"auto, (max-width: 1000px) 100vw, 1000px\" \/><\/figure>\n<\/figure>\n<\/div>\n<\/div>\n\n\n\n<div class=\"wp-block-columns is-layout-flex wp-container-core-columns-is-layout-7387b849 wp-block-columns-is-layout-flex\">\n<div class=\"wp-block-column is-layout-flow wp-block-column-is-layout-flow\" style=\"flex-basis:15%\">\n<h1 class=\"wp-block-heading\" style=\"font-size:20px\">PRESS<\/h1>\n<\/div>\n\n\n\n<div class=\"wp-block-column is-layout-flow wp-block-column-is-layout-flow\" style=\"flex-basis:66.66%\">\n<div class=\"wp-block-group is-nowrap is-layout-flex wp-container-core-group-is-layout-7387b849 wp-block-group-is-layout-flex\">\n<p class=\"wp-block-paragraph\" style=\"font-size:12px\"><em><strong>Foi um o\u00e1sis secreto em Lisboa e chamava-se Avenida 211,<\/strong><\/em> por Jos\u00e9 Marmeleira. P\u00fablico, Novembro 2025<\/p>\n\n\n\n<p class=\"has-text-align-right wp-block-paragraph\" style=\"font-size:12px;text-decoration:underline\"><a href=\"https:\/\/www.publico.pt\/2025\/11\/21\/culturaipsilon\/critica\/oasis-secreto-lisboa-chamavase-avenida-211-2154927?fbclid=IwZXh0bgNhZW0CMTAAc3J0YwZhcHBfaWQQMjIyMDM5MTc4ODIwMDg5MgABHsGBLn9CltOMfgMyHieRHsdmar2Emws3yFSuq7zBY77NW1pp9cQlCnKSzQKT_aem_NCgTHLn3qWtbDUHqRL8eSg#\" data-type=\"link\" data-id=\"https:\/\/www.publico.pt\/2025\/11\/21\/culturaipsilon\/critica\/oasis-secreto-lisboa-chamavase-avenida-211-2154927?fbclid=IwZXh0bgNhZW0CMTAAc3J0YwZhcHBfaWQQMjIyMDM5MTc4ODIwMDg5MgABHsGBLn9CltOMfgMyHieRHsdmar2Emws3yFSuq7zBY77NW1pp9cQlCnKSzQKT_aem_NCgTHLn3qWtbDUHqRL8eSg#\">READ ARTICLE (PT)<\/a><\/p>\n<\/div>\n<\/div>\n<\/div>\n\n\n\n<div style=\"height:40px\" aria-hidden=\"true\" class=\"wp-block-spacer\"><\/div>","protected":false},"excerpt":{"rendered":"<p>BIO Virg\u00ednia Mota&nbsp;(Matosinhos, 1976). \u00c9 doutorada em Arte e Cultura Contempor\u00e2nea pela Universidade do Estado do Rio de Janeiro e [&hellip;]<\/p>\n","protected":false},"author":261956866,"featured_media":0,"parent":0,"menu_order":0,"comment_status":"closed","ping_status":"closed","template":"","meta":{"_crdt_document":"","_uag_custom_page_level_css":"","site-sidebar-layout":"default","site-content-layout":"","ast-site-content-layout":"default","site-content-style":"default","site-sidebar-style":"default","ast-global-header-display":"","ast-banner-title-visibility":"","ast-main-header-display":"","ast-hfb-above-header-display":"","ast-hfb-below-header-display":"","ast-hfb-mobile-header-display":"","site-post-title":"","ast-breadcrumbs-content":"","ast-featured-img":"","footer-sml-layout":"","theme-transparent-header-meta":"","adv-header-id-meta":"","stick-header-meta":"","header-above-stick-meta":"","header-main-stick-meta":"","header-below-stick-meta":"","astra-migrate-meta-layouts":"default","ast-page-background-enabled":"default","ast-page-background-meta":{"desktop":{"background-color":"var(--ast-global-color-5)","background-image":"","background-repeat":"repeat","background-position":"center center","background-size":"auto","background-attachment":"scroll","background-type":"","background-media":"","overlay-type":"","overlay-color":"","overlay-opacity":"","overlay-gradient":""},"tablet":{"background-color":"","background-image":"","background-repeat":"repeat","background-position":"center center","background-size":"auto","background-attachment":"scroll","background-type":"","background-media":"","overlay-type":"","overlay-color":"","overlay-opacity":"","overlay-gradient":""},"mobile":{"background-color":"","background-image":"","background-repeat":"repeat","background-position":"center center","background-size":"auto","background-attachment":"scroll","background-type":"","background-media":"","overlay-type":"","overlay-color":"","overlay-opacity":"","overlay-gradient":""}},"ast-content-background-meta":{"desktop":{"background-color":"var(--ast-global-color-4)","background-image":"","background-repeat":"repeat","background-position":"center center","background-size":"auto","background-attachment":"scroll","background-type":"","background-media":"","overlay-type":"","overlay-color":"","overlay-opacity":"","overlay-gradient":""},"tablet":{"background-color":"var(--ast-global-color-4)","background-image":"","background-repeat":"repeat","background-position":"center center","background-size":"auto","background-attachment":"scroll","background-type":"","background-media":"","overlay-type":"","overlay-color":"","overlay-opacity":"","overlay-gradient":""},"mobile":{"background-color":"var(--ast-global-color-4)","background-image":"","background-repeat":"repeat","background-position":"center center","background-size":"auto","background-attachment":"scroll","background-type":"","background-media":"","overlay-type":"","overlay-color":"","overlay-opacity":"","overlay-gradient":""}},"advanced_seo_description":"","jetpack_seo_html_title":"","jetpack_seo_noindex":false,"footnotes":""},"class_list":["post-1577","page","type-page","status-publish","hentry"],"uagb_featured_image_src":{"full":false,"thumbnail":false,"medium":false,"medium_large":false,"large":false,"1536x1536":false,"2048x2048":false,"trp-custom-language-flag":false,"newspack-article-block-landscape-large":false,"newspack-article-block-portrait-large":false,"newspack-article-block-square-large":false,"newspack-article-block-landscape-medium":false,"newspack-article-block-portrait-medium":false,"newspack-article-block-square-medium":false,"newspack-article-block-landscape-intermediate":false,"newspack-article-block-portrait-intermediate":false,"newspack-article-block-square-intermediate":false,"newspack-article-block-landscape-small":false,"newspack-article-block-portrait-small":false,"newspack-article-block-square-small":false,"newspack-article-block-landscape-tiny":false,"newspack-article-block-portrait-tiny":false,"newspack-article-block-square-tiny":false,"newspack-article-block-uncropped":false},"uagb_author_info":{"display_name":"galleryc786b5a476","author_link":"https:\/\/maissilva.com\/en\/author\/galleryc786b5a476\/"},"uagb_comment_info":0,"uagb_excerpt":"BIO Virg\u00ednia Mota&nbsp;(Matosinhos, 1976). \u00c9 doutorada em Arte e Cultura Contempor\u00e2nea pela Universidade do Estado do Rio de Janeiro e [&hellip;]","jetpack_likes_enabled":true,"jetpack_sharing_enabled":true,"jetpack_shortlink":"https:\/\/wp.me\/PglIbe-pr","_links":{"self":[{"href":"https:\/\/maissilva.com\/en\/wp-json\/wp\/v2\/pages\/1577","targetHints":{"allow":["GET"]}}],"collection":[{"href":"https:\/\/maissilva.com\/en\/wp-json\/wp\/v2\/pages"}],"about":[{"href":"https:\/\/maissilva.com\/en\/wp-json\/wp\/v2\/types\/page"}],"author":[{"embeddable":true,"href":"https:\/\/maissilva.com\/en\/wp-json\/wp\/v2\/users\/261956866"}],"replies":[{"embeddable":true,"href":"https:\/\/maissilva.com\/en\/wp-json\/wp\/v2\/comments?post=1577"}],"version-history":[{"count":50,"href":"https:\/\/maissilva.com\/en\/wp-json\/wp\/v2\/pages\/1577\/revisions"}],"predecessor-version":[{"id":4435,"href":"https:\/\/maissilva.com\/en\/wp-json\/wp\/v2\/pages\/1577\/revisions\/4435"}],"wp:attachment":[{"href":"https:\/\/maissilva.com\/en\/wp-json\/wp\/v2\/media?parent=1577"}],"curies":[{"name":"wp","href":"https:\/\/api.w.org\/{rel}","templated":true}]}}